{"id":531,"date":"2022-09-27T09:44:09","date_gmt":"2022-09-27T07:44:09","guid":{"rendered":"https:\/\/taufers-fussball.com\/?page_id=531"},"modified":"2024-08-14T14:25:17","modified_gmt":"2024-08-14T12:25:17","slug":"der-verein","status":"publish","type":"page","link":"https:\/\/taufers-fussball.com\/index.php\/der-verein\/","title":{"rendered":"Die Sektion Fussball"},"content":{"rendered":"<p>[et_pb_section fb_built=&#8220;1&#8243; fullwidth=&#8220;on&#8220; admin_label=&#8220;Header&#8220; _builder_version=&#8220;4.16&#8243; background_color=&#8220;#b7b9c7&#8243; custom_padding=&#8220;0px|0|0px|0px|false|false&#8220; global_colors_info=&#8220;{}&#8220;][et_pb_fullwidth_header title=&#8220;Unser Verein&#8220; text_orientation=&#8220;center&#8220; background_overlay_color=&#8220;rgba(0,0,0,0.3)&#8220; _builder_version=&#8220;4.18.0&#8243; title_font=&#8220;Noto Serif|700|||||||&#8220; title_text_align=&#8220;center&#8220; title_font_size=&#8220;4vw&#8220; title_line_height=&#8220;1.1em&#8220; content_font=&#8220;Noto Serif|700|||||||&#8220; content_text_align=&#8220;left&#8220; content_font_size=&#8220;32px&#8220; subhead_font=&#8220;||||||||&#8220; subhead_text_align=&#8220;center&#8220; subhead_font_size=&#8220;30px&#8220; subhead_line_height=&#8220;2em&#8220; background_color=&#8220;rgba(255,255,255,0)&#8220; background_image=&#8220;https:\/\/taufers-fussball.com\/wp-content\/uploads\/2022\/09\/Header-2-scaled.jpg&#8220; parallax=&#8220;on&#8220; parallax_method=&#8220;on&#8220; custom_button_one=&#8220;on&#8220; button_one_text_size=&#8220;17px&#8220; button_one_text_color=&#8220;#FFFFFF&#8220; button_one_bg_color=&#8220;#225069&#8243; button_one_border_width=&#8220;7px&#8220; button_one_border_color=&#8220;#225069&#8243; button_one_border_radius=&#8220;100px&#8220; button_one_font=&#8220;Noto Sans|700||on|||||&#8220; button_one_use_icon=&#8220;off&#8220; custom_margin=&#8220;|||&#8220; custom_margin_tablet=&#8220;|||&#8220; custom_margin_phone=&#8220;|||&#8220; custom_margin_last_edited=&#8220;on|tablet&#8220; custom_padding=&#8220;270px||320px||false|false&#8220; custom_padding_tablet=&#8220;||||false|false&#8220; custom_padding_phone=&#8220;&#8220; custom_padding_last_edited=&#8220;on|phone&#8220; animation_style=&#8220;fade&#8220; animation_direction=&#8220;top&#8220; title_font_size_tablet=&#8220;6vw&#8220; title_font_size_phone=&#8220;35px&#8220; title_font_size_last_edited=&#8220;on|phone&#8220; subhead_font_size_tablet=&#8220;&#8220; subhead_font_size_phone=&#8220;20px&#8220; subhead_font_size_last_edited=&#8220;on|desktop&#8220; subhead_line_height_tablet=&#8220;&#8220; subhead_line_height_phone=&#8220;1.5em&#8220; subhead_line_height_last_edited=&#8220;on|phone&#8220; button_one_text_color_hover=&#8220;#ffffff&#8220; button_one_border_color_hover=&#8220;#ff9e59&#8243; button_one_border_radius_hover=&#8220;100px&#8220; button_one_bg_color_hover=&#8220;#ff9e59&#8243; global_colors_info=&#8220;{}&#8220; button_one_text_size__hover_enabled=&#8220;off&#8220; button_two_text_size__hover_enabled=&#8220;off&#8220; button_one_text_color__hover_enabled=&#8220;on&#8220; button_one_text_color__hover=&#8220;#ffffff&#8220; button_two_text_color__hover_enabled=&#8220;off&#8220; button_one_border_width__hover_enabled=&#8220;off&#8220; button_two_border_width__hover_enabled=&#8220;off&#8220; button_one_border_color__hover_enabled=&#8220;on|desktop&#8220; button_one_border_color__hover=&#8220;#87241E&#8220; button_two_border_color__hover_enabled=&#8220;off&#8220; button_one_border_radius__hover_enabled=&#8220;on&#8220; button_one_border_radius__hover=&#8220;100px&#8220; button_two_border_radius__hover_enabled=&#8220;off&#8220; button_one_letter_spacing__hover_enabled=&#8220;off&#8220; button_two_letter_spacing__hover_enabled=&#8220;off&#8220; button_one_bg_color__hover_enabled=&#8220;on|hover&#8220; button_one_bg_color__hover=&#8220;#87241E&#8220; button_two_bg_color__hover_enabled=&#8220;off&#8220; button_one_bg_enable_color__hover=&#8220;on&#8220;][\/et_pb_fullwidth_header][\/et_pb_section][et_pb_section fb_built=&#8220;1&#8243; _builder_version=&#8220;4.16&#8243; custom_padding=&#8220;|||&#8220; global_colors_info=&#8220;{}&#8220;][et_pb_row _builder_version=&#8220;4.16&#8243; custom_padding=&#8220;|||&#8220; global_colors_info=&#8220;{}&#8220;][et_pb_column type=&#8220;4_4&#8243; _builder_version=&#8220;4.16&#8243; custom_padding=&#8220;|||&#8220; global_colors_info=&#8220;{}&#8220; custom_padding__hover=&#8220;|||&#8220;][et_pb_cta title=&#8220;SSV Taufers Fu\u00dfball&#8220; button_url=&#8220;#TOP&#8220; _builder_version=&#8220;4.18.0&#8243; header_font=&#8220;Noto Serif|700|||||||&#8220; header_text_align=&#8220;center&#8220; header_font_size=&#8220;44px&#8220; header_line_height=&#8220;1.5em&#8220; body_font=&#8220;Roboto|300|||||||&#8220; body_text_align=&#8220;center&#8220; use_background_color=&#8220;off&#8220; custom_button=&#8220;on&#8220; button_text_size=&#8220;17px&#8220; button_text_color=&#8220;#FFFFFF&#8220; button_bg_color=&#8220;#225069&#8243; button_border_width=&#8220;5px&#8220; button_border_color=&#8220;#225069&#8243; button_border_radius=&#8220;100px&#8220; button_font=&#8220;Noto Sans|700||on|||||&#8220; button_use_icon=&#8220;off&#8220; text_orientation=&#8220;left&#8220; background_layout=&#8220;light&#8220; custom_margin=&#8220;60px|||&#8220; animation_style=&#8220;fade&#8220; animation_delay=&#8220;100ms&#8220; animation_starting_opacity=&#8220;50%&#8220; header_font_size_tablet=&#8220;&#8220; header_font_size_phone=&#8220;34px&#8220; header_font_size_last_edited=&#8220;on|phone&#8220; button_text_color_hover=&#8220;#ffffff&#8220; button_border_color_hover=&#8220;#ff9e59&#8243; button_bg_color_hover=&#8220;#ff9e59&#8243; global_colors_info=&#8220;{}&#8220; button_text_size__hover_enabled=&#8220;off&#8220; button_one_text_size__hover_enabled=&#8220;off&#8220; button_two_text_size__hover_enabled=&#8220;off&#8220; button_text_color__hover_enabled=&#8220;on&#8220; button_text_color__hover=&#8220;#ffffff&#8220; button_one_text_color__hover_enabled=&#8220;off&#8220; button_two_text_color__hover_enabled=&#8220;off&#8220; button_border_width__hover_enabled=&#8220;off&#8220; button_one_border_width__hover_enabled=&#8220;off&#8220; button_two_border_width__hover_enabled=&#8220;off&#8220; button_border_color__hover_enabled=&#8220;on|desktop&#8220; button_border_color__hover=&#8220;#87241E&#8220; button_one_border_color__hover_enabled=&#8220;off&#8220; button_two_border_color__hover_enabled=&#8220;off&#8220; button_border_radius__hover_enabled=&#8220;off&#8220; button_one_border_radius__hover_enabled=&#8220;off&#8220; button_two_border_radius__hover_enabled=&#8220;off&#8220; button_letter_spacing__hover_enabled=&#8220;off&#8220; button_one_letter_spacing__hover_enabled=&#8220;off&#8220; button_two_letter_spacing__hover_enabled=&#8220;off&#8220; button_bg_color__hover_enabled=&#8220;on|hover&#8220; button_bg_color__hover=&#8220;#87241E&#8220; button_one_bg_color__hover_enabled=&#8220;off&#8220; button_two_bg_color__hover_enabled=&#8220;off&#8220; button_bg_enable_color__hover=&#8220;on&#8220;]<\/p>\n<p style=\"text-align: justify;\">Der SSV Taufers \u2013 Fu\u00dfball ist die \u00e4lteste Sektion des S\u00fcdtiroler Sportvereins Taufers, denn aus dieser ging der Hauptverein hervor. Sie war \u00fcber die Jahre hinweg und ist immer noch das Aush\u00e4ngeschild, auch wenn auch der Handball und Yoseikan Budo sich stark entwickelt haben.<\/p>\n<p>Die Sektion Fu\u00dfball wird von folgendem Ausschuss gef\u00fchrt:<br \/>Stefan Feichter \u2013\u00a0 Sektionsleiter<br \/>Petra Voppichler \u2013 Stellvertreter<br \/>Thean Oberhollenzer\u2013 Verantwortlicher 1. Mannschaft<br \/>Fabian Zimmerhofer \u2013 Jugendleiter<br \/>G\u00fcnther Geiregger \u2013 Verantwortlicher Barbetrieb<br \/>Roland Kirchler \u2013 Verantwortlicher Sponsoren<\/p>\n<p style=\"text-align: justify;\">Wegen ihrer Verdienste f\u00fcr den Verein wurden Dr. Walter Ausserhofer, Herbert \u201cStruppi\u201d Niederkofler und Heinrich \u201cHeina\u201d R\u00f6ck bereits im Jahre 1985 zu Ehrenspielf\u00fchrern ernannt. Als langj\u00e4hrige vorbildhafte Spieler, unerm\u00fcdliche Helfer, als erfolgreicher Pr\u00e4sident des Vereins und in seiner Funktion als Pr\u00e4sident des VSS und als amtierender Pr\u00e4sident der S\u00fcdtiroler Sporthilfe (Walter Au\u00dferhofer) sind sie w\u00fcrdige Aush\u00e4ngeschilder und Vorbilder f\u00fcr die Jugend. Bei der Jahresvollversammlung im Jahre 2009 wurde diese Ehrung auch Oswald Zimmerhofer (25 Jahre \u2013 von 1975 bis 2000) und Josef Oberbichler (22 Jahre \u2013 von 1984 \u2013 2006) f\u00fcr ihren langj\u00e4hrigen, ununterbrochenen Einsatz in der 1. Mannschaft zuteil. In den Folgejahren wurden Harald Kaneider (2012), G\u00fcnther Mittermair (2014) und Egon Prenn und Meini Leimgruber (2019) f\u00fcr ihre Verdienste als Spieler, Kapit\u00e4n und Trainer des Vereines derselbe Titel verliehen.<\/p>\n<p style=\"text-align: justify;\">Der Titel \u201cEhrensektionsleiter\u201d wurde Herbert Thaler (2009) f\u00fcr seine 12 Jahre als Sektionsleiter, in denen viele wichtige Projekte f\u00fcr den Verein verwirklicht wurden und Bartl Thaler (2017) f\u00fcr seine 23 Jahre zun\u00e4chst als Sektionsleiter, dann als Pr\u00e4sident des Hauptvereines, zuerkannt. Am l\u00e4ngsten stand Siegfried Stocker der Sektion vor, ganze 23 Jahre (von 1986 bis 1990 und von 2002 bis 2021) bekleidete er ehrenamtlich und mit viel Einsatz die Position des Sektionsleiters.<\/p>\n<p style=\"text-align: justify;\">Bekannte Mitglieder sind die Ex-Senatorin Dr. Helga Thaler Ausserhofer und die Ex-Landesr\u00e4te Hans Berger und Dr. Martha Stocker.<\/p>\n<p style=\"text-align: justify;\">Seit langem werden in unserer Jugendabteilung auch die Jugendspieler des SSV M\u00fchlwald und Uttenheim betreut.<\/p>\n<p>[\/et_pb_cta][\/et_pb_column][\/et_pb_row][\/et_pb_section][et_pb_section fb_built=&#8220;1&#8243; next_background_color=&#8220;#ffffff&#8220; admin_label=&#8220;Travel History&#8220; _builder_version=&#8220;4.18.0&#8243; use_background_color_gradient=&#8220;on&#8220; background_color_gradient_stops=&#8220;#ffffff 0%|rgba(255,255,255,0) 50%&#8220; background_color_gradient_overlays_image=&#8220;on&#8220; background_color_gradient_start=&#8220;#ffffff&#8220; background_color_gradient_end=&#8220;rgba(255,255,255,0)&#8220; background_color_gradient_end_position=&#8220;50%&#8220; background_image=&#8220;https:\/\/taufers-fussball.com\/wp-content\/uploads\/2022\/09\/football-scaled.jpg&#8220; height=&#8220;795px&#8220; custom_padding=&#8220;150px|0px|150px|0px|false|false&#8220; bottom_divider_style=&#8220;slant2&#8243; global_colors_info=&#8220;{}&#8220;][et_pb_row column_structure=&#8220;1_2,1_4,1_4&#8243; _builder_version=&#8220;4.16&#8243; custom_padding=&#8220;60px|0px|60px|0px|true|false&#8220; locked=&#8220;off&#8220; global_colors_info=&#8220;{}&#8220;][et_pb_column type=&#8220;1_2&#8243; _builder_version=&#8220;4.16&#8243; custom_padding=&#8220;|||&#8220; global_colors_info=&#8220;{}&#8220; custom_padding__hover=&#8220;|||&#8220;][\/et_pb_column][et_pb_column type=&#8220;1_4&#8243; _builder_version=&#8220;4.16&#8243; custom_padding=&#8220;|||&#8220; global_colors_info=&#8220;{}&#8220; custom_padding__hover=&#8220;|||&#8220;][\/et_pb_column][et_pb_column type=&#8220;1_4&#8243; _builder_version=&#8220;4.16&#8243; custom_padding=&#8220;|||&#8220; global_colors_info=&#8220;{}&#8220; custom_padding__hover=&#8220;|||&#8220;][\/et_pb_column][\/et_pb_row][\/et_pb_section][et_pb_section fb_built=&#8220;1&#8243; admin_label=&#8220;Recent Travels&#8220; _builder_version=&#8220;4.16&#8243; custom_padding=&#8220;80px|0px|80px|0px|true|false&#8220; global_colors_info=&#8220;{}&#8220;][et_pb_row _builder_version=&#8220;4.16&#8243; custom_padding=&#8220;|||&#8220; global_colors_info=&#8220;{}&#8220;][et_pb_column type=&#8220;4_4&#8243; _builder_version=&#8220;4.16&#8243; custom_padding=&#8220;|||&#8220; global_colors_info=&#8220;{}&#8220; custom_padding__hover=&#8220;|||&#8220;][et_pb_cta title=&#8220;Historie des Vereins&#8220; button_url=&#8220;#TOP&#8220; _builder_version=&#8220;4.18.0&#8243; header_font=&#8220;Noto Serif|700|||||||&#8220; header_text_align=&#8220;center&#8220; header_font_size=&#8220;44px&#8220; header_line_height=&#8220;1.5em&#8220; body_font=&#8220;Roboto|300|||||||&#8220; body_text_align=&#8220;justify&#8220; use_background_color=&#8220;off&#8220; custom_button=&#8220;on&#8220; button_text_size=&#8220;17px&#8220; button_text_color=&#8220;#FFFFFF&#8220; button_bg_color=&#8220;#225069&#8243; button_border_width=&#8220;5px&#8220; button_border_color=&#8220;#225069&#8243; button_border_radius=&#8220;100px&#8220; button_font=&#8220;Noto Sans|700||on|||||&#8220; button_use_icon=&#8220;off&#8220; text_orientation=&#8220;left&#8220; background_layout=&#8220;light&#8220; custom_margin=&#8220;60px|||&#8220; animation_style=&#8220;fade&#8220; animation_delay=&#8220;100ms&#8220; animation_starting_opacity=&#8220;50%&#8220; header_font_size_tablet=&#8220;&#8220; header_font_size_phone=&#8220;34px&#8220; header_font_size_last_edited=&#8220;on|phone&#8220; button_text_color_hover=&#8220;#ffffff&#8220; button_border_color_hover=&#8220;#ff9e59&#8243; button_bg_color_hover=&#8220;#ff9e59&#8243; global_colors_info=&#8220;{}&#8220; button_text_size__hover_enabled=&#8220;off&#8220; button_one_text_size__hover_enabled=&#8220;off&#8220; button_two_text_size__hover_enabled=&#8220;off&#8220; button_text_color__hover_enabled=&#8220;on&#8220; button_text_color__hover=&#8220;#ffffff&#8220; button_one_text_color__hover_enabled=&#8220;off&#8220; button_two_text_color__hover_enabled=&#8220;off&#8220; button_border_width__hover_enabled=&#8220;off&#8220; button_one_border_width__hover_enabled=&#8220;off&#8220; button_two_border_width__hover_enabled=&#8220;off&#8220; button_border_color__hover_enabled=&#8220;on|desktop&#8220; button_border_color__hover=&#8220;#87241E&#8220; button_one_border_color__hover_enabled=&#8220;off&#8220; button_two_border_color__hover_enabled=&#8220;off&#8220; button_border_radius__hover_enabled=&#8220;off&#8220; button_one_border_radius__hover_enabled=&#8220;off&#8220; button_two_border_radius__hover_enabled=&#8220;off&#8220; button_letter_spacing__hover_enabled=&#8220;off&#8220; button_one_letter_spacing__hover_enabled=&#8220;off&#8220; button_two_letter_spacing__hover_enabled=&#8220;off&#8220; button_bg_color__hover_enabled=&#8220;on|hover&#8220; button_bg_color__hover=&#8220;#87241E&#8220; button_one_bg_color__hover_enabled=&#8220;off&#8220; button_two_bg_color__hover_enabled=&#8220;off&#8220; button_bg_enable_color__hover=&#8220;on&#8220;]<\/p>\n<p>Fu\u00dfball geh\u00f6rt in Sand in Taufers schon lange zu den beliebtesten Besch\u00e4ftigungen, die ersten Spuren sind schon in der Zwischenkriegszeit zu finden. Dass auch w\u00e4hrend des 2. Weltkrieges diesem Sport nachgegangen wurde, zeigt ein Bild aus dieser Zeit, ein besonderes Dokument der Sportgeschichte von Sand in Taufers. In den Geschichten wird von einer der st\u00e4rksten Mannschaften der n\u00e4heren und weiteren Umgebung erz\u00e4hlt, zu belegen ist dies allerdings nicht, wohl aber kann man erkennen, dass man schon \u00fcber eine einheitliche Spielkleidung verf\u00fcgte. (Im Bild rechts). Nach dem Krieg dauerte es nicht lange bis wieder dem Leder nachgejagt wurde, die Spiele zwischen den Alten und Jungen stellte den H\u00f6hepunkt des Jahres dar. Aus dieser Bewegung kam dann auch der Impuls zur Gr\u00fcndung des Vereines: <strong>am 3. J\u00e4nner 1962 fand im Caf\u00e9 Central<\/strong> die entscheidende Sitzung statt, die \u201c<strong>Sportjugendvereinigung Taufers<\/strong>\u201d war geboren. \u00dcber den FC Taufers entstand im Jahre 1964 offiziell der SSV Taufers, als Vereinsfarben wurden Rot-Blau gew\u00e4hlt, die bis heute geblieben sind.<\/p>\n<p>[\/et_pb_cta][et_pb_image src=&#8220;https:\/\/taufers-fussball.com\/wp-content\/uploads\/2022\/09\/1960.jpg&#8220; title_text=&#8220;1960&#8243; _builder_version=&#8220;4.18.0&#8243; _module_preset=&#8220;default&#8220; animation_style=&#8220;fade&#8220; animation_delay=&#8220;100ms&#8220; animation_starting_opacity=&#8220;50%&#8220; global_colors_info=&#8220;{}&#8220;][\/et_pb_image][\/et_pb_column][\/et_pb_row][et_pb_row column_structure=&#8220;1_3,2_3&#8243; _builder_version=&#8220;4.16&#8243; custom_padding=&#8220;|||&#8220; global_colors_info=&#8220;{}&#8220;][et_pb_column type=&#8220;1_3&#8243; _builder_version=&#8220;4.16&#8243; custom_padding=&#8220;|||&#8220; global_colors_info=&#8220;{}&#8220; custom_padding__hover=&#8220;|||&#8220;][et_pb_image src=&#8220;https:\/\/taufers-fussball.com\/wp-content\/uploads\/2022\/09\/Historie-1.jpg&#8220; title_text=&#8220;Historie-1&#8243; _builder_version=&#8220;4.18.0&#8243; _module_preset=&#8220;default&#8220; animation_style=&#8220;fade&#8220; animation_delay=&#8220;100ms&#8220; animation_starting_opacity=&#8220;50%&#8220; global_colors_info=&#8220;{}&#8220;][\/et_pb_image][\/et_pb_column][et_pb_column type=&#8220;2_3&#8243; _builder_version=&#8220;4.16&#8243; custom_padding=&#8220;|||&#8220; global_colors_info=&#8220;{}&#8220; custom_padding__hover=&#8220;|||&#8220;][et_pb_text _builder_version=&#8220;4.18.0&#8243; _module_preset=&#8220;default&#8220; text_font=&#8220;|300|||||||&#8220; custom_padding=&#8220;||0px|||&#8220; animation_style=&#8220;fade&#8220; animation_delay=&#8220;100ms&#8220; animation_starting_opacity=&#8220;50%&#8220; global_colors_info=&#8220;{}&#8220;]<\/p>\n<p style=\"text-align: justify;\">Im Jahre\u00a0<strong>1965<\/strong>\u00a0nahm der SSV Taufers zum ersten Mal an einer Meisterschaft teil, die vom ital. Fu\u00dfballverband organisiert wurde, sie wurde in der Zeit von 16.Mai bis zum 13. Juni 1965 ausgetragen, Gegner waren der SSV Bruneck und St. Georgen, mit 2 Punkten reichte es aber nur zum 3. Platz. Aber schon ein Jahr sp\u00e4ter gab es den ersten sportlichen H\u00f6hepunkt, die Gegner waren auf 4 angewachsen (Rasen, Niederdorf, FC Bruneck und St. Georgen), ohne Niederlage war ein Entscheidungsspiel gegen den punktegleichen FC Niederdorf notwendig, um den Meister zu ermitteln. Das Entscheidungsspiel wurde in Niederrasen ausgetragen, durch Tore von Hermann Mair am Tinkhof (3), Walter Au\u00dferhofer und Raimund Steinkasserer gab es einen\u00a0<strong>5:2 Sieg<\/strong>\u00a0und damit wurde ein fr\u00fcher Meilenstein gesetzt, der Sieg wurde geh\u00f6rig gefeiert. Beteiligte wissen davon heute noch zu erz\u00e4hlen. Die Mannschaft bestand aus Torh\u00fcter Pepi Au\u00dferhofer, dem jungen Sporttalent Walter Au\u00dferhofer, sowie Stefan Reichegger, Erich Prenn, Hans Prenn, Hermann Mair am Tinkhof, Siegfried Mair am Tinkhof, Karl Reichegger, Heini R\u00f6d, Walter Reden, Hans P\u00f6rnbacher und Raimund Steinkasserer, als Betreuer war Pepi Reichegger mit von der Partie\u00a0(<strong>Im Bild links<\/strong>). In der Saison 1969\/70 konnte dieser Erfolg wiederholt werden, indem am 31.5.1970 der SV Gitschberg im letzten und entscheidenden Spiel in Vintl mit 2:0 besiegt wurde. Torsch\u00fctzen waren damals unser Ehrenspielf\u00fchrer Walter Au\u00dferhofer und Josef \u201cPius\u201d Auer, zwei der besten Spieler, die der SSV Taufers hervorgebracht hat. In den folgenden Jahren beteiligte sich unser Verein an der neuen Meisterschaft der 3. Amateurliga mit unterschiedlichem Erfolg, wobei die einzelnen Spieler oft viel besser waren, als der sportliche Erfolg, denn einerseits verst\u00e4rkten einige ganz hervorragende Spieler der Finanzwache, deren Kaserne unmittelbar neben dem Fu\u00dfballplatz in der Daimerstra\u00dfe lag, die Mannschaft, andererseits litt darunter der Zusammenhalt, denn eine Gruppenbildung war un\u00fcbersehbar und nebenbei \u00e4nderten sich die Spieler, bedingt durch Versetzungen jedes Jahr. Drei Ereignisse brachten dann eine Wende, der Bau des neuen Fu\u00dfballplatzes in der Industriezone, die Wahl von Herbert Thaler zum Sektionsleiter und die R\u00fcckkehr von Josef \u201cPius\u201d Auer vom SSV Bruneck zu seinem Stammverein in der Funktion des Spielertrainers.<\/p>\n<p>[\/et_pb_text][\/et_pb_column][\/et_pb_row][et_pb_row column_structure=&#8220;1_3,2_3&#8243; _builder_version=&#8220;4.16&#8243; custom_padding=&#8220;|||&#8220; global_colors_info=&#8220;{}&#8220;][et_pb_column type=&#8220;1_3&#8243; _builder_version=&#8220;4.16&#8243; custom_padding=&#8220;|||&#8220; global_colors_info=&#8220;{}&#8220; custom_padding__hover=&#8220;|||&#8220;][et_pb_image src=&#8220;https:\/\/taufers-fussball.com\/wp-content\/uploads\/2022\/09\/Historie-2.jpg&#8220; title_text=&#8220;Historie-2&#8243; _builder_version=&#8220;4.18.0&#8243; _module_preset=&#8220;default&#8220; animation_style=&#8220;fade&#8220; animation_delay=&#8220;100ms&#8220; animation_starting_opacity=&#8220;50%&#8220; global_colors_info=&#8220;{}&#8220;][\/et_pb_image][\/et_pb_column][et_pb_column type=&#8220;2_3&#8243; _builder_version=&#8220;4.16&#8243; custom_padding=&#8220;|||&#8220; global_colors_info=&#8220;{}&#8220; custom_padding__hover=&#8220;|||&#8220;][et_pb_text _builder_version=&#8220;4.18.0&#8243; _module_preset=&#8220;default&#8220; text_font=&#8220;|300|||||||&#8220; animation_style=&#8220;fade&#8220; animation_delay=&#8220;100ms&#8220; animation_starting_opacity=&#8220;50%&#8220; global_colors_info=&#8220;{}&#8220;]<\/p>\n<p style=\"text-align: justify;\">Zun\u00e4chst wurde beschlossen nur mehr auf einheimische Kr\u00e4fte zu setzen und das regelm\u00e4\u00dfige Training mit neuen Methoden wirkte sich schnell auf die Leistung aus und bereits im Jahr\u00a0<strong>1976\/77<\/strong>\u00a0gelang mit nur einer Niederlage und zwei unentschieden und einem Torverh\u00e4ltnis von 71:12 (3,94 Tore pro Spiel !!) der souver\u00e4ne Aufstieg in die 2. Amateurliga. Diese Mannschaft mit einer guten Mischung von jung und alt (Walter Au\u00dferhofer, Josef Auer, Herbert \u201cStruppi\u201d Niederkofler, Hermann Holzer, Hans Mittermair, Richard Mittermair, Oswald Zimmerhofer, Siegfried Mittermair usw.), hielt es nicht lange in dieser Liga, nach zwei 2. Pl\u00e4tzen gelang in der Saison\u00a0<strong>1979\/80\u00a0der\u00a0Aufstieg in die 1. Amateurliga<\/strong> (<strong>im Bild links<\/strong>). Der H\u00f6hepunkt stand allerdings noch bevor und wurde in der Saison\u00a0<strong>1987\/88\u00a0<\/strong>erreicht, nach dem 2:1 Sieg im letzten Spiel in Prad wurde der erstmalige Aufstieg in die Oberliga geschafft. In dieser Zeit verf\u00fcgte der SSV Taufers wohl \u00fcber die beste Mannschaft aller Zeiten und sie bestand praktisch aus lauter einheimischen Spielern wie Oswald Zimmerhofer, Stefan Prenn, Ernst Obergasteiger, Egon Prenn, Harald Kaneider, Richard Stocker, Meini Leimgruber, Albert Mair, Josef Oberbichler, Helmut Plankensteiner, Alois Plankensteiner \u2026. Praktisch mit dieser unver\u00e4nderten Mannschaft versuchte man etwas, was bis dahin noch fast keinem Aufsteiger gelungen war, n\u00e4mlich nicht sofort wieder abzusteigen, das erste Spiel in Borgo konnte mit viel Gl\u00fcck mit 1:0 gewonnen werden, aber bis zum letzten Spiel war nicht klar, ob der Klassenerhalt geschafft werden konnte und dieser musste im Spiel gegen die schon als Meister feststehende Mannschaft von Rotaliana gesichert werden, was denn auch gelang. Nun hatte sich der SSV Taufers endg\u00fcltig unter den besten Vereinen der Region etabliert und dies blieb so bis Ende der 90-er Jahre so, nach der Saison\u00a0<strong>2001\/02<\/strong>\u00a0musste wieder der bittere Gang in die 1. Amateurliga angetreten werden. Dann nach einigen Jahren unterschiedlicher Leistungen musste in der Saison\u00a0<strong>2009\/10<\/strong>\u00a0in einem Entscheidungsspiel der Drittletzten gegen Mals der Abstieg in die 2. Amateurliga gegangen werden. Mit dem Vertrauen in die einheimische Jugend wurde ein Neuanfang gestartet, dieser Weg sollte mit der notwendigen Geduld wieder nach oben f\u00fchren. In der Saison\u00a0<strong>2014\/15<\/strong>\u00a0gelang schlie\u00dflich wieder der Aufstieg in die 1. Amateurliga.<\/p>\n<p>[\/et_pb_text][\/et_pb_column][\/et_pb_row][\/et_pb_section][et_pb_section fb_built=&#8220;1&#8243; next_background_color=&#8220;#ffffff&#8220; admin_label=&#8220;Travel History&#8220; _builder_version=&#8220;4.18.0&#8243; use_background_color_gradient=&#8220;on&#8220; background_color_gradient_stops=&#8220;#ffffff 0%|rgba(255,255,255,0) 50%&#8220; background_color_gradient_overlays_image=&#8220;on&#8220; background_color_gradient_start=&#8220;#ffffff&#8220; background_color_gradient_end=&#8220;rgba(255,255,255,0)&#8220; background_color_gradient_end_position=&#8220;50%&#8220; background_image=&#8220;https:\/\/taufers-fussball.com\/wp-content\/uploads\/2022\/09\/Mannschaften-header.jpg&#8220; height=&#8220;795px&#8220; custom_padding=&#8220;150px|0px|150px|0px|false|false&#8220; bottom_divider_style=&#8220;slant2&#8243; bottom_divider_flip=&#8220;horizontal&#8220; global_colors_info=&#8220;{}&#8220;][et_pb_row column_structure=&#8220;1_2,1_4,1_4&#8243; _builder_version=&#8220;4.16&#8243; custom_padding=&#8220;60px|0px|60px|0px|true|false&#8220; locked=&#8220;off&#8220; global_colors_info=&#8220;{}&#8220;][et_pb_column type=&#8220;1_2&#8243; _builder_version=&#8220;4.16&#8243; custom_padding=&#8220;|||&#8220; global_colors_info=&#8220;{}&#8220; custom_padding__hover=&#8220;|||&#8220;][\/et_pb_column][et_pb_column type=&#8220;1_4&#8243; _builder_version=&#8220;4.16&#8243; custom_padding=&#8220;|||&#8220; global_colors_info=&#8220;{}&#8220; custom_padding__hover=&#8220;|||&#8220;][\/et_pb_column][et_pb_column type=&#8220;1_4&#8243; _builder_version=&#8220;4.16&#8243; custom_padding=&#8220;|||&#8220; global_colors_info=&#8220;{}&#8220; custom_padding__hover=&#8220;|||&#8220;][\/et_pb_column][\/et_pb_row][\/et_pb_section][et_pb_section fb_built=&#8220;1&#8243; _builder_version=&#8220;4.18.0&#8243; _module_preset=&#8220;default&#8220; global_colors_info=&#8220;{}&#8220;][et_pb_row admin_label=&#8220;Blog&#8220; _builder_version=&#8220;4.16&#8243; custom_padding=&#8220;|||&#8220; animation_style=&#8220;fade&#8220; animation_duration=&#8220;1500ms&#8220; animation_delay=&#8220;300ms&#8220; animation_starting_opacity=&#8220;50%&#8220; global_colors_info=&#8220;{}&#8220;][et_pb_column type=&#8220;4_4&#8243; _builder_version=&#8220;4.16&#8243; custom_padding=&#8220;|||&#8220; global_colors_info=&#8220;{}&#8220; custom_padding__hover=&#8220;|||&#8220;][et_pb_cta title=&#8220;Platz in M\u00fchlen&#8220; button_url=&#8220;#TOP&#8220; _builder_version=&#8220;4.18.0&#8243; header_font=&#8220;Noto Serif|700|||||||&#8220; header_text_align=&#8220;center&#8220; header_font_size=&#8220;44px&#8220; header_line_height=&#8220;1.5em&#8220; body_font=&#8220;Roboto|300|||||||&#8220; body_text_align=&#8220;justify&#8220; use_background_color=&#8220;off&#8220; custom_button=&#8220;on&#8220; button_text_size=&#8220;17px&#8220; button_text_color=&#8220;#FFFFFF&#8220; button_bg_color=&#8220;#225069&#8243; button_border_width=&#8220;5px&#8220; button_border_color=&#8220;#225069&#8243; button_border_radius=&#8220;100px&#8220; button_font=&#8220;Noto Sans|700||on|||||&#8220; button_use_icon=&#8220;off&#8220; text_orientation=&#8220;left&#8220; background_layout=&#8220;light&#8220; custom_margin=&#8220;60px|||&#8220; animation_style=&#8220;fade&#8220; animation_delay=&#8220;100ms&#8220; animation_starting_opacity=&#8220;50%&#8220; header_font_size_tablet=&#8220;&#8220; header_font_size_phone=&#8220;34px&#8220; header_font_size_last_edited=&#8220;on|phone&#8220; button_text_color_hover=&#8220;#ffffff&#8220; button_border_color_hover=&#8220;#ff9e59&#8243; button_bg_color_hover=&#8220;#ff9e59&#8243; global_colors_info=&#8220;{}&#8220; button_text_size__hover_enabled=&#8220;off&#8220; button_one_text_size__hover_enabled=&#8220;off&#8220; button_two_text_size__hover_enabled=&#8220;off&#8220; button_text_color__hover_enabled=&#8220;on&#8220; button_text_color__hover=&#8220;#ffffff&#8220; button_one_text_color__hover_enabled=&#8220;off&#8220; button_two_text_color__hover_enabled=&#8220;off&#8220; button_border_width__hover_enabled=&#8220;off&#8220; button_one_border_width__hover_enabled=&#8220;off&#8220; button_two_border_width__hover_enabled=&#8220;off&#8220; button_border_color__hover_enabled=&#8220;on|desktop&#8220; button_border_color__hover=&#8220;#87241E&#8220; button_one_border_color__hover_enabled=&#8220;off&#8220; button_two_border_color__hover_enabled=&#8220;off&#8220; button_border_radius__hover_enabled=&#8220;off&#8220; button_one_border_radius__hover_enabled=&#8220;off&#8220; button_two_border_radius__hover_enabled=&#8220;off&#8220; button_letter_spacing__hover_enabled=&#8220;off&#8220; button_one_letter_spacing__hover_enabled=&#8220;off&#8220; button_two_letter_spacing__hover_enabled=&#8220;off&#8220; button_bg_color__hover_enabled=&#8220;on|hover&#8220; button_bg_color__hover=&#8220;#87241E&#8220; button_one_bg_color__hover_enabled=&#8220;off&#8220; button_two_bg_color__hover_enabled=&#8220;off&#8220; button_bg_enable_color__hover=&#8220;on&#8220;]<\/p>\n<p>Der Plan den Sandplatz von M\u00fchlen (im Bild) in einen Kunstrasenplatz umzubauen ist schon vor einigen Jahren gereift, genauer gesagt hat der neugew\u00e4hlte Ausschuss im Herbst 2002 zum ersten Mal in einer Sitzung von dieser M\u00f6glichkeit gesprochen und sofort die Vorz\u00fcge erkannt, die Vorsprache beim damaligen B\u00fcrgermeister Toni Innerhofer war nur als Abtasten gedacht, aber unser anscheinend mit guten Argumenten vorgebrachte Anliegen wurde mit Interesse verfolgt. Am Ende der Aussprache meinte er: \u201cWenn das Land einen guten Beitrag gibt, dann k\u00f6nnte man schon schauen\u201d. So etwas l\u00e4sst man sich nicht zwei Mal sagen, in Absprache mit dem damaligen Sportassessor Walter Weger versuchte Sektionsleiter Siegfried Stocker einen Termin beim Landeshauptmann Dr. Luis Durnwalder zu bekommen, was auch schnell geklappt hat und so pilgerten diese beiden, verst\u00e4rkt mit Sportvereinspr\u00e4sident Bartl Thaler, nach Bozen. Nach einigen konkreten Nachfragen \u00fcber die geplante Verwendung und bez\u00fcglich der Rechtfertigung einer solchen Investition, unterst\u00fctzte der Landeshauptmann ein diesbez\u00fcgliches Ansuchen mit einem bedeutenden Beitrag. Mit dieser guten Nachricht ging es zur\u00fcck in die Gemeinde, wo das Projekt nun im Rat pr\u00e4sentiert wurde, durch die gute Vorbereitung und die positive Darstellung durch den B\u00fcrgermeister blieben die Zweifler eigentlich von Beginn an in der Minderheit und so wurde noch vor den letzten Gemeinderatswahl ein grunds\u00e4tzlich positives Gutachten abgegeben. Die Wahlen brachten dann einen Wechsel an der Spitze der Gemeinde, aber der neue B\u00fcrgermeister Helmut Innerbichler zerstreute schnell unsere Sorgen, indem er unmissverst\u00e4ndlich erk\u00e4rte, er wolle sich an die Beschl\u00fcsse der verhergehenden Verwaltung halten, er ben\u00f6tige aber etwas Zeit, denn ein solches Projekt m\u00fcsse in ein gut geplantes Konzept eingearbeitet werden. Unser Ziel, den Umbau noch \u00fcber den Sommer 2006 durchzuf\u00fchren, war damit nicht mehr zu halten, die besseren Erkenntnisse und das stimmige Konzept entsch\u00e4digt aber mehr als nur daf\u00fcr: der Platz wird nun etwas nach Norden verschoben, auf der S\u00fcdseite entsteht der notwendige Platz f\u00fcr eine Fu\u00dfg\u00e4nger- und Fahrradbr\u00fccke \u00fcber die Ahr nach Kematen und dazu ist auch noch gen\u00fcgend Fl\u00e4che f\u00fcr eine Spielzone f\u00fcr Kinder. Nachdem dieses Konzept so vom Gemeinderat genehmigt wurde, wurde zun\u00e4chst die Ausschreibung f\u00fcr die Mauer um den verlegten Sportplatz und den neuen Zaun gemacht, den Zuschlag daf\u00fcr bekamen die Firmen Oberschmied und Sportbau. Am 2. Mai 2007 wurde mit den Arbeiten begonnen (oben im Bild rechts). Die Errichtung der Mauer wurde am 24. Mai abgeschlossen (im Bild links), als n\u00e4chstes hat die Firma Sportbau mit dem Aufstellen des Zaunes begonnen. Am 18. Oktober 2007 hat die Firma Wieser mit den Baggerarbeiten f\u00fcr die Errichtung des Unterbaus begonnen. Zun\u00e4chst wurden etwa 25 cm Boden abgenommen, dann wurden die Seitensch\u00e4chte und die Drainagen (im Bild rechts) schr\u00e4g \u00fcber den gesamten Platz verlegt. F\u00fcr die Ableitung des Regenwassers wurde eine Kranzrinne um den Platz verlegt und im oberen Eck ein unterirdisches Sammelbecken errichtet, \u00fcber eine \u00dcberlaufklappe kann das \u00fcbersch\u00fcssige Wasser in die Ahr abflie\u00dfen. Um die Vermischung des darunter liegenden feinen Sandes mit dem Aufbau zu verhindern, musste \u00fcber den gesamten Platz eine Folie verlegt werden. Danach wurden zwei Schichten von grobk\u00f6rnigen Steinen aufgebracht. Da es am 10. November eine gr\u00f6\u00dfere Menge geschneit hat, wurden diese Arbeiten noch durchgef\u00fchrt. Nach einem Lokalaugenschein mit dem Lieferanten des Kunstrasenteppichs wurde festgestellt, dass das Auftragen des Rasenteppichs unter diesen klimatischen Umst\u00e4nden nicht mit der notwendigen Qualit\u00e4t durchgef\u00fchrt h\u00e4tten werden k\u00f6nnen und so wurden die Arbeiten am 22. November auf das Fr\u00fchjahr verschoben. In der letzten M\u00e4rzwoche 2008 wurde dann noch eine Schicht Schotter und eine Schicht Sand angebracht, der ganze Unterbau gewalzt und mit dem Einsatz von Laserger\u00e4ten abgezogen, damit der Platz sch\u00f6n gleichm\u00e4\u00dfig zu den Au\u00dfenlinien hin leicht abf\u00e4llt. Diese Arbeit wurde Mitte April abgeschlossen (im Bild rechts), am 24.4.2008 wurde die Homologierung des Unterbaus abgenommen, das Homologierungszertifikat wurde am 8.5.2008 ausgestellt. Am Dienstag, 13.5.2008 begannen die Arbeiten zum Auftragen des Rasenteppichs X-TREM 14.000 Bi-Color von Edelgrass, nach dem Einbringen des Sandes am 29. Mai wurde mit dem Einstreuen des reinen Gummigranulat von Softer am 5.6.2008 die Realisierung des neuen Kunstrasenplatzes abgeschlossen.<\/p>\n<p>[\/et_pb_cta][\/et_pb_column][\/et_pb_row][et_pb_row column_structure=&#8220;1_3,1_3,1_3&#8243; admin_label=&#8220;Blog&#8220; _builder_version=&#8220;4.18.0&#8243; custom_padding=&#8220;|||&#8220; animation_style=&#8220;fade&#8220; animation_duration=&#8220;1500ms&#8220; animation_delay=&#8220;300ms&#8220; animation_starting_opacity=&#8220;50%&#8220; global_colors_info=&#8220;{}&#8220;][et_pb_column type=&#8220;1_3&#8243; _builder_version=&#8220;4.16&#8243; custom_padding=&#8220;|||&#8220; global_colors_info=&#8220;{}&#8220; custom_padding__hover=&#8220;|||&#8220;][et_pb_image src=&#8220;https:\/\/taufers-fussball.com\/wp-content\/uploads\/2022\/09\/Platz-1.jpg&#8220; title_text=&#8220;Platz-1&#8243; align_tablet=&#8220;center&#8220; align_phone=&#8220;center&#8220; align_last_edited=&#8220;on|tablet&#8220; _builder_version=&#8220;4.18.0&#8243; _module_preset=&#8220;default&#8220; global_colors_info=&#8220;{}&#8220;][\/et_pb_image][et_pb_image src=&#8220;https:\/\/taufers-fussball.com\/wp-content\/uploads\/2022\/09\/Platz-4.jpg&#8220; title_text=&#8220;Platz-4&#8243; align_tablet=&#8220;center&#8220; align_phone=&#8220;center&#8220; align_last_edited=&#8220;on|tablet&#8220; _builder_version=&#8220;4.18.0&#8243; _module_preset=&#8220;default&#8220; global_colors_info=&#8220;{}&#8220;][\/et_pb_image][\/et_pb_column][et_pb_column type=&#8220;1_3&#8243; _builder_version=&#8220;4.16&#8243; custom_padding=&#8220;|||&#8220; global_colors_info=&#8220;{}&#8220; custom_padding__hover=&#8220;|||&#8220;][et_pb_image src=&#8220;https:\/\/taufers-fussball.com\/wp-content\/uploads\/2022\/09\/Platz-2.jpg&#8220; title_text=&#8220;Platz-2&#8243; align_tablet=&#8220;center&#8220; align_phone=&#8220;center&#8220; align_last_edited=&#8220;on|tablet&#8220; _builder_version=&#8220;4.18.0&#8243; _module_preset=&#8220;default&#8220; global_colors_info=&#8220;{}&#8220;][\/et_pb_image][et_pb_image src=&#8220;https:\/\/taufers-fussball.com\/wp-content\/uploads\/2022\/09\/Platz-5.jpg&#8220; title_text=&#8220;Platz-5&#8243; align_tablet=&#8220;center&#8220; align_phone=&#8220;center&#8220; align_last_edited=&#8220;on|tablet&#8220; _builder_version=&#8220;4.18.0&#8243; _module_preset=&#8220;default&#8220; global_colors_info=&#8220;{}&#8220;][\/et_pb_image][\/et_pb_column][et_pb_column type=&#8220;1_3&#8243; _builder_version=&#8220;4.16&#8243; custom_padding=&#8220;|||&#8220; global_colors_info=&#8220;{}&#8220; custom_padding__hover=&#8220;|||&#8220;][et_pb_image src=&#8220;https:\/\/taufers-fussball.com\/wp-content\/uploads\/2022\/09\/Platz-3.jpg&#8220; title_text=&#8220;Platz-3&#8243; align_tablet=&#8220;center&#8220; align_phone=&#8220;center&#8220; align_last_edited=&#8220;on|tablet&#8220; _builder_version=&#8220;4.18.0&#8243; _module_preset=&#8220;default&#8220; global_colors_info=&#8220;{}&#8220;][\/et_pb_image][et_pb_image src=&#8220;https:\/\/taufers-fussball.com\/wp-content\/uploads\/2022\/09\/Platz-6.jpg&#8220; title_text=&#8220;Platz-6&#8243; align_tablet=&#8220;center&#8220; align_phone=&#8220;center&#8220; align_last_edited=&#8220;on|tablet&#8220; _builder_version=&#8220;4.18.0&#8243; _module_preset=&#8220;default&#8220; global_colors_info=&#8220;{}&#8220;][\/et_pb_image][\/et_pb_column][\/et_pb_row][et_pb_row admin_label=&#8220;Blog&#8220; _builder_version=&#8220;4.16&#8243; custom_padding=&#8220;|||&#8220; animation_style=&#8220;fade&#8220; animation_duration=&#8220;1500ms&#8220; animation_delay=&#8220;300ms&#8220; animation_starting_opacity=&#8220;50%&#8220; global_colors_info=&#8220;{}&#8220;][et_pb_column type=&#8220;4_4&#8243; _builder_version=&#8220;4.16&#8243; custom_padding=&#8220;|||&#8220; global_colors_info=&#8220;{}&#8220; custom_padding__hover=&#8220;|||&#8220;][et_pb_cta button_url=&#8220;#TOP&#8220; _builder_version=&#8220;4.18.0&#8243; header_font=&#8220;Noto Serif|700|||||||&#8220; header_text_align=&#8220;center&#8220; header_font_size=&#8220;44px&#8220; header_line_height=&#8220;1.5em&#8220; body_font=&#8220;Roboto|300|||||||&#8220; body_text_align=&#8220;justify&#8220; use_background_color=&#8220;off&#8220; custom_button=&#8220;on&#8220; button_text_size=&#8220;17px&#8220; button_text_color=&#8220;#FFFFFF&#8220; button_bg_color=&#8220;#225069&#8243; button_border_width=&#8220;5px&#8220; button_border_color=&#8220;#225069&#8243; button_border_radius=&#8220;100px&#8220; button_font=&#8220;Noto Sans|700||on|||||&#8220; button_use_icon=&#8220;off&#8220; text_orientation=&#8220;left&#8220; background_layout=&#8220;light&#8220; custom_margin=&#8220;60px|||&#8220; animation_style=&#8220;fade&#8220; animation_delay=&#8220;100ms&#8220; animation_starting_opacity=&#8220;50%&#8220; header_font_size_tablet=&#8220;&#8220; header_font_size_phone=&#8220;34px&#8220; header_font_size_last_edited=&#8220;on|phone&#8220; button_text_color_hover=&#8220;#ffffff&#8220; button_border_color_hover=&#8220;#ff9e59&#8243; button_bg_color_hover=&#8220;#ff9e59&#8243; global_colors_info=&#8220;{}&#8220; button_text_size__hover_enabled=&#8220;off&#8220; button_one_text_size__hover_enabled=&#8220;off&#8220; button_two_text_size__hover_enabled=&#8220;off&#8220; button_text_color__hover_enabled=&#8220;on&#8220; button_text_color__hover=&#8220;#ffffff&#8220; button_one_text_color__hover_enabled=&#8220;off&#8220; button_two_text_color__hover_enabled=&#8220;off&#8220; button_border_width__hover_enabled=&#8220;off&#8220; button_one_border_width__hover_enabled=&#8220;off&#8220; button_two_border_width__hover_enabled=&#8220;off&#8220; button_border_color__hover_enabled=&#8220;on|desktop&#8220; button_border_color__hover=&#8220;#87241E&#8220; button_one_border_color__hover_enabled=&#8220;off&#8220; button_two_border_color__hover_enabled=&#8220;off&#8220; button_border_radius__hover_enabled=&#8220;off&#8220; button_one_border_radius__hover_enabled=&#8220;off&#8220; button_two_border_radius__hover_enabled=&#8220;off&#8220; button_letter_spacing__hover_enabled=&#8220;off&#8220; button_one_letter_spacing__hover_enabled=&#8220;off&#8220; button_two_letter_spacing__hover_enabled=&#8220;off&#8220; button_bg_color__hover_enabled=&#8220;on|hover&#8220; button_bg_color__hover=&#8220;#87241E&#8220; button_one_bg_color__hover_enabled=&#8220;off&#8220; button_two_bg_color__hover_enabled=&#8220;off&#8220; button_bg_enable_color__hover=&#8220;on&#8220;]<\/p>\n<p>Bevor auf dem Platz auch offizielle Spiele ausgetragen werden konnten, musste auch die Homologierung abgenommen werden. Zun\u00e4chst wurde diese \u00fcber den Nationalen Amateurligaverband LND beantragt, die Tests wurden im Oktober 2008 durchgef\u00fchrt, nachdem s\u00e4mtliche Werte positiv ausgefallen waren, wurde im November die Genehmigung ausgestellt. Als besonderes Qualit\u00e4tszertifikat wurde nun auch die Bewertung nach den strengen Fifa Merkmalen beantragt, f\u00fcr eine Zuerkennung der Note \u201c2 Star\u201d wurden schon die verwendeten Materialien vor dem Einbau strengen Labortests unterzogen und positiv abgeschlossen. Nachdem die Firma Reco aus Bozen bei der Fifa das Ansuchen auf die Zertifizierung gestellt hatte, wurden der Platz erneut einem Test unterzogen, die wiederum alle bestanden wurden. Damit wurde mit Datum 1.10.2009 vom Fifapr\u00e4sidenten Josef Platter dem Kunstrasenplatz in M\u00fchlen der G\u00fctesiegel \u201cFifa 2 Star\u201d zuerkannt, womit er der erste in der Region und einer von nur 6 Pl\u00e4tzen in ganz Italien mit diesem Qualit\u00e4tsmerkmal, das auch Voraussetzung f\u00fcr die Austragung von internationalen Profispielen ist, ausgezeichnet wurde. Nachdem im Sommer 2009 auch die Flutlichtanlage mit neuen Strahlern ausgestattet wurde, haben vereinsinterne Messungen ergeben, dass nun auch die notwendige Lichtst\u00e4rke vorhanden war, damit auf dem Platz auch Nachtspiele ausgetragen werden konnten. Am 21. J\u00e4nner 2010 hat ein Techniker des Autonomen Landeskomitees die Anlage angenommen und als geeignet bewertet. Damit k\u00f6nnen auf dem Kunstrasenplatz ab sofort auch Wettbewerbsspiele ausgetragen werden, bis zur Erstellung des offiziellen Homologierungszeugnisses gilt die schon ausgestellte provisorische Benutzungsgenehmigung.<\/p>\n<p>[\/et_pb_cta][\/et_pb_column][\/et_pb_row][\/et_pb_section][et_pb_section fb_built=&#8220;1&#8243; prev_background_color=&#8220;#ffffff&#8220; next_background_color=&#8220;#ffffff&#8220; _builder_version=&#8220;4.18.0&#8243; _module_preset=&#8220;default&#8220; background_color=&#8220;#000000&#8243; top_divider_style=&#8220;slant2&#8243; bottom_divider_style=&#8220;slant2&#8243; bottom_divider_flip=&#8220;horizontal&#8220; global_colors_info=&#8220;{}&#8220;][et_pb_row _builder_version=&#8220;4.18.0&#8243; _module_preset=&#8220;default&#8220; global_colors_info=&#8220;{}&#8220;][et_pb_column type=&#8220;4_4&#8243; _builder_version=&#8220;4.18.0&#8243; _module_preset=&#8220;default&#8220; global_colors_info=&#8220;{}&#8220;][et_pb_cta title=&#8220;Im ehrenden Gedenken&#8220; button_url=&#8220;#TOP&#8220; _builder_version=&#8220;4.18.0&#8243; header_font=&#8220;Noto Serif|700|||||||&#8220; header_text_align=&#8220;center&#8220; header_text_color=&#8220;#FFFFFF&#8220; header_font_size=&#8220;44px&#8220; header_line_height=&#8220;1.5em&#8220; body_font=&#8220;Roboto|300|||||||&#8220; body_text_align=&#8220;justify&#8220; use_background_color=&#8220;off&#8220; custom_button=&#8220;on&#8220; button_text_size=&#8220;17px&#8220; button_text_color=&#8220;#FFFFFF&#8220; button_bg_color=&#8220;#225069&#8243; button_border_width=&#8220;5px&#8220; button_border_color=&#8220;#225069&#8243; button_border_radius=&#8220;100px&#8220; button_font=&#8220;Noto Sans|700||on|||||&#8220; button_use_icon=&#8220;off&#8220; text_orientation=&#8220;left&#8220; background_layout=&#8220;light&#8220; custom_margin=&#8220;60px|||&#8220; animation_style=&#8220;fade&#8220; animation_delay=&#8220;100ms&#8220; animation_starting_opacity=&#8220;50%&#8220; header_font_size_tablet=&#8220;&#8220; header_font_size_phone=&#8220;34px&#8220; header_font_size_last_edited=&#8220;on|phone&#8220; button_text_color_hover=&#8220;#ffffff&#8220; button_border_color_hover=&#8220;#ff9e59&#8243; button_bg_color_hover=&#8220;#ff9e59&#8243; global_colors_info=&#8220;{}&#8220; button_text_size__hover_enabled=&#8220;off&#8220; button_one_text_size__hover_enabled=&#8220;off&#8220; button_two_text_size__hover_enabled=&#8220;off&#8220; button_text_color__hover_enabled=&#8220;on&#8220; button_text_color__hover=&#8220;#ffffff&#8220; button_one_text_color__hover_enabled=&#8220;off&#8220; button_two_text_color__hover_enabled=&#8220;off&#8220; button_border_width__hover_enabled=&#8220;off&#8220; button_one_border_width__hover_enabled=&#8220;off&#8220; button_two_border_width__hover_enabled=&#8220;off&#8220; button_border_color__hover_enabled=&#8220;on|desktop&#8220; button_border_color__hover=&#8220;#87241E&#8220; button_one_border_color__hover_enabled=&#8220;off&#8220; button_two_border_color__hover_enabled=&#8220;off&#8220; button_border_radius__hover_enabled=&#8220;off&#8220; button_one_border_radius__hover_enabled=&#8220;off&#8220; button_two_border_radius__hover_enabled=&#8220;off&#8220; button_letter_spacing__hover_enabled=&#8220;off&#8220; button_one_letter_spacing__hover_enabled=&#8220;off&#8220; button_two_letter_spacing__hover_enabled=&#8220;off&#8220; button_bg_color__hover_enabled=&#8220;on|hover&#8220; button_bg_color__hover=&#8220;#87241E&#8220; button_one_bg_color__hover_enabled=&#8220;off&#8220; button_two_bg_color__hover_enabled=&#8220;off&#8220; button_bg_enable_color__hover=&#8220;on&#8220;][\/et_pb_cta][\/et_pb_column][\/et_pb_row][et_pb_row column_structure=&#8220;1_3,1_3,1_3&#8243; _builder_version=&#8220;4.18.0&#8243; _module_preset=&#8220;default&#8220; global_colors_info=&#8220;{}&#8220;][et_pb_column type=&#8220;1_3&#8243; _builder_version=&#8220;4.18.0&#8243; _module_preset=&#8220;default&#8220; global_colors_info=&#8220;{}&#8220;][et_pb_blurb title=&#8220;Paul Moser&#8220; image=&#8220;https:\/\/taufers-fussball.com\/wp-content\/uploads\/2022\/09\/Gedenken-Paul-Moser.jpg&#8220; image_icon_width=&#8220;70%&#8220; icon_alignment=&#8220;left&#8220; _builder_version=&#8220;4.18.0&#8243; _module_preset=&#8220;default&#8220; header_text_color=&#8220;#FFFFFF&#8220; body_font=&#8220;|300|||||||&#8220; body_text_color=&#8220;#FFFFFF&#8220; global_colors_info=&#8220;{}&#8220;]<\/p>\n<p style=\"text-align: left;\">Obwohl Paul Moser selbst kaum Fu\u00dfball gespielt hat, war er begeistert\u00a0von dieser Sportart. Der Sektion Fu\u00dfball des SSV\u00a0Taufers\u00a0war er stets ein stiller G\u00f6nner,\u00a0sein Spanglwirt schien\u00a0immer unter den Sponsoren\u00a0auf. Anfang der 90-er Jahre\u00a0lie\u00df er\u00a0sich\u00a0in den Sektionsausschuss w\u00e4hlen, tatkr\u00e4ftig\u00a0unterst\u00fctze er die Sektionsleiter, zuerst Bartl Thaler und dann Werner Oberleiter, wo immer es ihn brauchte. Es war auch ihm zu verdanken, dass sich die\u00a0Mannschaft immer zwischen Ober- und Landesliga hielt.\u00a0Im Jahr 2001 konnte er sich noch \u00fcber den Klassenerhalt in der Landesliga freuen, wenig sp\u00e4ter verstarb er am 30.6.2001 im Alter von nur 43\u00a0Jahren. Nicht nur heute, nicht nur morgen werden wir Dich vermissen, bis wir uns wiedersehen. Paul halte uns die\u00a0Daumen und ruhe in Frieden!<\/p>\n<p>[\/et_pb_blurb][\/et_pb_column][et_pb_column type=&#8220;1_3&#8243; _builder_version=&#8220;4.18.0&#8243; _module_preset=&#8220;default&#8220; global_colors_info=&#8220;{}&#8220;][et_pb_blurb title=&#8220;Samuel Frigerio&#8220; image=&#8220;https:\/\/taufers-fussball.com\/wp-content\/uploads\/2022\/09\/Gedenken-Samuel.jpg&#8220; image_icon_width=&#8220;70%&#8220; icon_alignment=&#8220;left&#8220; _builder_version=&#8220;4.18.0&#8243; _module_preset=&#8220;default&#8220; header_text_color=&#8220;#FFFFFF&#8220; body_font=&#8220;|300|||||||&#8220; body_text_color=&#8220;#FFFFFF&#8220; custom_padding=&#8220;||0px|||&#8220; global_colors_info=&#8220;{}&#8220;]<\/p>\n<p>Am 6. J\u00e4nner 2014 wollte Samuel mit seinen Freunden einen sch\u00f6nen Tag am Speikboden verbringen und einfach etwas Spa\u00df im Schnee erleben. Dabei wurde er von einer Lawine erfasst, die ihn nur mehr schwerst gezeichnet freigab. Am 11. J\u00e4nner hat er den Kampf um sein Leben verloren, es in h\u00f6here H\u00e4nde gelegt.<\/p>\n<p>Unsere Mannschaft der B-Jugend der Saison 2013\/14 trauert nun um einen lieben Mitspieler und Freund. Noch oft wollten sie ihn bei einem erzielten Tor umarmen, mit ihm Spa\u00df haben, sich von seiner Begeisterung etwas abschauen. Was bleibt sind die Erinnerung und ein trauriges L\u00e4cheln, denn er wird uns aus der Ferne begleiten und anfeuern. Unser Freund Samuel, Ruhe in Frieden!<\/p>\n<p>[\/et_pb_blurb][\/et_pb_column][et_pb_column type=&#8220;1_3&#8243; _builder_version=&#8220;4.18.0&#8243; _module_preset=&#8220;default&#8220; global_colors_info=&#8220;{}&#8220;][et_pb_blurb title=&#8220;Franz Eder&#8220; image=&#8220;https:\/\/taufers-fussball.com\/wp-content\/uploads\/2022\/09\/Gedenken-Franz-Eder.jpg&#8220; image_icon_width=&#8220;70%&#8220; icon_alignment=&#8220;left&#8220; _builder_version=&#8220;4.18.0&#8243; _module_preset=&#8220;default&#8220; header_text_color=&#8220;#FFFFFF&#8220; body_font=&#8220;|300|||||||&#8220; body_text_color=&#8220;#FFFFFF&#8220; global_colors_info=&#8220;{}&#8220;]<\/p>\n<p>Beim Spiel gegen Feldthurns stand er noch am Grill und hat die Zuschauer und die Spieler mit viel Freude mit Essen versorgt. Am 24. Mai 2018 hat die SSV\u00a0Taufers Gemeinde\u00a0die traurige Nachricht erreicht, dass uns Franz Eder auf Grund eines Herzversagen f\u00fcr immer verlassen hat. Seit den 80-er Jahren war er im Verein in verschiedenen Funktionen ehrenamtlich und voller Einsatz t\u00e4tig, zun\u00e4chst als Betreuer der ersten Junioren- und Reservemannschaft, dann als Helfer in der Bar und, nach einer Pause, stand er in den letzten zwei Jahren als Griller im Kiosk am Fu\u00dfballplatz in Sand. Der SSV Taufers Fu\u00dfball hat nicht nur einen hilfsbereiten Menschen, sondern auch einen Freund verloren. Danke Franz f\u00fcr alles, wir werden Deiner gedenken, Ruhe in Frieden.<\/p>\n<p>[\/et_pb_blurb][\/et_pb_column][\/et_pb_row][et_pb_row column_structure=&#8220;1_3,1_3,1_3&#8243; _builder_version=&#8220;4.18.0&#8243; _module_preset=&#8220;default&#8220; global_colors_info=&#8220;{}&#8220;][et_pb_column type=&#8220;1_3&#8243; _builder_version=&#8220;4.18.0&#8243; _module_preset=&#8220;default&#8220; global_colors_info=&#8220;{}&#8220;][et_pb_blurb title=&#8220;Fabian Niederwieser&#8220; image=&#8220;https:\/\/taufers-fussball.com\/wp-content\/uploads\/2022\/09\/Gedenken-Fabian-Niederwieser.jpg&#8220; image_icon_width=&#8220;70%&#8220; icon_alignment=&#8220;left&#8220; _builder_version=&#8220;4.18.0&#8243; _module_preset=&#8220;default&#8220; header_text_color=&#8220;#FFFFFF&#8220; body_font=&#8220;|300|||||||&#8220; body_text_color=&#8220;#FFFFFF&#8220; global_colors_info=&#8220;{}&#8220;]<\/p>\n<p>Es war im Sommer 2010, als unser Verein den Abstieg in die 2. Amateurliga antreten musste und mit der Mannschaft ein Neuanfang gestartet wurde. Fabian Niedwerwieser wurde schon in den Jahren zuvor als f\u00fcr uns interessant beschrieben und kontaktiert, aber er wollte lieber in der Freizeit kicken, denn das Fu\u00dfballspielen machte ihm Spa\u00df, aber eben ungezwungen. Durch Verletzungen dezimiert wurde in der Winterpause ein erneuter Versuch gestartet, diesmal \u00fcberzeugte ihn unser Angebot offenbar und am 3. April 2011 debutierte er gegen Pfalzen in der 1. Mannschaft. Bis zum Sommer 2015 brachte er es auf 42 Eins\u00e4tze und erzielte dabei 18 Tore. Insgesamt wurde er nur sechs Mal von den Schiedsrichtern verwarnt, was auf eine korrekte Spielweise hinwies. Seine Priorit\u00e4ten waren wohl andere, als er sich entschied, sich wieder auf den Freizeitfu\u00dfball zur\u00fcckzuziehen, denn er liebte den Fu\u00dfball. Und man hat sich getroffen und nat\u00fcrlich \u00fcber Fu\u00dfball geredet. Am 6. Oktober 2016 hat er uns in Folge eines Autounfalles viel zu fr\u00fch verlassen, nun ist er nicht mehr unter uns und wir sind ersch\u00fcttert und traurig dar\u00fcber.<\/p>\n<p>[\/et_pb_blurb][\/et_pb_column][et_pb_column type=&#8220;1_3&#8243; _builder_version=&#8220;4.18.0&#8243; _module_preset=&#8220;default&#8220; global_colors_info=&#8220;{}&#8220;][et_pb_blurb title=&#8220;Adolf Reichegger&#8220; image=&#8220;https:\/\/taufers-fussball.com\/wp-content\/uploads\/2022\/10\/Gedenken-Adolf-Reichegger.jpg&#8220; image_icon_width=&#8220;70%&#8220; icon_alignment=&#8220;left&#8220; _builder_version=&#8220;4.18.0&#8243; _module_preset=&#8220;default&#8220; header_text_color=&#8220;#FFFFFF&#8220; body_font=&#8220;|300|||||||&#8220; body_text_color=&#8220;#FFFFFF&#8220; global_colors_info=&#8220;{}&#8220;]<\/p>\n<p>Adolf Reichegger\u00a0konnten wir\u00a0im Verzeichnis der Spieler des Jahres 1964 unter der Anmeldnummer 05320 finden, was darauf hindeutet, dass er als einer der ersten gewesen\u00a0sein muss, der f\u00fcr den SSV\u00a0Taufers gemeldet wurde.\u00a0Die Bemerkung\u00a0&#8222;Verteidiger Reserve&#8220;\u00a0deutet sicher nicht auf mangelnde Begeisterung hin,\u00a0die\u00a0hatte er f\u00fcr den\u00a0Fu\u00dfball in gro\u00dfem Ma\u00df. Bald, n\u00e4mlich 1969 tauchte er\u00a0in den Annalen unter den Funktion\u00e4ren auf, als Beirat begleitete er die Geschicke des\u00a0Vereines. Er war keiner der besonders\u00a0Lauten, weder\u00a0gegen Schiedsrichter und schon gar\u00a0nicht gegen\u00fcber den eigenen Spielern war\u00a0er besonders hart in der Kritik. Er genoss und litt in\u00a0aller\u00a0Stille die Spielergebnisse und\u00a0begleitete wann immer es ihm ausging, seinen SSV\u00a0Taufers zu\u00a0den Spielen, egal ob zu Hause\u00a0oder ausw\u00e4rts. Etwas Gutes konnte er jedem Spiel abgewinnen, wer genau hinh\u00f6rte, konnte\u00a0seine aufmunternde Anerkennung sp\u00fcren.\u00a0Bis zuletzt wurde er\u00a0neben dem Fu\u00dfballplatz gesehen, am 13. Juni 2014 ist er nach kurzer Krankheit leise, wie es seine Art war,\u00a0von uns gegangen. Adolf wird uns\u00a0sicher weiter den Daumen halten, lieber\u00a0Fu\u00dfballfreund, ruhe\u00a0in Frieden!<\/p>\n<p>[\/et_pb_blurb][\/et_pb_column][et_pb_column type=&#8220;1_3&#8243; _builder_version=&#8220;4.18.0&#8243; _module_preset=&#8220;default&#8220; global_colors_info=&#8220;{}&#8220;][et_pb_blurb title=&#8220;Giuseppe %22Beppe%22 Tisot&#8220; image=&#8220;https:\/\/taufers-fussball.com\/wp-content\/uploads\/2022\/10\/Gedenken-Giuseppe-Tisot.jpg&#8220; image_icon_width=&#8220;70%&#8220; icon_alignment=&#8220;left&#8220; _builder_version=&#8220;4.18.0&#8243; _module_preset=&#8220;default&#8220; header_text_color=&#8220;#FFFFFF&#8220; body_font=&#8220;|300|||||||&#8220; body_text_color=&#8220;#FFFFFF&#8220; global_colors_info=&#8220;{}&#8220;]<\/p>\n<p>Beppe Tisot war zwar nie Spieler des SSV Taufers, wir erinnern uns aber an ihn als begeisterten Fu\u00dfballspieler der Lehrermannschaft mit einem immensen Einsatz und einem gro\u00dfen Fu\u00dfballfan und langj\u00e4hrigen treuen Helfer in unserem Verein. \u00dcber viele Jahre stand er als Assistent des Schiedsrichters an der Seitenlinie, unbestchlich und immer auf das Spiel konzentriert. Als seine Augen es nicht mehr mitmachten war er traurig, diese Funktion nicht mehr aus\u00fcben zu k\u00f6nnen, daf\u00fcr kontrollierte er den Eingang zu den Trib\u00fcnen, an seiner strengen Kontrolle kam kein ungebetener Zuschauer vorbei. Schweren Herzens musste er auch diesen Dienst aufgeben, dem Verein blieb er aber in Sympathie verbunden. Am 18. April 2021 h\u00f6rte sein Herz auf zu schlagen, wir trauern um einen guten Freund und treuen Helfer. Wir sind dankbar f\u00fcr die gemeinsame Zeit, er ruhe in Frieden.<\/p>\n<p>[\/et_pb_blurb][\/et_pb_column][\/et_pb_row][\/et_pb_section][et_pb_section fb_built=&#8220;1&#8243; disabled_on=&#8220;off|off|off&#8220; admin_label=&#8220;Danke&#8220; _builder_version=&#8220;4.22.2&#8243; background_enable_color=&#8220;off&#8220; use_background_color_gradient=&#8220;on&#8220; background_color_gradient_stops=&#8220;#ffffff 0%|rgba(255,255,255,0) 52%&#8220; background_color_gradient_overlays_image=&#8220;on&#8220; background_color_gradient_start=&#8220;#ffffff&#8220; background_color_gradient_end=&#8220;rgba(255,255,255,0)&#8220; background_color_gradient_end_position=&#8220;52%&#8220; background_enable_image=&#8220;off&#8220; background_position=&#8220;center_right&#8220; custom_padding=&#8220;||||false|false&#8220; animation_style=&#8220;fade&#8220; animation_duration=&#8220;1500ms&#8220; animation_delay=&#8220;300ms&#8220; animation_starting_opacity=&#8220;50%&#8220; background_color_gradient_stops_tablet=&#8220;#ffffff 0%|rgba(255,255,255,0) 52%&#8220; background_color_gradient_stops_phone=&#8220;#ffffff 0%|rgba(255,255,255,0) 52%&#8220; border_color_top=&#8220;#225069&#8243; global_module=&#8220;112&#8243; saved_tabs=&#8220;all&#8220; global_colors_info=&#8220;{}&#8220;][et_pb_row module_class=&#8220; et_pb_row_fullwidth&#8220; _builder_version=&#8220;4.16&#8243; width=&#8220;90%&#8220; width_tablet=&#8220;80%&#8220; width_phone=&#8220;80%&#8220; width_last_edited=&#8220;on|desktop&#8220; max_width=&#8220;90%&#8220; max_width_tablet=&#8220;80%&#8220; max_width_phone=&#8220;80%&#8220; max_width_last_edited=&#8220;on|desktop&#8220; custom_margin=&#8220;||||false|false&#8220; custom_padding=&#8220;|||&#8220; make_fullwidth=&#8220;on&#8220; global_colors_info=&#8220;{}&#8220;][et_pb_column type=&#8220;4_4&#8243; _builder_version=&#8220;4.16&#8243; custom_padding=&#8220;|||&#8220; global_colors_info=&#8220;{}&#8220; custom_padding__hover=&#8220;|||&#8220;][et_pb_text _builder_version=&#8220;4.18.0&#8243; _module_preset=&#8220;default&#8220; text_font=&#8220;|300|||||||&#8220; header_2_font_size=&#8220;50px&#8220; header_2_line_height=&#8220;1.5em&#8220; global_colors_info=&#8220;{}&#8220;]<\/p>\n<h2 style=\"text-align: center;\">Danke!<\/h2>\n<p style=\"text-align: center;\">Ohne euch w\u00e4re das alles nicht m\u00f6glich.<\/p>\n<p>[\/et_pb_text][\/et_pb_column][\/et_pb_row][et_pb_row column_structure=&#8220;1_3,1_3,1_3&#8243; make_equal=&#8220;on&#8220; _builder_version=&#8220;4.18.0&#8243; _module_preset=&#8220;default&#8220; width=&#8220;90%&#8220; custom_margin=&#8220;-25px||||false|false&#8220; global_colors_info=&#8220;{}&#8220;][et_pb_column type=&#8220;1_3&#8243; _builder_version=&#8220;4.16&#8243; _module_preset=&#8220;default&#8220; custom_css_main_element=&#8220;margin: auto auto 0;&#8220; global_colors_info=&#8220;{}&#8220;][et_pb_image src=&#8220;https:\/\/taufers-fussball.com\/wp-content\/uploads\/2022\/08\/Sponsor-3.jpg&#8220; title_text=&#8220;Sponsor-3&#8243; url=&#8220;https:\/\/www.gruppoitas.it&#8220; url_new_window=&#8220;on&#8220; align=&#8220;right&#8220; align_tablet=&#8220;center&#8220; align_phone=&#8220;&#8220; align_last_edited=&#8220;on|tablet&#8220; _builder_version=&#8220;4.23.4&#8243; _module_preset=&#8220;default&#8220; width_tablet=&#8220;56%&#8220; width_phone=&#8220;90%&#8220; width_last_edited=&#8220;on|phone&#8220; global_colors_info=&#8220;{}&#8220;][\/et_pb_image][\/et_pb_column][et_pb_column type=&#8220;1_3&#8243; _builder_version=&#8220;4.16&#8243; _module_preset=&#8220;default&#8220; global_colors_info=&#8220;{}&#8220;][et_pb_image src=&#8220;https:\/\/taufers-fussball.com\/wp-content\/uploads\/2022\/08\/Sponsor-7.jpg&#8220; title_text=&#8220;Sponsor-7&#8243; url=&#8220;https:\/\/www.skiworldahrntal.it\/de&#8220; url_new_window=&#8220;on&#8220; align_tablet=&#8220;center&#8220; align_phone=&#8220;&#8220; align_last_edited=&#8220;on|tablet&#8220; _builder_version=&#8220;4.23.4&#8243; _module_preset=&#8220;default&#8220; width_tablet=&#8220;50%&#8220; width_phone=&#8220;82%&#8220; width_last_edited=&#8220;on|desktop&#8220; custom_margin_tablet=&#8220;&#8220; custom_margin_phone=&#8220;15px||-15px||false|false&#8220; custom_margin_last_edited=&#8220;on|phone&#8220; global_colors_info=&#8220;{}&#8220;][\/et_pb_image][\/et_pb_column][et_pb_column type=&#8220;1_3&#8243; _builder_version=&#8220;4.16&#8243; _module_preset=&#8220;default&#8220; custom_css_main_element=&#8220;margin: auto auto 0;&#8220; global_colors_info=&#8220;{}&#8220;][et_pb_image src=&#8220;https:\/\/taufers-fussball.com\/wp-content\/uploads\/2024\/01\/Alperia.png&#8220; title_text=&#8220;Alperia&#8220; url=&#8220;https:\/\/www.alperia.eu\/de&#8220; align=&#8220;center&#8220; _builder_version=&#8220;4.23.4&#8243; _module_preset=&#8220;default&#8220; width=&#8220;60%&#8220; width_tablet=&#8220;32%&#8220; width_phone=&#8220;50%&#8220; width_last_edited=&#8220;on|tablet&#8220; global_colors_info=&#8220;{}&#8220;][\/et_pb_image][\/et_pb_column][\/et_pb_row][et_pb_row column_structure=&#8220;1_3,1_3,1_3&#8243; make_equal=&#8220;on&#8220; _builder_version=&#8220;4.18.0&#8243; _module_preset=&#8220;default&#8220; width=&#8220;90%&#8220; custom_margin=&#8220;-25px||||false|false&#8220; global_colors_info=&#8220;{}&#8220;][et_pb_column type=&#8220;1_3&#8243; _builder_version=&#8220;4.16&#8243; _module_preset=&#8220;default&#8220; custom_css_main_element=&#8220;margin: auto auto 0;&#8220; global_colors_info=&#8220;{}&#8220;][et_pb_image src=&#8220;https:\/\/taufers-fussball.com\/wp-content\/uploads\/2022\/08\/Sponsor-1.jpg&#8220; title_text=&#8220;Sponsor-1&#8243; url=&#8220;https:\/\/www.volksbank.it\/&#8220; url_new_window=&#8220;on&#8220; align_tablet=&#8220;center&#8220; align_phone=&#8220;&#8220; align_last_edited=&#8220;on|tablet&#8220; _builder_version=&#8220;4.18.0&#8243; _module_preset=&#8220;default&#8220; width_tablet=&#8220;48%&#8220; width_phone=&#8220;82%&#8220; width_last_edited=&#8220;on|phone&#8220; global_colors_info=&#8220;{}&#8220;][\/et_pb_image][\/et_pb_column][et_pb_column type=&#8220;1_3&#8243; _builder_version=&#8220;4.16&#8243; _module_preset=&#8220;default&#8220; global_colors_info=&#8220;{}&#8220;][et_pb_image src=&#8220;https:\/\/taufers-fussball.com\/wp-content\/uploads\/2022\/10\/Transbagger.jpg&#8220; title_text=&#8220;Transbagger&#8220; url=&#8220;https:\/\/www.brunner-leiter.com&#8220; url_new_window=&#8220;on&#8220; align_tablet=&#8220;center&#8220; align_phone=&#8220;&#8220; align_last_edited=&#8220;on|tablet&#8220; _builder_version=&#8220;4.18.0&#8243; _module_preset=&#8220;default&#8220; width_tablet=&#8220;48%&#8220; width_phone=&#8220;80%&#8220; width_last_edited=&#8220;on|phone&#8220; global_colors_info=&#8220;{}&#8220;][\/et_pb_image][\/et_pb_column][et_pb_column type=&#8220;1_3&#8243; _builder_version=&#8220;4.16&#8243; _module_preset=&#8220;default&#8220; custom_css_main_element=&#8220;margin: auto auto 0;&#8220; global_colors_info=&#8220;{}&#8220;][et_pb_image src=&#8220;https:\/\/taufers-fussball.com\/wp-content\/uploads\/2022\/08\/Sponsor-4.jpg&#8220; title_text=&#8220;Sponsor-4&#8243; url=&#8220;https:\/\/www.gkn.com&#8220; url_new_window=&#8220;on&#8220; align_tablet=&#8220;center&#8220; align_phone=&#8220;&#8220; align_last_edited=&#8220;on|tablet&#8220; _builder_version=&#8220;4.23.4&#8243; _module_preset=&#8220;default&#8220; width_tablet=&#8220;50%&#8220; width_phone=&#8220;80%&#8220; width_last_edited=&#8220;on|phone&#8220; custom_margin=&#8220;-30px||||false|false&#8220; global_colors_info=&#8220;{}&#8220;][\/et_pb_image][\/et_pb_column][\/et_pb_row][et_pb_row column_structure=&#8220;1_5,1_5,1_5,1_5,1_5&#8243; _builder_version=&#8220;4.18.0&#8243; _module_preset=&#8220;default&#8220; global_colors_info=&#8220;{}&#8220;][et_pb_column type=&#8220;1_5&#8243; _builder_version=&#8220;4.18.0&#8243; _module_preset=&#8220;default&#8220; global_colors_info=&#8220;{}&#8220;][et_pb_image src=&#8220;https:\/\/taufers-fussball.com\/wp-content\/uploads\/2022\/08\/Sponsor-5.jpg&#8220; title_text=&#8220;Sponsor-5&#8243; url=&#8220;https:\/\/www.cascade-suedtirol.com&#8220; url_new_window=&#8220;on&#8220; _builder_version=&#8220;4.18.0&#8243; _module_preset=&#8220;default&#8220; width_tablet=&#8220;65%&#8220; width_phone=&#8220;44%&#8220; width_last_edited=&#8220;on|phone&#8220; module_alignment_tablet=&#8220;center&#8220; module_alignment_phone=&#8220;center&#8220; module_alignment_last_edited=&#8220;on|phone&#8220; global_colors_info=&#8220;{}&#8220;][\/et_pb_image][\/et_pb_column][et_pb_column type=&#8220;1_5&#8243; _builder_version=&#8220;4.18.0&#8243; _module_preset=&#8220;default&#8220; global_colors_info=&#8220;{}&#8220;][et_pb_image src=&#8220;https:\/\/taufers-fussball.com\/wp-content\/uploads\/2022\/08\/Sponsor-2.jpg&#8220; title_text=&#8220;Sponsor-2&#8243; url=&#8220;https:\/\/www.speikboden.net&#8220; url_new_window=&#8220;on&#8220; align_tablet=&#8220;&#8220; align_phone=&#8220;center&#8220; align_last_edited=&#8220;on|phone&#8220; _builder_version=&#8220;4.18.0&#8243; _module_preset=&#8220;default&#8220; width_tablet=&#8220;&#8220; width_phone=&#8220;90%&#8220; width_last_edited=&#8220;on|phone&#8220; custom_margin=&#8220;||||false|false&#8220; custom_margin_tablet=&#8220;&#8220; custom_margin_phone=&#8220;-4vw||||false|false&#8220; custom_margin_last_edited=&#8220;on|phone&#8220; global_colors_info=&#8220;{}&#8220;][\/et_pb_image][\/et_pb_column][et_pb_column type=&#8220;1_5&#8243; _builder_version=&#8220;4.18.0&#8243; _module_preset=&#8220;default&#8220; global_colors_info=&#8220;{}&#8220;][et_pb_image src=&#8220;https:\/\/taufers-fussball.com\/wp-content\/uploads\/2022\/10\/Forst.jpg&#8220; title_text=&#8220;Forst&#8220; url=&#8220;https:\/\/www.forst.it&#8220; url_new_window=&#8220;on&#8220; align_tablet=&#8220;&#8220; align_phone=&#8220;center&#8220; align_last_edited=&#8220;on|phone&#8220; _builder_version=&#8220;4.18.0&#8243; _module_preset=&#8220;default&#8220; width_tablet=&#8220;&#8220; width_phone=&#8220;78%&#8220; width_last_edited=&#8220;on|phone&#8220; custom_margin=&#8220;||||false|false&#8220; custom_margin_tablet=&#8220;&#8220; custom_margin_phone=&#8220;-4vw||||false|false&#8220; custom_margin_last_edited=&#8220;on|phone&#8220; global_colors_info=&#8220;{}&#8220;][\/et_pb_image][\/et_pb_column][et_pb_column type=&#8220;1_5&#8243; _builder_version=&#8220;4.18.0&#8243; _module_preset=&#8220;default&#8220; global_colors_info=&#8220;{}&#8220;][et_pb_image src=&#8220;https:\/\/taufers-fussball.com\/wp-content\/uploads\/2022\/10\/Elektro-Knapp.jpg&#8220; title_text=&#8220;Elektro-Knapp&#8220; url=&#8220;https:\/\/www.elektroknapp.it&#8220; url_new_window=&#8220;on&#8220; align_tablet=&#8220;&#8220; align_phone=&#8220;center&#8220; align_last_edited=&#8220;on|phone&#8220; _builder_version=&#8220;4.18.0&#8243; _module_preset=&#8220;default&#8220; width_tablet=&#8220;84%&#8220; width_phone=&#8220;64%&#8220; width_last_edited=&#8220;on|phone&#8220; custom_margin=&#8220;||||false|false&#8220; custom_margin_tablet=&#8220;&#8220; custom_margin_phone=&#8220;-5vw||||false|false&#8220; custom_margin_last_edited=&#8220;on|phone&#8220; module_alignment_tablet=&#8220;center&#8220; module_alignment_phone=&#8220;&#8220; module_alignment_last_edited=&#8220;on|tablet&#8220; global_colors_info=&#8220;{}&#8220;][\/et_pb_image][\/et_pb_column][et_pb_column type=&#8220;1_5&#8243; _builder_version=&#8220;4.18.0&#8243; _module_preset=&#8220;default&#8220; global_colors_info=&#8220;{}&#8220;][et_pb_image src=&#8220;https:\/\/taufers-fussball.com\/wp-content\/uploads\/2022\/10\/Fly-Line.jpg&#8220; title_text=&#8220;Fly-Line&#8220; url=&#8220;https:\/\/www.fly-line-wasserfall.eu&#8220; url_new_window=&#8220;on&#8220; align_tablet=&#8220;&#8220; align_phone=&#8220;center&#8220; align_last_edited=&#8220;on|phone&#8220; disabled_on=&#8220;off|on|off&#8220; _builder_version=&#8220;4.18.0&#8243; _module_preset=&#8220;default&#8220; width_tablet=&#8220;&#8220; width_phone=&#8220;92%&#8220; width_last_edited=&#8220;on|phone&#8220; custom_margin_tablet=&#8220;&#8220; custom_margin_phone=&#8220;-6vw||||false|false&#8220; custom_margin_last_edited=&#8220;on|phone&#8220; global_colors_info=&#8220;{}&#8220;][\/et_pb_image][\/et_pb_column][\/et_pb_row][et_pb_row column_structure=&#8220;1_5,1_5,1_5,1_5,1_5&#8243; _builder_version=&#8220;4.18.0&#8243; _module_preset=&#8220;default&#8220; custom_margin=&#8220;-9vw||||false|false&#8220; global_colors_info=&#8220;{}&#8220;][et_pb_column type=&#8220;1_5&#8243; _builder_version=&#8220;4.18.0&#8243; _module_preset=&#8220;default&#8220; global_colors_info=&#8220;{}&#8220;][et_pb_image src=&#8220;https:\/\/taufers-fussball.com\/wp-content\/uploads\/2022\/10\/Gasteiger.jpg&#8220; title_text=&#8220;Gasteiger&#8220; url=&#8220;https:\/\/www.gasteigergmbh.it&#8220; url_new_window=&#8220;on&#8220; align_tablet=&#8220;&#8220; align_phone=&#8220;center&#8220; align_last_edited=&#8220;on|phone&#8220; _builder_version=&#8220;4.18.0&#8243; _module_preset=&#8220;default&#8220; width_tablet=&#8220;80%&#8220; width_phone=&#8220;70%&#8220; width_last_edited=&#8220;on|phone&#8220; custom_margin_tablet=&#8220;&#8220; custom_margin_phone=&#8220;-4vw||||false|false&#8220; custom_margin_last_edited=&#8220;on|phone&#8220; module_alignment_tablet=&#8220;center&#8220; module_alignment_phone=&#8220;&#8220; module_alignment_last_edited=&#8220;on|tablet&#8220; global_colors_info=&#8220;{}&#8220;][\/et_pb_image][\/et_pb_column][et_pb_column type=&#8220;1_5&#8243; _builder_version=&#8220;4.18.0&#8243; _module_preset=&#8220;default&#8220; global_colors_info=&#8220;{}&#8220;][et_pb_image src=&#8220;https:\/\/taufers-fussball.com\/wp-content\/uploads\/2022\/10\/Haidacher.jpg&#8220; title_text=&#8220;Haidacher&#8220; url=&#8220;https:\/\/www.haidacher.com&#8220; url_new_window=&#8220;on&#8220; align_tablet=&#8220;&#8220; align_phone=&#8220;center&#8220; align_last_edited=&#8220;on|phone&#8220; _builder_version=&#8220;4.18.0&#8243; _module_preset=&#8220;default&#8220; width_tablet=&#8220;&#8220; width_phone=&#8220;90%&#8220; width_last_edited=&#8220;on|phone&#8220; custom_margin_tablet=&#8220;&#8220; custom_margin_phone=&#8220;-6vw||||false|false&#8220; custom_margin_last_edited=&#8220;on|phone&#8220; global_colors_info=&#8220;{}&#8220;][\/et_pb_image][\/et_pb_column][et_pb_column type=&#8220;1_5&#8243; _builder_version=&#8220;4.18.0&#8243; _module_preset=&#8220;default&#8220; global_colors_info=&#8220;{}&#8220;][et_pb_image src=&#8220;https:\/\/taufers-fussball.com\/wp-content\/uploads\/2022\/10\/Steger.jpg&#8220; title_text=&#8220;Steger&#8220; url=&#8220;https:\/\/www.steger.bz&#8220; url_new_window=&#8220;on&#8220; align_tablet=&#8220;&#8220; align_phone=&#8220;center&#8220; align_last_edited=&#8220;on|phone&#8220; _builder_version=&#8220;4.18.0&#8243; _module_preset=&#8220;default&#8220; width_tablet=&#8220;&#8220; width_phone=&#8220;74%&#8220; width_last_edited=&#8220;on|phone&#8220; custom_margin_tablet=&#8220;&#8220; custom_margin_phone=&#8220;-7vw||||false|false&#8220; custom_margin_last_edited=&#8220;on|phone&#8220; global_colors_info=&#8220;{}&#8220;][\/et_pb_image][\/et_pb_column][et_pb_column type=&#8220;1_5&#8243; _builder_version=&#8220;4.18.0&#8243; _module_preset=&#8220;default&#8220; global_colors_info=&#8220;{}&#8220;][et_pb_image src=&#8220;https:\/\/taufers-fussball.com\/wp-content\/uploads\/2022\/10\/Fliesenbau.jpg&#8220; title_text=&#8220;Fliesenbau&#8220; url=&#8220;http:\/\/fliesenbau.it&#8220; url_new_window=&#8220;on&#8220; align_tablet=&#8220;&#8220; align_phone=&#8220;center&#8220; align_last_edited=&#8220;on|phone&#8220; _builder_version=&#8220;4.18.0&#8243; _module_preset=&#8220;default&#8220; width_tablet=&#8220;&#8220; width_phone=&#8220;70%&#8220; width_last_edited=&#8220;on|phone&#8220; custom_margin_tablet=&#8220;&#8220; custom_margin_phone=&#8220;-5vw||||false|false&#8220; custom_margin_last_edited=&#8220;on|phone&#8220; global_colors_info=&#8220;{}&#8220;][\/et_pb_image][\/et_pb_column][et_pb_column type=&#8220;1_5&#8243; _builder_version=&#8220;4.18.0&#8243; _module_preset=&#8220;default&#8220; global_colors_info=&#8220;{}&#8220;][et_pb_image src=&#8220;https:\/\/taufers-fussball.com\/wp-content\/uploads\/2022\/10\/Fly-Line.jpg&#8220; title_text=&#8220;Fly-Line&#8220; url=&#8220;https:\/\/www.fly-line-wasserfall.eu&#8220; url_new_window=&#8220;on&#8220; align_tablet=&#8220;&#8220; align_phone=&#8220;center&#8220; align_last_edited=&#8220;on|phone&#8220; disabled_on=&#8220;on|off|on&#8220; _builder_version=&#8220;4.18.0&#8243; _module_preset=&#8220;default&#8220; width_tablet=&#8220;&#8220; width_phone=&#8220;92%&#8220; width_last_edited=&#8220;on|phone&#8220; custom_margin_tablet=&#8220;&#8220; custom_margin_phone=&#8220;-6vw||||false|false&#8220; custom_margin_last_edited=&#8220;on|phone&#8220; global_colors_info=&#8220;{}&#8220;][\/et_pb_image][\/et_pb_column][\/et_pb_row][et_pb_row column_structure=&#8220;1_3,1_3,1_3&#8243; make_equal=&#8220;on&#8220; _builder_version=&#8220;4.18.0&#8243; _module_preset=&#8220;default&#8220; width=&#8220;90%&#8220; custom_margin_tablet=&#8220;&#8220; custom_margin_phone=&#8220;-16vw||||false|false&#8220; custom_margin_last_edited=&#8220;on|phone&#8220; global_colors_info=&#8220;{}&#8220;][et_pb_column type=&#8220;1_3&#8243; _builder_version=&#8220;4.16&#8243; _module_preset=&#8220;default&#8220; global_colors_info=&#8220;{}&#8220;][et_pb_text _builder_version=&#8220;4.18.0&#8243; _module_preset=&#8220;default&#8220; text_font=&#8220;|300|||||||&#8220; text_text_color=&#8220;#474747&#8243; text_line_height=&#8220;1.8em&#8220; global_colors_info=&#8220;{}&#8220;]<\/p>\n<p style=\"text-align: center;\"><span style=\"text-decoration: underline; color: #333333;\"><a href=\"https:\/\/abfalterer-shoes.com\" target=\"_blank\" rel=\"noopener\" style=\"color: #333333; text-decoration: underline;\">Abfalterer OHG<\/a><\/span><br \/><span style=\"text-decoration: underline; color: #333333;\"><a href=\"http:\/\/a-restaurant.rocks\" target=\"_blank\" rel=\"noopener\" style=\"color: #333333; text-decoration: underline;\">Ahris Pub<\/a><\/span><br \/><span style=\"text-decoration: underline; color: #333333;\"><a href=\"http:\/\/www.ahrntaldruck.com\" target=\"_blank\" rel=\"noopener\" style=\"color: #333333; text-decoration: underline;\">Ahrntal Druck<\/a><\/span><br \/><span style=\"text-decoration: underline; color: #333333;\"><a href=\"http:\/\/www.apotheke-farmacia.it\" target=\"_blank\" rel=\"noopener\" style=\"color: #333333; text-decoration: underline;\">Apotheke Aichner<\/a><\/span><br \/><span style=\"text-decoration: underline; color: #333333;\"><a href=\"https:\/\/www.roeck.it\" target=\"_blank\" rel=\"noopener\" style=\"color: #333333; text-decoration: underline;\">B\u00e4ckerei Konditorei und Cafe R\u00f6ck<\/a><\/span><br \/><span style=\"text-decoration: underline; color: #333333;\"><a href=\"https:\/\/www.bauexpert.it\" target=\"_blank\" rel=\"noopener\" style=\"color: #333333; text-decoration: underline;\">Bauexpert<\/a><\/span><br \/><span style=\"text-decoration: underline; color: #333333;\"><a href=\"https:\/\/www.gsr.eu\/de\" target=\"_blank\" rel=\"noopener\" style=\"color: #333333; text-decoration: underline;\">Bauunternehmen Markus Gasser<\/a><\/span><br \/><span style=\"text-decoration: underline; color: #333333;\"><a href=\"http:\/\/gruenland.it\/de\/\" target=\"_blank\" rel=\"noopener\" style=\"color: #333333; text-decoration: underline;\">Beikircher Gr\u00fcnland<\/a><\/span><br \/><span style=\"text-decoration: underline; color: #333333;\"><a href=\"https:\/\/www.bergbaumuseum.it\/de\/prettau\/standort-prettau-919.html\" target=\"_blank\" rel=\"noopener\" style=\"color: #333333; text-decoration: underline;\">Bergbaumuseum Prettau<\/a><\/span><br \/><span style=\"text-decoration: underline; color: #333333;\"><a href=\"https:\/\/burgersanitaer.com\/de\/\" target=\"_blank\" rel=\"noopener\" style=\"color: #333333; text-decoration: underline;\">Burger Heizung<\/a><\/span><br \/><span style=\"text-decoration: underline; color: #333333;\"><a href=\"https:\/\/www.bwr.it\/de\/home.php\" target=\"_blank\" rel=\"noopener\" style=\"color: #333333; text-decoration: underline;\">BWR, Gais<\/a><\/span><br \/><span style=\"text-decoration: underline; color: #333333;\"><a href=\"https:\/\/www.rafting-club-activ.com\" target=\"_blank\" rel=\"noopener\" style=\"color: #333333; text-decoration: underline;\">Club Activ<\/a><\/span><br \/><span style=\"text-decoration: underline; color: #333333;\"><a href=\"https:\/\/www.facebook.com\/RestaurantDaimer\/\" target=\"_blank\" rel=\"noopener\" style=\"color: #333333; text-decoration: underline;\">Daimerbar<\/a><\/span><br \/><span style=\"text-decoration: underline; color: #333333;\"><a href=\"https:\/\/www.doctorglass.com\/centri-specializzati\/brunico\/brunico-407\/\" target=\"_blank\" rel=\"noopener\" style=\"color: #333333; text-decoration: underline;\">Doctor Glass Bruneck<\/a><\/span><\/p>\n<p>[\/et_pb_text][\/et_pb_column][et_pb_column type=&#8220;1_3&#8243; _builder_version=&#8220;4.16&#8243; _module_preset=&#8220;default&#8220; global_colors_info=&#8220;{}&#8220;][et_pb_text _builder_version=&#8220;4.18.0&#8243; _module_preset=&#8220;default&#8220; text_font=&#8220;|300|||||||&#8220; text_line_height=&#8220;1.8em&#8220; global_colors_info=&#8220;{}&#8220;]<\/p>\n<p style=\"text-align: center;\"><span style=\"text-decoration: underline; color: #333333;\"><a href=\"https:\/\/www.euroform-w.com\/de\/home\" target=\"_blank\" rel=\"noopener\" style=\"color: #333333; text-decoration: underline;\">Euroform<\/a><\/span><br \/><span style=\"text-decoration: underline; color: #333333;\"><a href=\"https:\/\/www.hofer.it\/de\/bodenleger-fliesenleger-suedtirol\/\" target=\"_blank\" rel=\"noopener\" style=\"color: #333333; text-decoration: underline;\">Fliesen Hofer<\/a><\/span><br \/><span style=\"text-decoration: underline; color: #333333;\"><a href=\"https:\/\/www.fuchsbrugger.com\/de\/home.php\" target=\"_blank\" rel=\"noopener\" style=\"color: #333333; text-decoration: underline;\">Fuchsbrugger Steinmetz<\/a><\/span><br \/><span style=\"color: #333333;\">Gaisler Werner<\/span><br \/><span style=\"text-decoration: underline; color: #333333;\"><a href=\"https:\/\/www.facebook.com\/people\/Imbiss-Gittobar\/100021087861163\/\" target=\"_blank\" rel=\"noopener\" style=\"color: #333333; text-decoration: underline;\">Gittobar<\/a><\/span><br \/><span style=\"text-decoration: underline; color: #333333;\"><a href=\"https:\/\/www.skiverleih-taufers.com\" target=\"_blank\" rel=\"noopener\" style=\"color: #333333; text-decoration: underline;\">Hermann\u00b4s Skistadel<\/a><\/span><br \/><span style=\"text-decoration: underline; color: #333333;\"><a href=\"https:\/\/www.hotelstocker.com\/de\/hotel-sand-in-taufers\/1-0.html\" target=\"_blank\" rel=\"noopener\" style=\"color: #333333; text-decoration: underline;\">Hotel Stocker<\/a><\/span><br \/><span style=\"text-decoration: underline; color: #333333;\"><a href=\"http:\/\/www.kasseler-huette.com\" target=\"_blank\" rel=\"noopener\" style=\"color: #333333; text-decoration: underline;\">Kasseler H\u00fctte<\/a><\/span><br \/><span style=\"text-decoration: underline; color: #333333;\"><a href=\"https:\/\/eppacher.com\" target=\"_blank\" rel=\"noopener\" style=\"color: #333333; text-decoration: underline;\">Konditorei Eppacher<\/a><\/span><br \/><span style=\"text-decoration: underline; color: #333333;\"><a href=\"https:\/\/www.logon.it\" target=\"_blank\" rel=\"noopener\" style=\"color: #333333; text-decoration: underline;\">Logon Bruneck<\/a><\/span><br \/><span style=\"text-decoration: underline; color: #333333;\"><a href=\"https:\/\/www.mittermairbau.com\" target=\"_blank\" rel=\"noopener\" style=\"color: #333333; text-decoration: underline;\">Mittermairbau des Heinz Mittermair<\/a><\/span><br \/><span style=\"text-decoration: underline; color: #333333;\"><a href=\"https:\/\/www.netixx.it\" target=\"_blank\" rel=\"noopener\" style=\"color: #333333; text-decoration: underline;\">Nettixx<\/a><\/span><br \/><span style=\"text-decoration: underline; color: #333333;\"><a href=\"https:\/\/www.optic-rapid.com\" target=\"_blank\" rel=\"noopener\" style=\"color: #333333; text-decoration: underline;\">Optik Rapid<\/a><\/span><br \/><span style=\"text-decoration: underline; color: #333333;\"><a href=\"https:\/\/www.passuellofratelli.it\/de\/\" target=\"_blank\" rel=\"noopener\" style=\"color: #333333; text-decoration: underline;\">Passuello, Percha<\/a><\/span><\/p>\n<p>[\/et_pb_text][\/et_pb_column][et_pb_column type=&#8220;1_3&#8243; _builder_version=&#8220;4.16&#8243; _module_preset=&#8220;default&#8220; global_colors_info=&#8220;{}&#8220;][et_pb_text _builder_version=&#8220;4.18.0&#8243; _module_preset=&#8220;default&#8220; text_font=&#8220;|300|||||||&#8220; text_line_height=&#8220;1.8em&#8220; global_colors_info=&#8220;{}&#8220;]<\/p>\n<p style=\"text-align: center;\"><span style=\"text-decoration: underline; color: #333333;\"><a href=\"https:\/\/www.gais.eu\/de\/Bar_Pub_Puschtra_Schupp_m\" target=\"_blank\" rel=\"noopener\" style=\"color: #333333; text-decoration: underline;\">Puschtra Schupp\u00b4m<\/a><\/span><br \/><span style=\"text-decoration: underline; color: #333333;\"><a href=\"https:\/\/restaurant-mittelstation.com\" target=\"_blank\" rel=\"noopener\" style=\"color: #333333; text-decoration: underline;\">Restaurant Mittelstation<\/a><\/span><br \/><span style=\"text-decoration: underline; color: #333333;\"><a href=\"https:\/\/www.riadruck.com\" target=\"_blank\" rel=\"noopener\" style=\"color: #333333; text-decoration: underline;\">Ria Druck<\/a><\/span><br \/><span style=\"text-decoration: underline; color: #333333;\"><a href=\"https:\/\/www.rienzbeton.it\" target=\"_blank\" rel=\"noopener\" style=\"color: #333333; text-decoration: underline;\">Rienz Beton, Gais<\/a><\/span><br \/><span style=\"text-decoration: underline; color: #333333;\"><a href=\"http:\/\/www.rier.it\" target=\"_blank\" rel=\"noopener\" style=\"color: #333333; text-decoration: underline;\">Rier S\u00e4gewerk<\/a><\/span><br \/><span style=\"text-decoration: underline; color: #333333;\"><a href=\"https:\/\/foppa.com\" target=\"_blank\" rel=\"noopener\" style=\"color: #333333; text-decoration: underline;\">R\u00f6ck Foppa<\/a><\/span><br \/><span style=\"text-decoration: underline; color: #333333;\"><a href=\"https:\/\/www.schlossgarage.net\" target=\"_blank\" rel=\"noopener\" style=\"color: #333333; text-decoration: underline;\">Schlossgarage<\/a><\/span><br \/><span style=\"text-decoration: underline; color: #333333;\"><a href=\"https:\/\/www.seeber.bz\/de\/\" target=\"_blank\" rel=\"noopener\" style=\"color: #333333; text-decoration: underline;\">Seeber der Boden<\/a><\/span><br \/><span style=\"color: #333333;\">Taufra Snack<\/span><br \/><span style=\"text-decoration: underline; color: #333333;\"><a href=\"https:\/\/www.facebook.com\/wernersgaragereicheggercustoms\/\" target=\"_blank\" rel=\"noopener\" style=\"color: #333333; text-decoration: underline;\">Werners Garage<\/a><\/span><br \/><span style=\"text-decoration: underline; color: #333333;\"><a href=\"https:\/\/zirkonzahn.com\" target=\"_blank\" rel=\"noopener\" style=\"color: #333333; text-decoration: underline;\">Zirkonzahn<\/a><\/span><br \/><span style=\"text-decoration: underline; color: #333333;\"><a href=\"https:\/\/www.spangla.it\" target=\"_blank\" rel=\"noopener\" style=\"color: #333333; text-decoration: underline;\">Hotel Spanglwirt<\/a><\/span><br \/><span style=\"color: #333333;\">Engl Willi<\/span><br \/><span style=\"text-decoration: underline; color: #333333;\"><a href=\"https:\/\/www.jungmann.it\" target=\"_blank\" rel=\"noopener\" style=\"color: #333333; text-decoration: underline;\">M\u00f6belhaus Jungmann<\/a><\/span><\/p>\n<p>[\/et_pb_text][\/et_pb_column][\/et_pb_row][\/et_pb_section][et_pb_section fb_built=&#8220;1&#8243; fullwidth=&#8220;on&#8220; _builder_version=&#8220;4.18.0&#8243; _module_preset=&#8220;default&#8220; custom_margin=&#8220;-13vw||||false|false&#8220; bottom_divider_style=&#8220;slant2&#8243; bottom_divider_color=&#8220;#225069&#8243; bottom_divider_height=&#8220;90px&#8220; bottom_divider_style_tablet=&#8220;slant2&#8243; bottom_divider_style_phone=&#8220;slant2&#8243; bottom_divider_style_last_edited=&#8220;on|phone&#8220; bottom_divider_height_tablet=&#8220;40px&#8220; bottom_divider_height_phone=&#8220;&#8220; bottom_divider_height_last_edited=&#8220;on|phone&#8220; global_module=&#8220;704&#8243; saved_tabs=&#8220;all&#8220; global_colors_info=&#8220;{}&#8220;][et_pb_fullwidth_slider admin_label=&#8220;Vollbreiter Slider&#8220; _builder_version=&#8220;4.18.0&#8243; _module_preset=&#8220;default&#8220; background_color=&#8220;RGBA(255,255,255,0)&#8220; background_image=&#8220;https:\/\/taufers-fussball.com\/wp-content\/uploads\/2022\/10\/Home-Danke.png&#8220; height=&#8220;40vw&#8220; height_tablet=&#8220;&#8220; height_phone=&#8220;&#8220; height_last_edited=&#8220;on|phone&#8220; custom_margin_tablet=&#8220;55px||||false|false&#8220; custom_margin_phone=&#8220;&#8220; custom_margin_last_edited=&#8220;on|tablet&#8220; global_colors_info=&#8220;{}&#8220;][et_pb_slide heading=&#8220;Danke&#8220; _builder_version=&#8220;4.18.0&#8243; _module_preset=&#8220;default&#8220; header_font=&#8220;Marck Script||||||||&#8220; header_font_size=&#8220;90px&#8220; custom_padding=&#8220;27vw||0px||false|false&#8220; custom_padding_tablet=&#8220;0vw||18vw||false|false&#8220; custom_padding_phone=&#8220;&#8220; custom_padding_last_edited=&#8220;on|phone&#8220; header_text_color_tablet=&#8220;#225069&#8243; header_text_color_phone=&#8220;&#8220; header_text_color_last_edited=&#8220;on|phone&#8220; header_font_size_tablet=&#8220;50px&#8220; header_font_size_phone=&#8220;25px&#8220; header_font_size_last_edited=&#8220;on|phone&#8220; global_colors_info=&#8220;{}&#8220; sticky_transition=&#8220;on&#8220;][\/et_pb_slide][\/et_pb_fullwidth_slider][\/et_pb_section][et_pb_section fb_built=&#8220;1&#8243; admin_label=&#8220;Sektion&#8220; module_id=&#8220;kontakt&#8220; _builder_version=&#8220;4.18.0&#8243; _module_preset=&#8220;default&#8220; background_color=&#8220;#225069&#8243; global_module=&#8220;116&#8243; saved_tabs=&#8220;all&#8220; global_colors_info=&#8220;{}&#8220;][et_pb_row column_structure=&#8220;1_5,1_5,1_5,1_5,1_5&#8243; use_custom_gutter=&#8220;on&#8220; gutter_width=&#8220;2&#8243; make_equal=&#8220;on&#8220; disabled_on=&#8220;on|on|off&#8220; admin_label=&#8220;Zeile&#8220; _builder_version=&#8220;4.18.0&#8243; _module_preset=&#8220;default&#8220; width=&#8220;100%&#8220; global_colors_info=&#8220;{}&#8220;][et_pb_column type=&#8220;1_5&#8243; _builder_version=&#8220;4.16&#8243; _module_preset=&#8220;default&#8220; global_colors_info=&#8220;{}&#8220;][et_pb_image src=&#8220;https:\/\/taufers-fussball.com\/wp-content\/uploads\/2022\/08\/cropped-ssv_taufers.png&#8220; title_text=&#8220;cropped-ssv_taufers.png&#8220; _builder_version=&#8220;4.18.0&#8243; _module_preset=&#8220;default&#8220; width=&#8220;75%&#8220; width_tablet=&#8220;30%&#8220; width_phone=&#8220;29%&#8220; width_last_edited=&#8220;on|phone&#8220; global_colors_info=&#8220;{}&#8220;][\/et_pb_image][\/et_pb_column][et_pb_column type=&#8220;1_5&#8243; _builder_version=&#8220;4.16&#8243; _module_preset=&#8220;default&#8220; global_colors_info=&#8220;{}&#8220;][et_pb_text _builder_version=&#8220;4.18.0&#8243; _module_preset=&#8220;default&#8220; text_font=&#8220;|300|||||||&#8220; text_text_color=&#8220;#FFFFFF&#8220; text_font_size=&#8220;15px&#8220; text_line_height=&#8220;1.8em&#8220; global_colors_info=&#8220;{}&#8220;]<\/p>\n<p><strong>SSV Taufers Fu\u00dfball<\/strong><br \/>Industriestrasse 21<br \/>39032 Sand in Taufers<br \/>info@taufers-fussball.com<\/p>\n<p>[\/et_pb_text][\/et_pb_column][et_pb_column type=&#8220;1_5&#8243; _builder_version=&#8220;4.16&#8243; _module_preset=&#8220;default&#8220; global_colors_info=&#8220;{}&#8220;][et_pb_text _builder_version=&#8220;4.18.0&#8243; _module_preset=&#8220;default&#8220; text_font=&#8220;|300|||||||&#8220; text_text_color=&#8220;#FFFFFF&#8220; text_font_size=&#8220;15px&#8220; text_line_height=&#8220;1.8em&#8220; global_colors_info=&#8220;{}&#8220;]<\/p>\n<p><strong>Sektionsleiter:<\/strong><br \/>Stefan Feichter<br \/>+39 335 133 6466<\/p>\n<p>[\/et_pb_text][\/et_pb_column][et_pb_column type=&#8220;1_5&#8243; _builder_version=&#8220;4.16&#8243; _module_preset=&#8220;default&#8220; custom_css_main_element=&#8220;margin: auto auto 0;&#8220; global_colors_info=&#8220;{}&#8220;][\/et_pb_column][et_pb_column type=&#8220;1_5&#8243; _builder_version=&#8220;4.16&#8243; _module_preset=&#8220;default&#8220; custom_css_main_element=&#8220;margin: auto auto 0;&#8220; global_colors_info=&#8220;{}&#8220;][\/et_pb_column][\/et_pb_row][et_pb_row column_structure=&#8220;1_5,1_5,1_5,1_5,1_5&#8243; use_custom_gutter=&#8220;on&#8220; gutter_width=&#8220;2&#8243; make_equal=&#8220;on&#8220; disabled_on=&#8220;on|on|off&#8220; _builder_version=&#8220;4.18.0&#8243; _module_preset=&#8220;default&#8220; width=&#8220;100%&#8220; custom_margin=&#8220;-70px||||false|false&#8220; custom_padding=&#8220;0px||||false|false&#8220; global_colors_info=&#8220;{}&#8220;][et_pb_column type=&#8220;1_5&#8243; _builder_version=&#8220;4.16&#8243; _module_preset=&#8220;default&#8220; global_colors_info=&#8220;{}&#8220;][\/et_pb_column][et_pb_column type=&#8220;1_5&#8243; _builder_version=&#8220;4.16&#8243; _module_preset=&#8220;default&#8220; global_colors_info=&#8220;{}&#8220;][et_pb_text _builder_version=&#8220;4.16&#8243; _module_preset=&#8220;default&#8220; text_font=&#8220;|300|||||||&#8220; text_text_color=&#8220;#FFFFFF&#8220; text_font_size=&#8220;15px&#8220; text_line_height=&#8220;1.8em&#8220; custom_margin=&#8220;30px||||false|false&#8220; global_colors_info=&#8220;{}&#8220;]<\/p>\n<p><strong>Verantwortliche erste Mannschaft:<\/strong><br \/>Thean Oberhollenzer<br \/>+39 340 924 5079<br \/>Simon Oberbichler<br \/>+39 346 238 2875<\/p>\n<p>[\/et_pb_text][\/et_pb_column][et_pb_column type=&#8220;1_5&#8243; _builder_version=&#8220;4.16&#8243; _module_preset=&#8220;default&#8220; global_colors_info=&#8220;{}&#8220;][et_pb_text _builder_version=&#8220;4.16&#8243; _module_preset=&#8220;default&#8220; text_font=&#8220;|300|||||||&#8220; text_text_color=&#8220;#FFFFFF&#8220; text_font_size=&#8220;15px&#8220; text_line_height=&#8220;1.8em&#8220; custom_margin=&#8220;30px||||false|false&#8220; global_colors_info=&#8220;{}&#8220;]<\/p>\n<p><strong>Verantwortlicher Abteilung Jugend:<\/strong><br \/>Petra Voppichler<br \/>+39 348 565 5237<br \/>Fabian Zimmerhofer<br \/>+39 349 140 2474<\/p>\n<p>[\/et_pb_text][\/et_pb_column][et_pb_column type=&#8220;1_5&#8243; _builder_version=&#8220;4.16&#8243; _module_preset=&#8220;default&#8220; global_colors_info=&#8220;{}&#8220;][et_pb_text _builder_version=&#8220;4.16&#8243; _module_preset=&#8220;default&#8220; text_font=&#8220;|300|||||||&#8220; text_text_color=&#8220;#FFFFFF&#8220; text_font_size=&#8220;15px&#8220; text_line_height=&#8220;1.8em&#8220; custom_margin=&#8220;30px||||false|false&#8220; global_colors_info=&#8220;{}&#8220;]<\/p>\n<p><strong>Verantwortlicher Sponsoren:<\/strong><br \/>Roland Kirchler<br \/>+39 348 714 7795<\/p>\n<p>[\/et_pb_text][\/et_pb_column][et_pb_column type=&#8220;1_5&#8243; _builder_version=&#8220;4.16&#8243; _module_preset=&#8220;default&#8220; global_colors_info=&#8220;{}&#8220;][et_pb_text _builder_version=&#8220;4.16&#8243; _module_preset=&#8220;default&#8220; text_font=&#8220;|300|||||||&#8220; text_text_color=&#8220;#FFFFFF&#8220; text_font_size=&#8220;15px&#8220; text_line_height=&#8220;1.8em&#8220; custom_margin=&#8220;30px||||false|false&#8220; global_colors_info=&#8220;{}&#8220;]<\/p>\n<p><strong>Verantwortlicher Reservierung Fu\u00dfballpl\u00e4tze:<\/strong><br \/>Werner Oberleiter<br \/>+39 348 70 38 767<\/p>\n<p>[\/et_pb_text][\/et_pb_column][\/et_pb_row][et_pb_row use_custom_gutter=&#8220;on&#8220; gutter_width=&#8220;2&#8243; make_equal=&#8220;on&#8220; disabled_on=&#8220;off|off|on&#8220; _builder_version=&#8220;4.18.0&#8243; _module_preset=&#8220;default&#8220; width=&#8220;90%&#8220; global_colors_info=&#8220;{}&#8220;][et_pb_column type=&#8220;4_4&#8243; _builder_version=&#8220;4.16&#8243; _module_preset=&#8220;default&#8220; global_colors_info=&#8220;{}&#8220;][et_pb_image src=&#8220;https:\/\/taufers-fussball.com\/wp-content\/uploads\/2022\/08\/cropped-ssv_taufers.png&#8220; title_text=&#8220;cropped-ssv_taufers.png&#8220; align=&#8220;center&#8220; _builder_version=&#8220;4.18.0&#8243; _module_preset=&#8220;default&#8220; width=&#8220;75%&#8220; width_tablet=&#8220;27%&#8220; width_phone=&#8220;33%&#8220; width_last_edited=&#8220;on|phone&#8220; global_colors_info=&#8220;{}&#8220;][\/et_pb_image][et_pb_text _builder_version=&#8220;4.18.0&#8243; _module_preset=&#8220;default&#8220; text_font=&#8220;|300|||||||&#8220; text_text_color=&#8220;#FFFFFF&#8220; text_font_size=&#8220;15px&#8220; text_line_height=&#8220;1.8em&#8220; global_colors_info=&#8220;{}&#8220;]<\/p>\n<p style=\"text-align: center;\"><span style=\"color: #ffffff;\"><strong>SSV Taufers Fu\u00dfball<\/strong><\/span><br \/><span style=\"color: #ffffff;\">Industriestrasse 21<\/span><br \/><span style=\"color: #ffffff;\">39032 Sand in Taufers<\/span><br \/><a href=\"mailto:info@taufers-fussball.com\"><span style=\"color: #ffffff;\">info@taufers-fussball.com<\/span><\/a><\/p>\n<p>[\/et_pb_text][et_pb_text _builder_version=&#8220;4.18.0&#8243; _module_preset=&#8220;default&#8220; text_font=&#8220;|300|||||||&#8220; text_text_color=&#8220;#FFFFFF&#8220; text_font_size=&#8220;15px&#8220; text_line_height=&#8220;1.8em&#8220; global_colors_info=&#8220;{}&#8220;]<\/p>\n<p style=\"text-align: center;\"><span style=\"color: #ffffff;\"><strong>Sektionsleiter:<\/strong><\/span><br \/><span style=\"color: #ffffff;\">Stefan Feichter<\/span><br \/><a href=\"tel:+39%20335 133 6466\"><span style=\"color: #ffffff;\">+39 335 133 6466<\/span><\/a><\/p>\n<p>[\/et_pb_text][et_pb_text _builder_version=&#8220;4.18.0&#8243; _module_preset=&#8220;default&#8220; text_font=&#8220;|300|||||||&#8220; text_text_color=&#8220;#FFFFFF&#8220; text_font_size=&#8220;15px&#8220; text_line_height=&#8220;1.8em&#8220; custom_margin=&#8220;30px||||false|false&#8220; global_colors_info=&#8220;{}&#8220;]<\/p>\n<p style=\"text-align: center;\"><span style=\"color: #ffffff;\"><strong>Verantwortliche erste Mannschaft:<\/strong><\/span><br \/><span style=\"color: #ffffff;\">Thean Oberhollenzer<\/span><br \/><a href=\"tel:+39%20340 924 5079\"><span style=\"color: #ffffff;\">+39 340 924 5079<\/span><\/a><br \/><span style=\"color: #ffffff;\">Simon Oberbichler<\/span><br \/><a href=\"tel:+39%20346 238 2875\"><span style=\"color: #ffffff;\">+39 346 238 2875<\/span><\/a><\/p>\n<p>[\/et_pb_text][et_pb_text _builder_version=&#8220;4.18.0&#8243; _module_preset=&#8220;default&#8220; text_font=&#8220;|300|||||||&#8220; text_text_color=&#8220;#FFFFFF&#8220; text_font_size=&#8220;15px&#8220; text_line_height=&#8220;1.8em&#8220; custom_margin=&#8220;30px||||false|false&#8220; global_colors_info=&#8220;{}&#8220;]<\/p>\n<p style=\"text-align: center;\"><span style=\"color: #ffffff;\"><strong>Verantwortliche Abteilung Jugend:<\/strong><\/span><br \/><span style=\"color: #ffffff;\">Petra Voppichler<\/span><br \/><a href=\"tel:+39%20348 565 5237\"><span style=\"color: #ffffff;\">+39 348 565 5237<\/span><\/a><br \/><span style=\"color: #ffffff;\">Fabian Zimmerhofer<\/span><br \/><a href=\"tel:+39%20349 140 2474\"><span style=\"color: #ffffff;\">+39 349 140 2474<\/span><\/a><\/p>\n<p>[\/et_pb_text][et_pb_text _builder_version=&#8220;4.18.0&#8243; _module_preset=&#8220;default&#8220; text_font=&#8220;|300|||||||&#8220; text_text_color=&#8220;#FFFFFF&#8220; text_font_size=&#8220;15px&#8220; text_line_height=&#8220;1.8em&#8220; custom_margin=&#8220;30px||||false|false&#8220; global_colors_info=&#8220;{}&#8220;]<\/p>\n<p style=\"text-align: center;\"><span style=\"color: #ffffff;\"><strong>Verantwortlicher Sportanlagen:<\/strong><\/span><br \/><span style=\"color: #ffffff;\">G\u00fcnther Geiregger<\/span><br \/><a href=\"tel:+39%20348 556 1272\"><span style=\"color: #ffffff;\">+39 348 556 1272<\/span><\/a><\/p>\n<p>[\/et_pb_text][et_pb_text _builder_version=&#8220;4.18.0&#8243; _module_preset=&#8220;default&#8220; text_font=&#8220;|300|||||||&#8220; text_text_color=&#8220;#FFFFFF&#8220; text_font_size=&#8220;15px&#8220; text_line_height=&#8220;1.8em&#8220; custom_margin=&#8220;30px||||false|false&#8220; global_colors_info=&#8220;{}&#8220;]<\/p>\n<p style=\"text-align: center;\"><span style=\"color: #ffffff;\"><strong>Verantwortlicher Reservierung Fu\u00dfballpl\u00e4tze:<\/strong><\/span><br \/><span style=\"color: #ffffff;\">Werner Oberleiter<\/span><br \/><a href=\"tel:+39%20348 70 38 767\"><span style=\"color: #ffffff;\">+39 348 70 38 767<\/span><\/a><\/p>\n<p>[\/et_pb_text][\/et_pb_column][\/et_pb_row][\/et_pb_section]<\/p>\n","protected":false},"excerpt":{"rendered":"<p>Der SSV Taufers \u2013 Fu\u00dfball ist die \u00e4lteste Sektion des S\u00fcdtiroler Sportvereins Taufers, denn aus dieser ging der Hauptverein hervor. Sie war \u00fcber die Jahre hinweg und ist immer noch das Aush\u00e4ngeschild, auch wenn auch der Handball und Yoseikan Budo sich stark entwickelt haben. Die Sektion Fu\u00dfball wird von folgendem Ausschuss gef\u00fchrt:Stefan Feichter \u2013\u00a0 SektionsleiterPetra [&hellip;]<\/p>\n","protected":false},"author":1,"featured_media":0,"parent":0,"menu_order":30,"comment_status":"closed","ping_status":"closed","template":"","meta":{"_et_pb_use_builder":"on","_et_pb_old_content":"","_et_gb_content_width":"","footnotes":""},"class_list":["post-531","page","type-page","status-publish","hentry"],"_links":{"self":[{"href":"https:\/\/taufers-fussball.com\/index.php\/wp-json\/wp\/v2\/pages\/531","targetHints":{"allow":["GET"]}}],"collection":[{"href":"https:\/\/taufers-fussball.com\/index.php\/wp-json\/wp\/v2\/pages"}],"about":[{"href":"https:\/\/taufers-fussball.com\/index.php\/wp-json\/wp\/v2\/types\/page"}],"author":[{"embeddable":true,"href":"https:\/\/taufers-fussball.com\/index.php\/wp-json\/wp\/v2\/users\/1"}],"replies":[{"embeddable":true,"href":"https:\/\/taufers-fussball.com\/index.php\/wp-json\/wp\/v2\/comments?post=531"}],"version-history":[{"count":25,"href":"https:\/\/taufers-fussball.com\/index.php\/wp-json\/wp\/v2\/pages\/531\/revisions"}],"predecessor-version":[{"id":1893,"href":"https:\/\/taufers-fussball.com\/index.php\/wp-json\/wp\/v2\/pages\/531\/revisions\/1893"}],"wp:attachment":[{"href":"https:\/\/taufers-fussball.com\/index.php\/wp-json\/wp\/v2\/media?parent=531"}],"curies":[{"name":"wp","href":"https:\/\/api.w.org\/{rel}","templated":true}]}}