{"id":580,"date":"2022-09-27T13:11:39","date_gmt":"2022-09-27T11:11:39","guid":{"rendered":"https:\/\/taufers-fussball.com\/?page_id=580"},"modified":"2025-10-29T09:09:15","modified_gmt":"2025-10-29T08:09:15","slug":"jugendarbeit","status":"publish","type":"page","link":"https:\/\/taufers-fussball.com\/index.php\/jugendarbeit\/","title":{"rendered":"Jugendarbeit"},"content":{"rendered":"<p>[et_pb_section fb_built=&#8220;1&#8243; fullwidth=&#8220;on&#8220; admin_label=&#8220;Header&#8220; _builder_version=&#8220;4.16&#8243; background_color=&#8220;#b7b9c7&#8243; custom_padding=&#8220;0px|0|0px|0px|false|false&#8220; global_colors_info=&#8220;{}&#8220;][et_pb_fullwidth_header title=&#8220;Jugendarbeit&#8220; text_orientation=&#8220;center&#8220; background_overlay_color=&#8220;rgba(0,0,0,0.3)&#8220; _builder_version=&#8220;4.27.4&#8243; title_font=&#8220;Noto Serif|700|||||||&#8220; title_text_align=&#8220;center&#8220; title_font_size=&#8220;4vw&#8220; title_line_height=&#8220;1.1em&#8220; content_font=&#8220;Noto Serif|700|||||||&#8220; content_text_align=&#8220;left&#8220; content_font_size=&#8220;32px&#8220; subhead_font=&#8220;||||||||&#8220; subhead_text_align=&#8220;center&#8220; subhead_font_size=&#8220;30px&#8220; subhead_line_height=&#8220;2em&#8220; background_color=&#8220;rgba(255,255,255,0)&#8220; background_image=&#8220;https:\/\/taufers-fussball.com\/wp-content\/uploads\/2025\/10\/Jugendarbeit-titel-1.jpg&#8220; parallax=&#8220;on&#8220; parallax_method=&#8220;on&#8220; custom_button_one=&#8220;on&#8220; button_one_text_size=&#8220;17px&#8220; button_one_text_color=&#8220;#FFFFFF&#8220; button_one_bg_color=&#8220;#225069&#8243; button_one_border_width=&#8220;7px&#8220; button_one_border_color=&#8220;#225069&#8243; button_one_border_radius=&#8220;100px&#8220; button_one_font=&#8220;Noto Sans|700||on|||||&#8220; button_one_use_icon=&#8220;off&#8220; custom_margin=&#8220;|||&#8220; custom_margin_tablet=&#8220;|||&#8220; custom_margin_phone=&#8220;|||&#8220; custom_margin_last_edited=&#8220;on|tablet&#8220; custom_padding=&#8220;270px||320px||false|false&#8220; custom_padding_tablet=&#8220;||||false|false&#8220; custom_padding_phone=&#8220;&#8220; custom_padding_last_edited=&#8220;on|phone&#8220; animation_style=&#8220;fade&#8220; animation_direction=&#8220;top&#8220; title_font_size_tablet=&#8220;6vw&#8220; title_font_size_phone=&#8220;35px&#8220; title_font_size_last_edited=&#8220;on|phone&#8220; subhead_font_size_tablet=&#8220;&#8220; subhead_font_size_phone=&#8220;20px&#8220; subhead_font_size_last_edited=&#8220;on|desktop&#8220; subhead_line_height_tablet=&#8220;&#8220; subhead_line_height_phone=&#8220;1.5em&#8220; subhead_line_height_last_edited=&#8220;on|phone&#8220; button_one_text_color_hover=&#8220;#ffffff&#8220; button_one_border_color_hover=&#8220;#ff9e59&#8243; button_one_border_radius_hover=&#8220;100px&#8220; button_one_bg_color_hover=&#8220;#ff9e59&#8243; global_colors_info=&#8220;{}&#8220; button_one_text_size__hover_enabled=&#8220;off&#8220; button_two_text_size__hover_enabled=&#8220;off&#8220; button_one_text_color__hover_enabled=&#8220;on&#8220; button_one_text_color__hover=&#8220;#ffffff&#8220; button_two_text_color__hover_enabled=&#8220;off&#8220; button_one_border_width__hover_enabled=&#8220;off&#8220; button_two_border_width__hover_enabled=&#8220;off&#8220; button_one_border_color__hover_enabled=&#8220;on|desktop&#8220; button_one_border_color__hover=&#8220;#87241E&#8220; button_two_border_color__hover_enabled=&#8220;off&#8220; button_one_border_radius__hover_enabled=&#8220;on&#8220; button_one_border_radius__hover=&#8220;100px&#8220; button_two_border_radius__hover_enabled=&#8220;off&#8220; button_one_letter_spacing__hover_enabled=&#8220;off&#8220; button_two_letter_spacing__hover_enabled=&#8220;off&#8220; button_one_bg_color__hover_enabled=&#8220;on|hover&#8220; button_one_bg_color__hover=&#8220;#87241E&#8220; button_two_bg_color__hover_enabled=&#8220;off&#8220; button_one_bg_enable_color__hover=&#8220;on&#8220;][\/et_pb_fullwidth_header][\/et_pb_section][et_pb_section fb_built=&#8220;1&#8243; _builder_version=&#8220;4.16&#8243; custom_padding=&#8220;|||&#8220; global_colors_info=&#8220;{}&#8220;][et_pb_row _builder_version=&#8220;4.16&#8243; custom_padding=&#8220;|||&#8220; global_colors_info=&#8220;{}&#8220;][et_pb_column type=&#8220;4_4&#8243; _builder_version=&#8220;4.16&#8243; custom_padding=&#8220;|||&#8220; global_colors_info=&#8220;{}&#8220; custom_padding__hover=&#8220;|||&#8220;][et_pb_cta title=&#8220;Jugendabteilung im SSV Taufers&#8220; button_url=&#8220;#TOP&#8220; _builder_version=&#8220;4.18.0&#8243; header_font=&#8220;Noto Serif|700|||||||&#8220; header_text_align=&#8220;center&#8220; header_font_size=&#8220;44px&#8220; header_line_height=&#8220;1.5em&#8220; body_font=&#8220;Roboto|300|||||||&#8220; body_text_align=&#8220;center&#8220; use_background_color=&#8220;off&#8220; custom_button=&#8220;on&#8220; button_text_size=&#8220;17px&#8220; button_text_color=&#8220;#FFFFFF&#8220; button_bg_color=&#8220;#225069&#8243; button_border_width=&#8220;5px&#8220; button_border_color=&#8220;#225069&#8243; button_border_radius=&#8220;100px&#8220; button_font=&#8220;Noto Sans|700||on|||||&#8220; button_use_icon=&#8220;off&#8220; text_orientation=&#8220;left&#8220; background_layout=&#8220;light&#8220; custom_margin=&#8220;60px|||&#8220; animation_style=&#8220;fade&#8220; animation_delay=&#8220;100ms&#8220; animation_starting_opacity=&#8220;50%&#8220; header_font_size_tablet=&#8220;&#8220; header_font_size_phone=&#8220;34px&#8220; header_font_size_last_edited=&#8220;on|phone&#8220; button_text_color_hover=&#8220;#ffffff&#8220; button_border_color_hover=&#8220;#ff9e59&#8243; button_bg_color_hover=&#8220;#ff9e59&#8243; global_colors_info=&#8220;{}&#8220; button_text_size__hover_enabled=&#8220;off&#8220; button_one_text_size__hover_enabled=&#8220;off&#8220; button_two_text_size__hover_enabled=&#8220;off&#8220; button_text_color__hover_enabled=&#8220;on&#8220; button_text_color__hover=&#8220;#ffffff&#8220; button_one_text_color__hover_enabled=&#8220;off&#8220; button_two_text_color__hover_enabled=&#8220;off&#8220; button_border_width__hover_enabled=&#8220;off&#8220; button_one_border_width__hover_enabled=&#8220;off&#8220; button_two_border_width__hover_enabled=&#8220;off&#8220; button_border_color__hover_enabled=&#8220;on|desktop&#8220; button_border_color__hover=&#8220;#87241E&#8220; button_one_border_color__hover_enabled=&#8220;off&#8220; button_two_border_color__hover_enabled=&#8220;off&#8220; button_border_radius__hover_enabled=&#8220;off&#8220; button_one_border_radius__hover_enabled=&#8220;off&#8220; button_two_border_radius__hover_enabled=&#8220;off&#8220; button_letter_spacing__hover_enabled=&#8220;off&#8220; button_one_letter_spacing__hover_enabled=&#8220;off&#8220; button_two_letter_spacing__hover_enabled=&#8220;off&#8220; button_bg_color__hover_enabled=&#8220;on|hover&#8220; button_bg_color__hover=&#8220;#87241E&#8220; button_one_bg_color__hover_enabled=&#8220;off&#8220; button_two_bg_color__hover_enabled=&#8220;off&#8220; button_bg_enable_color__hover=&#8220;on&#8220;]<\/p>\n<p style=\"text-align: justify;\">Der Verein sieht sich in der Philosophie des SSV Taufers Fu\u00dfball durch die Erfolge und R\u00fcckmeldungen best\u00e4tigt, denn er hat sich zum Ziel gesetzt, in Zeiten der zunehmenden Digitalisierung, den Kindern \u00fcber den Fu\u00dfball nicht nur Spa\u00df am Spiel und der k\u00f6rperlichen Bet\u00e4tigung zu vermitteln, sondern auch die <strong>F\u00f6rderung der k\u00f6rperlichen, geistigen und sozialen Entwicklung der Kinder<\/strong>. Ihnen <strong>Fairness, Disziplin, Respekt<\/strong> und <strong>Anstand<\/strong> gegen\u00fcber allen Beteiligten und Gegnern beizubringen ist und wird weiterhin ein wichtiger Bestandteil des Leitbilds des SSV Taufers sein. Unter dem Motto: \u201e<strong>Wir leben Fu\u00dfball<\/strong>\u201c will man die Jugend st\u00e4rken und ihnen so dabei helfen, zu Pers\u00f6nlichkeiten heranzuwachsen. \u201eWir sind (d)ein Team\u201c, gewinnen und verlieren gemeinsam!<\/p>\n<p style=\"text-align: justify;\">Die Jugendarbeit wird auch in der heurigen Saison wieder fortgesetzt. In gewohnter Qualit\u00e4t k\u00fcmmern wir uns um die Spieler*Innen aus Taufers und \u00fcbernehmen auch die Betreuung der interessierten Spieler*Innen der Nachbarvereine.<\/p>\n<p style=\"text-align: justify;\">Die Jugendspieler*Innen werden von der <strong>U-6 bis zur A-Jugend oder Junioren<\/strong> durch qualifizierte Trainer betreut. Die Trainingseinheiten und Spiele finden haupts\u00e4chlich auf unseren beiden Pl\u00e4tzen in Sand und M\u00fchlen statt. Das Training beginnt im Monat August\/September und im Winter wird nach M\u00f6glichkeit auch ein Hallentraining angeboten.<\/p>\n<p>[\/et_pb_cta][et_pb_image src=&#8220;https:\/\/taufers-fussball.com\/wp-content\/uploads\/2025\/10\/Kinder-Jubel-scaled.jpg&#8220; title_text=&#8220;Kinder Jubel&#8220; _builder_version=&#8220;4.27.4&#8243; _module_preset=&#8220;default&#8220; animation_style=&#8220;fade&#8220; animation_delay=&#8220;100ms&#8220; animation_starting_opacity=&#8220;50%&#8220; global_colors_info=&#8220;{}&#8220;][\/et_pb_image][et_pb_cta button_url=&#8220;#TOP&#8220; _builder_version=&#8220;4.18.0&#8243; header_font=&#8220;Noto Serif|700|||||||&#8220; header_text_align=&#8220;center&#8220; header_font_size=&#8220;44px&#8220; header_line_height=&#8220;1.5em&#8220; body_font=&#8220;Roboto|300|||||||&#8220; body_text_align=&#8220;center&#8220; use_background_color=&#8220;off&#8220; custom_button=&#8220;on&#8220; button_text_size=&#8220;17px&#8220; button_text_color=&#8220;#FFFFFF&#8220; button_bg_color=&#8220;#225069&#8243; button_border_width=&#8220;5px&#8220; button_border_color=&#8220;#225069&#8243; button_border_radius=&#8220;100px&#8220; button_font=&#8220;Noto Sans|700||on|||||&#8220; button_use_icon=&#8220;off&#8220; text_orientation=&#8220;left&#8220; background_layout=&#8220;light&#8220; custom_margin=&#8220;60px|||&#8220; animation_style=&#8220;fade&#8220; animation_delay=&#8220;100ms&#8220; animation_starting_opacity=&#8220;50%&#8220; header_font_size_tablet=&#8220;&#8220; header_font_size_phone=&#8220;34px&#8220; header_font_size_last_edited=&#8220;on|phone&#8220; button_text_color_hover=&#8220;#ffffff&#8220; button_border_color_hover=&#8220;#ff9e59&#8243; button_bg_color_hover=&#8220;#ff9e59&#8243; global_colors_info=&#8220;{}&#8220; button_text_size__hover_enabled=&#8220;off&#8220; button_one_text_size__hover_enabled=&#8220;off&#8220; button_two_text_size__hover_enabled=&#8220;off&#8220; button_text_color__hover_enabled=&#8220;on&#8220; button_text_color__hover=&#8220;#ffffff&#8220; button_one_text_color__hover_enabled=&#8220;off&#8220; button_two_text_color__hover_enabled=&#8220;off&#8220; button_border_width__hover_enabled=&#8220;off&#8220; button_one_border_width__hover_enabled=&#8220;off&#8220; button_two_border_width__hover_enabled=&#8220;off&#8220; button_border_color__hover_enabled=&#8220;on|desktop&#8220; button_border_color__hover=&#8220;#87241E&#8220; button_one_border_color__hover_enabled=&#8220;off&#8220; button_two_border_color__hover_enabled=&#8220;off&#8220; button_border_radius__hover_enabled=&#8220;off&#8220; button_one_border_radius__hover_enabled=&#8220;off&#8220; button_two_border_radius__hover_enabled=&#8220;off&#8220; button_letter_spacing__hover_enabled=&#8220;off&#8220; button_one_letter_spacing__hover_enabled=&#8220;off&#8220; button_two_letter_spacing__hover_enabled=&#8220;off&#8220; button_bg_color__hover_enabled=&#8220;on|hover&#8220; button_bg_color__hover=&#8220;#87241E&#8220; button_one_bg_color__hover_enabled=&#8220;off&#8220; button_two_bg_color__hover_enabled=&#8220;off&#8220; button_bg_enable_color__hover=&#8220;on&#8220;]<\/p>\n<p style=\"text-align: justify;\">Wir hoffen nicht nur auf gute Leistungen, sondern auch auf ein vorbildhaftes Auftreten, wie es in den vergangenen Saisonen der Fall war. Denn auch in der Erziehung zu einer sportlichen Einstellung wollen wir unseren Beitrag leisten und der sozialen Rolle in unserer Dorfgemeinschaft nachkommen. Deshalb orientieren sich unsere <strong>Richtlinien<\/strong> an folgenden Zielen:<\/p>\n<ul>\n<li style=\"text-align: justify;\">Wir machen diese Arbeit aus\u00a0Begeisterung, wir m\u00f6chten deshalb die <strong>Freude am Spielen<\/strong> und f\u00fcr diesen Sport weitergeben.<\/li>\n<li style=\"text-align: justify;\">Das Ergebnis ist zwar wichtig, zuerst kommen aber Werte wie\u00a0<strong>Zusammenhalt<\/strong>, <strong>gegenseitige\u00a0Hilfe<\/strong>,\u00a0<strong>R\u00fccksicht<\/strong>,\u00a0<strong>Disziplin<\/strong>\u00a0und\u00a0<strong>Respekt<\/strong>\u00a0f\u00fcr die Schiedsrichter und Gegner.<\/li>\n<li style=\"text-align: justify;\">Unsere Jugendtrainer lehren nicht nur den Fu\u00dfball, sondern nehmen auch eine\u00a0erzieherische Aufgabe\u00a0wahr. Deshalb sind sie sich ihrer <strong>Vorbildwirkung<\/strong> bewusst und benehmen sich danach.<\/li>\n<li style=\"text-align: justify;\">Wir <strong>repr\u00e4sentieren unseren Verein<\/strong> und treten deshalb immer\u00a0ordentlich\u00a0auf.<\/li>\n<\/ul>\n<p style=\"text-align: justify;\">Die <strong>Leitlinien<\/strong> f\u00fcr die Jugendarbeit im SSV Taufers:<\/p>\n<ul>\n<li style=\"text-align: justify;\">Im Mittelpunkt stehen die uns anvertrauten Kinder und Jugendlichen<\/li>\n<li style=\"text-align: justify;\">Das Wichtigste f\u00fcr die Kinder ist das Zusammensein mit ihren Freunden<\/li>\n<li style=\"text-align: justify;\">Jeder kommt zum Einsatz<\/li>\n<li style=\"text-align: justify;\">Wir praktizieren mit den Gruppen ein ausbildungs- und kein ergebnisorientiertes Trainieren und Spielen<\/li>\n<li style=\"text-align: justify;\">Wir gestalten Fu\u00dfball abwechslungsreich und vielseitig<\/li>\n<li style=\"text-align: justify;\">Wir lehren gemeinsam gewinnen und verlieren<\/li>\n<li style=\"text-align: justify;\">Wir vermitteln Respekt vor dem Gegner und dem Schiedsrichter<\/li>\n<li style=\"text-align: justify;\">Kinder im Alter von sechs bis zw\u00f6lf Jahren werden spielerisch und ohne Leistungsdruck an das Fu\u00dfballspiel herangef\u00fchrt<\/li>\n<li style=\"text-align: justify;\">Kinder bestreiten aus Freude am Fu\u00dfballspiel ihre Wettk\u00e4mpfe und werden nicht in ihrem Spieldrang eingeengt<\/li>\n<li style=\"text-align: justify;\">Eine zu fr\u00fche Spezialisierung der Kinder, inklusive Torwart, wird vermieden. Eine vielseitige Ausbildung f\u00fcr verschiedene Positionen wird angestrebt<\/li>\n<\/ul>\n<p style=\"text-align: justify;\">Wir investieren einen bedeutenden Teil des Budgets in die Jugendarbeit und mit gro\u00dfem Einsatz ist es uns gelungen, wieder einen kompetenten Trainerstab zusammenzustellen.<\/p>\n<p style=\"text-align: justify;\">Das Tauferer <strong>Sommer-Jugendcamp<\/strong> ist seit Jahren zu einem festen Bestandteil der Aktivit\u00e4ten im Sommer geworden und konnte auch in den Pandemiejahren 2020 und 2021 unter Einhaltung der vorgesehenen Sicherheitsauflagen durchgef\u00fchrt werden.<\/p>\n<p>[\/et_pb_cta][et_pb_button button_url=&#8220;#jugendcamps&#8220; button_text=&#8220;Jugendcamps&#8220; button_alignment=&#8220;center&#8220; _builder_version=&#8220;4.18.0&#8243; custom_button=&#8220;on&#8220; button_text_size=&#8220;17px&#8220; button_bg_color=&#8220;#225069&#8243; button_border_width=&#8220;5px&#8220; button_border_color=&#8220;#225069&#8243; button_border_radius=&#8220;100px&#8220; button_font=&#8220;Noto Sans|700||on|||||&#8220; button_use_icon=&#8220;off&#8220; background_layout=&#8220;dark&#8220; button_border_color_hover=&#8220;#ff9e59&#8243; button_bg_color_hover=&#8220;#ff9e59&#8243; locked=&#8220;off&#8220; global_colors_info=&#8220;{}&#8220; button_text_size__hover_enabled=&#8220;off&#8220; button_one_text_size__hover_enabled=&#8220;off&#8220; button_two_text_size__hover_enabled=&#8220;off&#8220; button_text_color__hover_enabled=&#8220;off&#8220; button_one_text_color__hover_enabled=&#8220;off&#8220; button_two_text_color__hover_enabled=&#8220;off&#8220; button_border_width__hover_enabled=&#8220;off&#8220; button_one_border_width__hover_enabled=&#8220;off&#8220; button_two_border_width__hover_enabled=&#8220;off&#8220; button_border_color__hover_enabled=&#8220;on&#8220; button_border_color__hover=&#8220;#87241E&#8220; button_one_border_color__hover_enabled=&#8220;off&#8220; button_two_border_color__hover_enabled=&#8220;off&#8220; button_border_radius__hover_enabled=&#8220;off&#8220; button_one_border_radius__hover_enabled=&#8220;off&#8220; button_two_border_radius__hover_enabled=&#8220;off&#8220; button_letter_spacing__hover_enabled=&#8220;off&#8220; button_one_letter_spacing__hover_enabled=&#8220;off&#8220; button_two_letter_spacing__hover_enabled=&#8220;off&#8220; button_bg_color__hover_enabled=&#8220;on|hover&#8220; button_bg_color__hover=&#8220;#87241E&#8220; button_one_bg_color__hover_enabled=&#8220;off&#8220; button_two_bg_color__hover_enabled=&#8220;off&#8220; button_bg_enable_color__hover=&#8220;on&#8220;][\/et_pb_button][\/et_pb_column][\/et_pb_row][\/et_pb_section][et_pb_section fb_built=&#8220;1&#8243; admin_label=&#8220;Travel History&#8220; _builder_version=&#8220;4.27.4&#8243; use_background_color_gradient=&#8220;on&#8220; background_color_gradient_stops=&#8220;#ffffff 0%|rgba(255,255,255,0) 21%&#8220; background_color_gradient_overlays_image=&#8220;on&#8220; background_color_gradient_start=&#8220;#ffffff&#8220; background_color_gradient_end=&#8220;rgba(255,255,255,0)&#8220; background_color_gradient_end_position=&#8220;50%&#8220; background_image=&#8220;https:\/\/taufers-fussball.com\/wp-content\/uploads\/2025\/10\/Jugendarbeit1-scaled.jpg&#8220; height=&#8220;795px&#8220; height_tablet=&#8220;795px&#8220; height_phone=&#8220;392px&#8220; height_last_edited=&#8220;on|phone&#8220; custom_padding=&#8220;150px|0px|150px|0px|false|false&#8220; bottom_divider_style=&#8220;slant2&#8243; bottom_divider_color=&#8220;#ededed&#8220; global_colors_info=&#8220;{}&#8220;][et_pb_row column_structure=&#8220;1_2,1_4,1_4&#8243; _builder_version=&#8220;4.16&#8243; custom_padding=&#8220;60px|0px|60px|0px|true|false&#8220; locked=&#8220;off&#8220; global_colors_info=&#8220;{}&#8220;][et_pb_column type=&#8220;1_2&#8243; _builder_version=&#8220;4.16&#8243; custom_padding=&#8220;|||&#8220; global_colors_info=&#8220;{}&#8220; custom_padding__hover=&#8220;|||&#8220;][\/et_pb_column][et_pb_column type=&#8220;1_4&#8243; _builder_version=&#8220;4.16&#8243; custom_padding=&#8220;|||&#8220; global_colors_info=&#8220;{}&#8220; custom_padding__hover=&#8220;|||&#8220;][\/et_pb_column][et_pb_column type=&#8220;1_4&#8243; _builder_version=&#8220;4.16&#8243; custom_padding=&#8220;|||&#8220; global_colors_info=&#8220;{}&#8220; custom_padding__hover=&#8220;|||&#8220;][\/et_pb_column][\/et_pb_row][\/et_pb_section][et_pb_section fb_built=&#8220;1&#8243; next_background_color=&#8220;#ffffff&#8220; admin_label=&#8220;Recent Travels&#8220; _builder_version=&#8220;4.18.0&#8243; background_color=&#8220;#ededed&#8220; min_height=&#8220;1672px&#8220; custom_padding=&#8220;80px|0px|80px|0px|true|false&#8220; bottom_divider_style=&#8220;slant2&#8243; bottom_divider_flip=&#8220;horizontal&#8220; global_colors_info=&#8220;{}&#8220;][et_pb_row _builder_version=&#8220;4.16&#8243; custom_padding=&#8220;|||&#8220; global_colors_info=&#8220;{}&#8220;][et_pb_column type=&#8220;4_4&#8243; _builder_version=&#8220;4.16&#8243; custom_padding=&#8220;|||&#8220; global_colors_info=&#8220;{}&#8220; custom_padding__hover=&#8220;|||&#8220;][et_pb_text _builder_version=&#8220;4.18.0&#8243; _module_preset=&#8220;default&#8220; text_font=&#8220;|300|||||||&#8220; animation_style=&#8220;fade&#8220; animation_delay=&#8220;100ms&#8220; animation_starting_opacity=&#8220;50%&#8220; global_colors_info=&#8220;{}&#8220;]<\/p>\n<p>Auch wenn die sportlichen Erfolge nur einen Teil der Jugendarbeit ausmachen, so kann unsere Arbeit auch daran gemessen werden:<\/p>\n<p>[\/et_pb_text][\/et_pb_column][\/et_pb_row][et_pb_row column_structure=&#8220;1_2,1_2&#8243; use_custom_gutter=&#8220;on&#8220; gutter_width=&#8220;2&#8243; _builder_version=&#8220;4.21.0&#8243; custom_padding=&#8220;|||&#8220; animation_style=&#8220;fade&#8220; animation_delay=&#8220;100ms&#8220; animation_starting_opacity=&#8220;50%&#8220; global_colors_info=&#8220;{}&#8220;][et_pb_column type=&#8220;1_2&#8243; _builder_version=&#8220;4.16&#8243; custom_padding=&#8220;|||&#8220; global_colors_info=&#8220;{}&#8220; custom_padding__hover=&#8220;|||&#8220;][et_pb_text _builder_version=&#8220;4.27.4&#8243; _module_preset=&#8220;default&#8220; text_font=&#8220;|300|||||||&#8220; animation_style=&#8220;fade&#8220; animation_delay=&#8220;100ms&#8220; animation_starting_opacity=&#8220;50%&#8220; hover_enabled=&#8220;0&#8243; global_colors_info=&#8220;{}&#8220; custom_padding=&#8220;||0px|||&#8220; sticky_enabled=&#8220;0&#8243;]<\/p>\n<p style=\"text-align: left;\"><strong>Saison 2024\/25:<br \/><\/strong>\u00b7 2. Platz Junioren<br \/>\u00b7 3. Platz U15<\/p>\n<p style=\"text-align: left;\"><strong>Saison 2022\/23:<br \/><\/strong>\u00b7 Vize-Landesmeister U-11<br \/>\u00b7 1. Platz U-11 Ost<br \/>\u00b7 1. Platz U-9 Pustertal<br \/><strong>\u00b7\u00a0<\/strong>3. Platz U-13 Elite<\/p>\n<p style=\"text-align: left;\"><strong>Saison 2021\/22:<\/strong><br \/><strong>\u00b7\u00a0<\/strong>Landesmeister U-10<br \/><strong>\u00b7\u00a0<\/strong>2. Platz Quali B-Jugend<br \/><strong>\u00b7\u00a0<\/strong>2. Platz U-13 Ost<br \/><strong>\u00b7\u00a0<\/strong>3. Platz U-12 Ost<\/p>\n<p style=\"text-align: left;\"><strong>Saison 2020\/21:<br \/><\/strong>Keine Abschlusstabellen, da die Meisterschaft noch w\u00e4hrend der Hinrunde am 20.10.2020 abgebrochen wurde<\/p>\n<p style=\"text-align: left;\"><strong>Saison 2019\/20:<br \/><\/strong>Keine Abschlusstabellen, da die Meisterschaft Anfang M\u00e4rz 2020 vorzeitig abgebrochen wurde<\/p>\n<p style=\"text-align: left;\"><strong>Saison 2018\/19:<br \/><\/strong><strong>\u00b7\u00a0<\/strong>Kreissieg Junioren Elite<br \/><strong>\u00b7\u00a0<\/strong>Vize-Landesmeister Junioren<br \/><strong>\u00b7\u00a0<\/strong>2. Platz Kreis C-Jugend gemischt Elite<br \/><strong>\u00b7\u00a0<\/strong>Kreissieg Hinrunde C-Jugend gemischt<br \/><strong>\u00b7\u00a0<\/strong>2. Platz Hinrunde C-Jugend Junior<br \/><strong>\u00b7\u00a0<\/strong>2. Platz Hinrunde U-10<\/p>\n<p style=\"text-align: left;\"><strong>Saison 2017\/18:<br \/><\/strong><strong>\u00b7\u00a0<\/strong>Kreissieg U-11<br \/><strong>\u00b7\u00a0<\/strong>Kreissieg B-Jugend Regional Qualiphase (JF Taufra Ahrn)<br \/><strong>\u00b7\u00a0<\/strong>2. Platz Pokal Junioren (JF Taufra Ahrn)<br \/><strong>\u00b7\u00a0<\/strong>3. Platz U-10 Hinrunde<\/p>\n<p style=\"text-align: left;\"><strong>Saison 2016\/17:<\/strong><br \/><span>\u2022\u00a0Kreissieg und LM-Titel Junioren<\/span><br \/><span>\u2022\u00a0Kreissieg und 3. Platz U-10 LKA<\/span><br \/><span>\u2022\u00a03. Platz A-Jugend Hinrunde<\/span><br \/><span>\u2022\u00a03. Platz C-Jugend Elite<\/span><\/p>\n<p style=\"text-align: left;\"><span><strong>Saison 2015\/16:<\/strong><br \/>\u2022 Kreissieg und LM-Titel Vss Liga<br \/>\u2022 Kreissieg A-Jugend Elite und Vize-LM Titel<br \/>\u2022 2. Platz U-10 LKB<br \/>\u2022 2. Platz U-11<br \/>\u2022 3. Platz B- Jugend Hinrunde<\/span><\/p>\n<p>[\/et_pb_text][\/et_pb_column][et_pb_column type=&#8220;1_2&#8243; _builder_version=&#8220;4.16&#8243; custom_padding=&#8220;|||&#8220; global_colors_info=&#8220;{}&#8220; custom_padding__hover=&#8220;|||&#8220;][et_pb_text _builder_version=&#8220;4.27.4&#8243; _module_preset=&#8220;default&#8220; text_font=&#8220;|300|||||||&#8220; animation_style=&#8220;fade&#8220; animation_delay=&#8220;100ms&#8220; animation_starting_opacity=&#8220;50%&#8220; hover_enabled=&#8220;0&#8243; global_colors_info=&#8220;{}&#8220; sticky_enabled=&#8220;0&#8243;]<\/p>\n<p><strong><span>Saison 2013\/14<br \/><\/span><\/strong>\u2022 Meister im Kreis Pustertal und vierter Platz in der Landesmeisterschaft U-13 VSS<br \/>\u2022 Kreissieger R\u00fcckrunde A-Jugend<br \/>\u2022 Kreissieger R\u00fcckrunde C-Jugend Kreis D<br \/>\u2022 Zweiter Platz R\u00fcckrunde Kreis Landesmeisterschaft B-Jugend<br \/>\u2022 Zweiter Platz R\u00fcckrunde Leistungsklasse C U-10<\/p>\n<p><strong>Saison 2012\/13<\/strong><br \/>\u2022 Meister im Kreis Pustertal und dritte Platz in der Landesmeisterschaft U-13 VSS<br \/>\u2022 Kreissieger R\u00fcckrunde C-Jugend<br \/>\u2022 Dritter Platz R\u00fcckrunde A-Jugend<br \/>\u2022 Dritter Platz Leistungsklasse B der U-10 VSS<\/p>\n<p><strong>Saison 2011\/12<\/strong><br \/>\u2022 Erster Platz Hinrunde Kreis Pustertal C-Jugend<br \/>\u2022 Sieg Kreis Pustertal Abschlussturnier U-8<br \/>\u2022 Vierter Platz U-11<br \/>\u2022 Vierter Platz Hinrunde Kreis Pustertal B-Jugend<\/p>\n<p><strong>Saison 2010\/11<\/strong><br \/>\u2022 Zweiter Platz Kreis Pustertal U-11 VSS<br \/>\u2022 Zweiter Platz Kreis Hinrunde U-10 Gr\u00fcn VSS<br \/>\u2022 Dritter Platz B-Jugend R\u00fcckrunde<\/p>\n<p><strong>Saison 2009\/10<\/strong><br \/>\u2022 Vize-Landesmeister U-15 VSS<br \/>\u2022 Sieger Leistungsklasse C U-10<br \/>\u2022 Zweiter Platz Landesmeisterschaft Kreis B Junioren<br \/>\u2022 Zweiter Platz Kreis F C-Jugend<br \/>\u2022 Zweiter Platz der LK A Pustertal und 4. Platz LM VSS U-10<\/p>\n<p><strong>Saison 2008\/09<\/strong><br \/>\u2022 Vizemeister B-Jugend Pustertal Eisacktal<br \/>\u2022 Vizemeister U-10 Leistungsklasse B Pustertal<\/p>\n<p><strong>Saison 2007\/08<\/strong><br \/>\u2022 Meister der Leistungsklasse C U-10 Pustertal<\/p>\n<p><strong>Saison 2006\/07<\/strong><br \/>\u2022 Meister im Kreis Ost der U-15 und Vize-Landesmeister<br \/>\u2022 Punktegleich mit dem Meister Platz 3 in der Landesmeisterschaft<br \/>der Junioren<\/p>\n<p><strong>Saison 2005\/06<\/strong><br \/>\u2022 A-Jugend Meister im Kreis Pustertal\/Eisacktal<br \/>\u2022 C-Jugend 2. Platz im Kreis Pustertal<\/p>\n<p><strong>Saison 2004\/05<\/strong><br \/>\u2022 U-11 VSS Meister im Kreis Pustertal<br \/>\u2022 U-13 VSS 3. Platz im Kreis Pustertal<\/p>\n<p><strong>Saison 2003\/04<\/strong><br \/>\u2022 U-11 VSS 2. Platz Kreis Pustertal<\/p>\n<p><strong>Saison 2002\/03<\/strong><br \/>\u2022 U-10 VSS Landesmeister (im Bild)<\/p>\n<p>[\/et_pb_text][\/et_pb_column][\/et_pb_row][\/et_pb_section][et_pb_section fb_built=&#8220;1&#8243; admin_label=&#8220;Recent Travels&#8220; _builder_version=&#8220;4.16&#8243; custom_padding=&#8220;80px|0px|80px|0px|true|false&#8220; global_colors_info=&#8220;{}&#8220;][et_pb_row module_id=&#8220;jugendcamps&#8220; _builder_version=&#8220;4.18.0&#8243; custom_padding=&#8220;|||&#8220; global_colors_info=&#8220;{}&#8220;][et_pb_column type=&#8220;4_4&#8243; _builder_version=&#8220;4.16&#8243; custom_padding=&#8220;|||&#8220; global_colors_info=&#8220;{}&#8220; custom_padding__hover=&#8220;|||&#8220;][et_pb_cta title=&#8220;Jugendcamps im Sommer&#8220; button_url=&#8220;#kontakt&#8220; button_text=&#8220;Kontakt&#8220; _builder_version=&#8220;4.18.0&#8243; header_font=&#8220;Noto Serif|700|||||||&#8220; header_text_align=&#8220;center&#8220; header_font_size=&#8220;44px&#8220; header_line_height=&#8220;1.5em&#8220; body_font=&#8220;Roboto|300|||||||&#8220; body_text_align=&#8220;center&#8220; use_background_color=&#8220;off&#8220; custom_button=&#8220;on&#8220; button_text_size=&#8220;17px&#8220; button_text_color=&#8220;#FFFFFF&#8220; button_bg_color=&#8220;#225069&#8243; button_border_width=&#8220;5px&#8220; button_border_color=&#8220;#225069&#8243; button_border_radius=&#8220;100px&#8220; button_font=&#8220;Noto Sans|700||on|||||&#8220; button_use_icon=&#8220;off&#8220; button_alignment=&#8220;center&#8220; text_orientation=&#8220;left&#8220; background_layout=&#8220;light&#8220; custom_margin=&#8220;60px|||&#8220; animation_style=&#8220;fade&#8220; animation_delay=&#8220;100ms&#8220; animation_starting_opacity=&#8220;50%&#8220; header_font_size_tablet=&#8220;&#8220; header_font_size_phone=&#8220;34px&#8220; header_font_size_last_edited=&#8220;on|phone&#8220; button_text_color_hover=&#8220;#ffffff&#8220; button_border_color_hover=&#8220;#ff9e59&#8243; button_bg_color_hover=&#8220;#ff9e59&#8243; global_colors_info=&#8220;{}&#8220; button_text_size__hover_enabled=&#8220;off&#8220; button_one_text_size__hover_enabled=&#8220;off&#8220; button_two_text_size__hover_enabled=&#8220;off&#8220; button_text_color__hover_enabled=&#8220;on&#8220; button_text_color__hover=&#8220;#ffffff&#8220; button_one_text_color__hover_enabled=&#8220;off&#8220; button_two_text_color__hover_enabled=&#8220;off&#8220; button_border_width__hover_enabled=&#8220;off&#8220; button_one_border_width__hover_enabled=&#8220;off&#8220; button_two_border_width__hover_enabled=&#8220;off&#8220; button_border_color__hover_enabled=&#8220;on|desktop&#8220; button_border_color__hover=&#8220;#87241E&#8220; button_one_border_color__hover_enabled=&#8220;off&#8220; button_two_border_color__hover_enabled=&#8220;off&#8220; button_border_radius__hover_enabled=&#8220;off&#8220; button_one_border_radius__hover_enabled=&#8220;off&#8220; button_two_border_radius__hover_enabled=&#8220;off&#8220; button_letter_spacing__hover_enabled=&#8220;off&#8220; button_one_letter_spacing__hover_enabled=&#8220;off&#8220; button_two_letter_spacing__hover_enabled=&#8220;off&#8220; button_bg_color__hover_enabled=&#8220;on|hover&#8220; button_bg_color__hover=&#8220;#87241E&#8220; button_one_bg_color__hover_enabled=&#8220;off&#8220; button_two_bg_color__hover_enabled=&#8220;off&#8220; button_bg_enable_color__hover=&#8220;on&#8220;]<\/p>\n<p style=\"text-align: justify;\"><strong><\/strong><\/p>\n<p style=\"text-align: justify;\"><strong><\/strong><\/p>\n<p style=\"text-align: justify;\"><strong><\/strong><\/p>\n<p style=\"text-align: justify;\"><strong>Neues Sommerangebot mit der Hans Dorfner Fu\u00dfballschule<\/strong><\/p>\n<p style=\"text-align: justify;\">Angefangen hat alles in den Jahren 2003 bis 2005, als die Sektion Fu\u00dfball im SSV Taufers in Zusammenarbeit mit der Hans Dorfner Fu\u00dfballschule die ersten Camps f\u00fcr unsere fu\u00dfballbegeistete Jugend durchf\u00fchrte. Diese Inititative wurde immer mit gro\u00dfer Begeisterung aufgenommen, zwischen 42 und 55 Buben und M\u00e4dchen nahmen daran teil und konnten damit im Sommermonat August ganz intensiv ihrem liebsten Hobby nachgehen und dabei noch eine Menge lernen. Der ehemalige Bayern M\u00fcnchen Profi und deutsche Nationalspieler bot mit seinem qualifizeiten Trainerstab ein ausgezeichnetes Programm, auf dem gro\u00dfen Rasenplatz in der Sportzone von Sand in Taufers bekaSendenmen die Jugendlichen f\u00fcnf Tage lang professionelle Betreuung mit Hauptschwerpunkt Fu\u00dfball und Spass mit Gleichaltrigen. Zwei Trainingseinheiten t\u00e4glich, verschiedene Wettk\u00e4mpfe wie Mini-WM oder Jonglierk\u00f6nig, Videoanalysen zur Technik- und Taktikverbesserung, Abnahme des DFB-Technikabzeichens und viel Spiel mit dem Ball sorgten daf\u00fcr, dass niemand langweilig wurde. Zu Mittag gab es ein angemessenes gemeinsames Essen, anschlie\u00dfend sorgte ein Programm mit Quiz, Lehrvideos und einer Autogrammstunde f\u00fcr eine gelegene Abwechslung. Jede\/r Spieler\/in wurde \u00fcberdies mit einer Trainingsausr\u00fcstung von Jako, einem hochwertigen Fu\u00dfball und einer Trinkflasche mit Fitnessgetr\u00e4nken ausger\u00fcstet. &#8222;Unser Ziel ist nach wie vor das gleiche, wir wollen uns haupts\u00e4chlich mit dem Ball besch\u00e4ftigen, denn nur so wird er uns vertraut und nur so wird er gerne das machen, was wir wollen und nicht umgekehrt. Die Buben und M\u00e4dchen waren in den vergangenen Jahren mit viel Eifer bei der Sache und ich glaube, wir haben unsere gesteckten Ziele immer erreicht. Dem Veranstaltungsort Sand in Taufers m\u00f6chte ich meine Gl\u00fcckw\u00fcnsche aussprechen zu diesem disziplinierten Nachwuchs und zum wunderbaren Fussballplatz, auf dem es auch uns Spass macht zu arbeiten und wohin wir immer wieder gerne zur\u00fcckkommen m\u00f6chten&#8220;, sagte uns Hans Dorfner.<br \/>Durch die Unterst\u00fctzung von Seiten der S\u00fcdtiroler Sparkasse konnte der Preis die ganzen Jahre unver\u00e4ndert belassen werden. Nach einigen Beratungen hat die Vereinsleitung beschlossen, in den Jahren 2006 und 2007 (wegen des Umbaus des Platzes in M\u00fchlen) die Veranstaltung auszusetzen.<\/p>\n<p style=\"text-align: justify;\"><strong>Fu\u00dfball und Begegnung mit der Fu\u00dfballschule Brescia Calcio<\/strong><\/p>\n<p style=\"text-align: justify;\">Im Fr\u00fchjahr 2008 wurden uns ein interessanter Vorschlag von der Fu\u00dfballschule &#8222;Brescia Calcio&#8220; unterbreitet und so wagten wir mit dem &#8222;Blu Camp&#8220; ein neues Experiment. In bew\u00e4hrter Weise lag der Schwerpunkt beim Fu\u00dfball, aber in den 3 Wochenturnussen f\u00fcr die verschiedenen Altersgruppen sollte es auch zu einer Begegnung zwischen unseren Spielern und den G\u00e4sten aus der Umgebung von Brescia kommen, mit dem Ziel des gegenseitigen Kennen- und Verstehenlernen. Die verschiedenen Kulturen erleben und Sprachen im pers\u00f6nlichen Umgang \u00fcben, eingebettet in das gemeinsame Hobby Fu\u00dfball, das war das Ziel der Veranstaltung. Dass die Organisation ein Erfolg wurde, zeigte sich in der Zufriedenheit der Teilnehmer, Trainer und Spielereltern und am Interesse an dieser Veranstaltung auch im Sommer 2009.<br \/>In bew\u00e4hrter Manier wurde auch im Sommer 2010 die Fu\u00dfballwoche f\u00fcr jugendliche Spieler\/innen in Zusammenarbeit mit dem AS Real Leno organisiert, das nun den Namen &#8222;AC Milan &#8211; Scuola Calcio&#8220; auftreten darf. Das Fu\u00dfballcamp wurde in einem Turnus organisiert und wurde in der Woche vom 22.6. bis zum 28.6.2010 durchgef\u00fchrt. Die leitung lag wieder in den bew\u00e4hrten H\u00e4nden von Maurizio Gilardi, dem eine Reihe von professionellen Trainern zur Seite stand. Die Organisation profitierte nicht nur vom herrlichen Wetter, auch ansonsten lief alles reibungslos ab.<\/p>\n<p style=\"text-align: justify;\"><strong><\/strong><\/p>\n<p style=\"text-align: justify;\"><strong><\/strong><\/p>\n<p style=\"text-align: justify;\"><strong>R\u00fcckkehr zur Eigenveranstaltung<\/strong><\/p>\n<p style=\"text-align: justify;\">Nachdem 2011 eine Pause eingelegt wurde, kehrten wir im Sommer 2012 zu einer internen Organisation zur\u00fcck, gemeinsam mit dem SSV M\u00fchlwald und dem SSV Rein boten wir unseren Spielern ein einw\u00f6chiges Jugendcamp an, dieses Angebot lockte an die 30 Teilnehmer an, was auf Grund der eher kurzfristigen Ansetzung ein gutes Ergebnis war.<br \/>Auf diesen Erfahrungen aufbauend wurde die Veranstaltung im Sommer 2013 wiederholt, diesmal wurde mit 62 Teilnehmern die maximal ausgeschriebenen Pl\u00e4tze voll ausgenutzt. Die Trainer Patrick Psenner, Paul Stauder, Werner Oberleiter, Markus Kirchler, Simon Feichter und Bruno Maroni begeisterten mit ihrem straff geplanten Programm und sorgten f\u00fcr viele zufreidene Gesichter.<\/p>\n<p style=\"text-align: justify;\">Das im Sommer 2014 angebotene Camp war mit \u00fcber 60 Teilnehmer\/n\/innen wieder ausgebucht, in bew\u00e4hrter Manier wurde das Programm von unseren fachlichen Trainern Patrick Psenner, Paul Stauder und Werner Oberleiter durchgef\u00fchrt.<\/p>\n<p style=\"text-align: justify;\">Das Alperia-Sommercamp 2018 wurde zum ersten Mal vom JF Taufra Ahrn durchgef\u00fchrt, an den Camps in Sand und St. Johann nahmen 110 SpielerInnen teil, die koordinierenden Trainer waren wieder Paul Stauder und Patrick Psenner, sie wurden von weiteren f\u00fcnf Trainern assistiert, sodass ein individuell auf die verschiedenen Altersgruppen abgestimmtes Programm angeboten werden konnte. Zum Einsatz kamen auch der &#8222;Speedometer&#8220; und die Ballschussmaschine.<br \/>Ein neues Gesicht sah man beim Fu\u00dfballcamp f\u00fcr Jugendfu\u00dfball 2019 zu sehen, denn diesmal konnte mit Alex Hauser ein Ex-Profispieler als Gasttrainer gewonnen werden. Die Teilnahme war mit 112 Jugendlichen wieder enorm, die Fu\u00dfballwoche ein gro\u00dfer Erfolg.<br \/>Die Sommercamps 2020 und 2021 wurden wieder vom SSV Taufers in Alleinregie abgehalten und sie standen ganz im Zeichen der Corona Pandemie mit seinen Sicherheitsregeln. Sie brachten mit dem Torwarttrainer Simon Manzoni (Profi bei Admira Wacker in \u00d6sterreich) und den Trainern von Advanced Football wieder bemerkenswerte Neuheiten.<br \/>Im Sommer 2022 wurde zum Alperia Sommercamp ein besonderer Gasttrainer eingeladen, es handelte sich dabei um den ehemaligen Nationalspieler Roberto Pruzzo. 47 SpielerInnnen nahmen mit Begeisterung an dieser besonderen Woche teil.<\/p>\n<p>[\/et_pb_cta][\/et_pb_column][\/et_pb_row][\/et_pb_section][et_pb_section fb_built=&#8220;1&#8243; next_background_color=&#8220;#ffffff&#8220; admin_label=&#8220;Travel History&#8220; _builder_version=&#8220;4.18.0&#8243; use_background_color_gradient=&#8220;on&#8220; background_color_gradient_stops=&#8220;#ffffff 0%|rgba(255,255,255,0) 50%&#8220; background_color_gradient_overlays_image=&#8220;on&#8220; background_color_gradient_start=&#8220;#ffffff&#8220; background_color_gradient_end=&#8220;rgba(255,255,255,0)&#8220; background_color_gradient_end_position=&#8220;50%&#8220; background_image=&#8220;https:\/\/taufers-fussball.com\/wp-content\/uploads\/2022\/09\/IMG_20210616_171813-scaled.jpg&#8220; height=&#8220;900px&#8220; custom_padding=&#8220;150px|0px|150px|0px|false|false&#8220; bottom_divider_style=&#8220;slant2&#8243; bottom_divider_flip=&#8220;horizontal&#8220; global_colors_info=&#8220;{}&#8220;][et_pb_row column_structure=&#8220;1_2,1_4,1_4&#8243; _builder_version=&#8220;4.16&#8243; custom_padding=&#8220;60px|0px|60px|0px|true|false&#8220; locked=&#8220;off&#8220; global_colors_info=&#8220;{}&#8220;][et_pb_column type=&#8220;1_2&#8243; _builder_version=&#8220;4.16&#8243; custom_padding=&#8220;|||&#8220; global_colors_info=&#8220;{}&#8220; custom_padding__hover=&#8220;|||&#8220;][\/et_pb_column][et_pb_column type=&#8220;1_4&#8243; _builder_version=&#8220;4.16&#8243; custom_padding=&#8220;|||&#8220; global_colors_info=&#8220;{}&#8220; custom_padding__hover=&#8220;|||&#8220;][\/et_pb_column][et_pb_column type=&#8220;1_4&#8243; _builder_version=&#8220;4.16&#8243; custom_padding=&#8220;|||&#8220; global_colors_info=&#8220;{}&#8220; custom_padding__hover=&#8220;|||&#8220;][\/et_pb_column][\/et_pb_row][\/et_pb_section][et_pb_section fb_built=&#8220;1&#8243; disabled_on=&#8220;off|off|off&#8220; admin_label=&#8220;Danke&#8220; _builder_version=&#8220;4.22.2&#8243; background_enable_color=&#8220;off&#8220; use_background_color_gradient=&#8220;on&#8220; background_color_gradient_stops=&#8220;#ffffff 0%|rgba(255,255,255,0) 52%&#8220; background_color_gradient_overlays_image=&#8220;on&#8220; background_color_gradient_start=&#8220;#ffffff&#8220; background_color_gradient_end=&#8220;rgba(255,255,255,0)&#8220; background_color_gradient_end_position=&#8220;52%&#8220; background_enable_image=&#8220;off&#8220; background_position=&#8220;center_right&#8220; custom_padding=&#8220;||||false|false&#8220; animation_style=&#8220;fade&#8220; animation_duration=&#8220;1500ms&#8220; animation_delay=&#8220;300ms&#8220; animation_starting_opacity=&#8220;50%&#8220; background_color_gradient_stops_tablet=&#8220;#ffffff 0%|rgba(255,255,255,0) 52%&#8220; background_color_gradient_stops_phone=&#8220;#ffffff 0%|rgba(255,255,255,0) 52%&#8220; border_color_top=&#8220;#225069&#8243; global_module=&#8220;112&#8243; saved_tabs=&#8220;all&#8220; global_colors_info=&#8220;{}&#8220;][et_pb_row module_class=&#8220; et_pb_row_fullwidth&#8220; _builder_version=&#8220;4.16&#8243; width=&#8220;90%&#8220; width_tablet=&#8220;80%&#8220; width_phone=&#8220;80%&#8220; width_last_edited=&#8220;on|desktop&#8220; max_width=&#8220;90%&#8220; max_width_tablet=&#8220;80%&#8220; max_width_phone=&#8220;80%&#8220; max_width_last_edited=&#8220;on|desktop&#8220; custom_margin=&#8220;||||false|false&#8220; custom_padding=&#8220;|||&#8220; make_fullwidth=&#8220;on&#8220; global_colors_info=&#8220;{}&#8220;][et_pb_column type=&#8220;4_4&#8243; _builder_version=&#8220;4.16&#8243; custom_padding=&#8220;|||&#8220; global_colors_info=&#8220;{}&#8220; custom_padding__hover=&#8220;|||&#8220;][et_pb_text _builder_version=&#8220;4.27.4&#8243; _module_preset=&#8220;default&#8220; text_font=&#8220;|300|||||||&#8220; header_2_font_size=&#8220;50px&#8220; header_2_line_height=&#8220;1.5em&#8220; global_colors_info=&#8220;{}&#8220;]<\/p>\n<h2 style=\"text-align: center;\">Danke! Unseren Sponsoren!<\/h2>\n<p style=\"text-align: center;\">Ohne euch w\u00e4re das alles nicht m\u00f6glich.<\/p>\n<p>[\/et_pb_text][\/et_pb_column][\/et_pb_row][et_pb_row column_structure=&#8220;1_3,1_3,1_3&#8243; make_equal=&#8220;on&#8220; disabled_on=&#8220;off|off|off&#8220; _builder_version=&#8220;4.18.0&#8243; _module_preset=&#8220;default&#8220; width=&#8220;90%&#8220; custom_margin=&#8220;-25px||||false|false&#8220; custom_padding=&#8220;||49px|||&#8220; global_colors_info=&#8220;{}&#8220;][et_pb_column type=&#8220;1_3&#8243; _builder_version=&#8220;4.16&#8243; _module_preset=&#8220;default&#8220; custom_css_main_element=&#8220;margin: auto auto 0;&#8220; global_colors_info=&#8220;{}&#8220;][et_pb_image src=&#8220;https:\/\/taufers-fussball.com\/wp-content\/uploads\/2025\/10\/Unionbau.png&#8220; title_text=&#8220;Unionbau&#8220; url=&#8220;https:\/\/www.gruppoitas.it&#8220; url_new_window=&#8220;on&#8220; align=&#8220;right&#8220; align_tablet=&#8220;center&#8220; align_phone=&#8220;&#8220; align_last_edited=&#8220;on|tablet&#8220; _builder_version=&#8220;4.27.4&#8243; _module_preset=&#8220;default&#8220; width_tablet=&#8220;56%&#8220; width_phone=&#8220;90%&#8220; width_last_edited=&#8220;on|phone&#8220; global_colors_info=&#8220;{}&#8220;][\/et_pb_image][\/et_pb_column][et_pb_column type=&#8220;1_3&#8243; _builder_version=&#8220;4.16&#8243; _module_preset=&#8220;default&#8220; global_colors_info=&#8220;{}&#8220;][et_pb_image src=&#8220;https:\/\/taufers-fussball.com\/wp-content\/uploads\/2022\/08\/Sponsor-7.jpg&#8220; title_text=&#8220;Sponsor-7&#8243; url=&#8220;https:\/\/www.skiworldahrntal.it\/de&#8220; url_new_window=&#8220;on&#8220; align_tablet=&#8220;center&#8220; align_phone=&#8220;&#8220; align_last_edited=&#8220;on|tablet&#8220; _builder_version=&#8220;4.23.4&#8243; _module_preset=&#8220;default&#8220; width_tablet=&#8220;50%&#8220; width_phone=&#8220;82%&#8220; width_last_edited=&#8220;on|desktop&#8220; custom_margin_tablet=&#8220;&#8220; custom_margin_phone=&#8220;15px||-15px||false|false&#8220; custom_margin_last_edited=&#8220;on|phone&#8220; global_colors_info=&#8220;{}&#8220;][\/et_pb_image][\/et_pb_column][et_pb_column type=&#8220;1_3&#8243; _builder_version=&#8220;4.16&#8243; _module_preset=&#8220;default&#8220; custom_css_main_element=&#8220;margin: auto auto 0;&#8220; global_colors_info=&#8220;{}&#8220;][et_pb_image src=&#8220;https:\/\/taufers-fussball.com\/wp-content\/uploads\/2024\/01\/Alperia.png&#8220; title_text=&#8220;Alperia&#8220; url=&#8220;https:\/\/www.alperia.eu\/de&#8220; align=&#8220;center&#8220; _builder_version=&#8220;4.23.4&#8243; _module_preset=&#8220;default&#8220; width=&#8220;60%&#8220; width_tablet=&#8220;32%&#8220; width_phone=&#8220;50%&#8220; width_last_edited=&#8220;on|tablet&#8220; global_colors_info=&#8220;{}&#8220;][\/et_pb_image][\/et_pb_column][\/et_pb_row][et_pb_row column_structure=&#8220;1_3,1_3,1_3&#8243; make_equal=&#8220;on&#8220; disabled_on=&#8220;off|off|off&#8220; _builder_version=&#8220;4.18.0&#8243; _module_preset=&#8220;default&#8220; width=&#8220;90%&#8220; min_height=&#8220;136.7px&#8220; custom_margin=&#8220;-25px||||false|false&#8220; global_colors_info=&#8220;{}&#8220;][et_pb_column type=&#8220;1_3&#8243; _builder_version=&#8220;4.16&#8243; _module_preset=&#8220;default&#8220; custom_css_main_element=&#8220;margin: auto auto 0;&#8220; global_colors_info=&#8220;{}&#8220;][et_pb_image src=&#8220;https:\/\/taufers-fussball.com\/wp-content\/uploads\/2022\/08\/Sponsor-1.jpg&#8220; title_text=&#8220;Sponsor-1&#8243; url=&#8220;https:\/\/www.volksbank.it\/&#8220; url_new_window=&#8220;on&#8220; align_tablet=&#8220;center&#8220; align_phone=&#8220;&#8220; align_last_edited=&#8220;on|tablet&#8220; _builder_version=&#8220;4.18.0&#8243; _module_preset=&#8220;default&#8220; width_tablet=&#8220;48%&#8220; width_phone=&#8220;82%&#8220; width_last_edited=&#8220;on|phone&#8220; global_colors_info=&#8220;{}&#8220;][\/et_pb_image][\/et_pb_column][et_pb_column type=&#8220;1_3&#8243; _builder_version=&#8220;4.16&#8243; _module_preset=&#8220;default&#8220; global_colors_info=&#8220;{}&#8220;][et_pb_image src=&#8220;https:\/\/taufers-fussball.com\/wp-content\/uploads\/2022\/10\/Transbagger.jpg&#8220; title_text=&#8220;Transbagger&#8220; url=&#8220;https:\/\/www.brunner-leiter.com&#8220; url_new_window=&#8220;on&#8220; align_tablet=&#8220;center&#8220; align_phone=&#8220;&#8220; align_last_edited=&#8220;on|tablet&#8220; _builder_version=&#8220;4.18.0&#8243; _module_preset=&#8220;default&#8220; width_tablet=&#8220;48%&#8220; width_phone=&#8220;80%&#8220; width_last_edited=&#8220;on|phone&#8220; global_colors_info=&#8220;{}&#8220;][\/et_pb_image][\/et_pb_column][et_pb_column type=&#8220;1_3&#8243; _builder_version=&#8220;4.16&#8243; _module_preset=&#8220;default&#8220; custom_css_main_element=&#8220;margin: auto auto 0;&#8220; global_colors_info=&#8220;{}&#8220;][et_pb_image src=&#8220;https:\/\/taufers-fussball.com\/wp-content\/uploads\/2022\/08\/Sponsor-4.jpg&#8220; title_text=&#8220;Sponsor-4&#8243; url=&#8220;https:\/\/www.gkn.com&#8220; url_new_window=&#8220;on&#8220; align_tablet=&#8220;center&#8220; align_phone=&#8220;&#8220; align_last_edited=&#8220;on|tablet&#8220; _builder_version=&#8220;4.23.4&#8243; _module_preset=&#8220;default&#8220; width_tablet=&#8220;50%&#8220; width_phone=&#8220;80%&#8220; width_last_edited=&#8220;on|phone&#8220; custom_margin=&#8220;-30px||||false|false&#8220; global_colors_info=&#8220;{}&#8220;][\/et_pb_image][\/et_pb_column][\/et_pb_row][et_pb_row column_structure=&#8220;1_3,1_3,1_3&#8243; make_equal=&#8220;on&#8220; disabled_on=&#8220;off|off|off&#8220; _builder_version=&#8220;4.18.0&#8243; _module_preset=&#8220;default&#8220; width=&#8220;90%&#8220; custom_margin=&#8220;-25px||||false|false&#8220; global_colors_info=&#8220;{}&#8220;][et_pb_column type=&#8220;1_3&#8243; _builder_version=&#8220;4.16&#8243; _module_preset=&#8220;default&#8220; custom_css_main_element=&#8220;margin: auto auto 0;&#8220; global_colors_info=&#8220;{}&#8220;][et_pb_image src=&#8220;https:\/\/taufers-fussball.com\/wp-content\/uploads\/2025\/10\/vector_logo.png&#8220; title_text=&#8220;vector_logo&#8220; url=&#8220;https:\/\/www.volksbank.it\/&#8220; url_new_window=&#8220;on&#8220; align_tablet=&#8220;center&#8220; align_phone=&#8220;&#8220; align_last_edited=&#8220;on|tablet&#8220; _builder_version=&#8220;4.27.4&#8243; _module_preset=&#8220;default&#8220; width_tablet=&#8220;48%&#8220; width_phone=&#8220;82%&#8220; width_last_edited=&#8220;on|phone&#8220; global_colors_info=&#8220;{}&#8220;][\/et_pb_image][\/et_pb_column][et_pb_column type=&#8220;1_3&#8243; _builder_version=&#8220;4.16&#8243; _module_preset=&#8220;default&#8220; global_colors_info=&#8220;{}&#8220;][et_pb_image src=&#8220;https:\/\/taufers-fussball.com\/wp-content\/uploads\/2022\/08\/Sponsor-2.jpg&#8220; title_text=&#8220;Sponsor-2&#8243; url=&#8220;https:\/\/www.brunner-leiter.com&#8220; url_new_window=&#8220;on&#8220; align_tablet=&#8220;center&#8220; align_phone=&#8220;&#8220; align_last_edited=&#8220;on|tablet&#8220; _builder_version=&#8220;4.27.4&#8243; _module_preset=&#8220;default&#8220; width_tablet=&#8220;48%&#8220; width_phone=&#8220;80%&#8220; width_last_edited=&#8220;on|phone&#8220; global_colors_info=&#8220;{}&#8220;][\/et_pb_image][\/et_pb_column][et_pb_column type=&#8220;1_3&#8243; _builder_version=&#8220;4.16&#8243; _module_preset=&#8220;default&#8220; custom_css_main_element=&#8220;margin: auto auto 0;&#8220; global_colors_info=&#8220;{}&#8220;][et_pb_image src=&#8220;https:\/\/taufers-fussball.com\/wp-content\/uploads\/2025\/10\/Bauplus-2.jpg&#8220; title_text=&#8220;Bauplus&#8220; url=&#8220;https:\/\/www.gkn.com&#8220; url_new_window=&#8220;on&#8220; align_tablet=&#8220;center&#8220; align_phone=&#8220;&#8220; align_last_edited=&#8220;on|tablet&#8220; _builder_version=&#8220;4.27.4&#8243; _module_preset=&#8220;default&#8220; width_tablet=&#8220;50%&#8220; width_phone=&#8220;80%&#8220; width_last_edited=&#8220;on|phone&#8220; custom_margin=&#8220;-30px||||false|false&#8220; global_colors_info=&#8220;{}&#8220;][\/et_pb_image][\/et_pb_column][\/et_pb_row][et_pb_row column_structure=&#8220;1_3,1_3,1_3&#8243; make_equal=&#8220;on&#8220; disabled_on=&#8220;on|on|on&#8220; _builder_version=&#8220;4.18.0&#8243; _module_preset=&#8220;default&#8220; width=&#8220;90%&#8220; custom_margin_tablet=&#8220;&#8220; custom_margin_phone=&#8220;-16vw||||false|false&#8220; custom_margin_last_edited=&#8220;on|phone&#8220; disabled=&#8220;on&#8220; global_colors_info=&#8220;{}&#8220;][et_pb_column type=&#8220;1_3&#8243; _builder_version=&#8220;4.16&#8243; _module_preset=&#8220;default&#8220; global_colors_info=&#8220;{}&#8220;][et_pb_text _builder_version=&#8220;4.18.0&#8243; _module_preset=&#8220;default&#8220; text_font=&#8220;|300|||||||&#8220; text_text_color=&#8220;#474747&#8243; text_line_height=&#8220;1.8em&#8220; global_colors_info=&#8220;{}&#8220;]<\/p>\n<p style=\"text-align: center;\"><span style=\"text-decoration: underline; color: #333333;\"><a href=\"https:\/\/abfalterer-shoes.com\" target=\"_blank\" rel=\"noopener\" style=\"color: #333333; text-decoration: underline;\">Abfalterer OHG<\/a><\/span><br \/><span style=\"text-decoration: underline; color: #333333;\"><a href=\"http:\/\/a-restaurant.rocks\" target=\"_blank\" rel=\"noopener\" style=\"color: #333333; text-decoration: underline;\">Ahris Pub<\/a><\/span><br \/><span style=\"text-decoration: underline; color: #333333;\"><a href=\"http:\/\/www.ahrntaldruck.com\" target=\"_blank\" rel=\"noopener\" style=\"color: #333333; text-decoration: underline;\">Ahrntal Druck<\/a><\/span><br \/><span style=\"text-decoration: underline; color: #333333;\"><a href=\"http:\/\/www.apotheke-farmacia.it\" target=\"_blank\" rel=\"noopener\" style=\"color: #333333; text-decoration: underline;\">Apotheke Aichner<\/a><\/span><br \/><span style=\"text-decoration: underline; color: #333333;\"><a href=\"https:\/\/www.roeck.it\" target=\"_blank\" rel=\"noopener\" style=\"color: #333333; text-decoration: underline;\">B\u00e4ckerei Konditorei und Cafe R\u00f6ck<\/a><\/span><br \/><span style=\"text-decoration: underline; color: #333333;\"><a href=\"https:\/\/www.bauexpert.it\" target=\"_blank\" rel=\"noopener\" style=\"color: #333333; text-decoration: underline;\">Bauexpert<\/a><\/span><br \/><span style=\"text-decoration: underline; color: #333333;\"><a href=\"https:\/\/www.gsr.eu\/de\" target=\"_blank\" rel=\"noopener\" style=\"color: #333333; text-decoration: underline;\">Bauunternehmen Markus Gasser<\/a><\/span><br \/><span style=\"text-decoration: underline; color: #333333;\"><a href=\"http:\/\/gruenland.it\/de\/\" target=\"_blank\" rel=\"noopener\" style=\"color: #333333; text-decoration: underline;\">Beikircher Gr\u00fcnland<\/a><\/span><br \/><span style=\"text-decoration: underline; color: #333333;\"><a href=\"https:\/\/www.bergbaumuseum.it\/de\/prettau\/standort-prettau-919.html\" target=\"_blank\" rel=\"noopener\" style=\"color: #333333; text-decoration: underline;\">Bergbaumuseum Prettau<\/a><\/span><br \/><span style=\"text-decoration: underline; color: #333333;\"><a href=\"https:\/\/burgersanitaer.com\/de\/\" target=\"_blank\" rel=\"noopener\" style=\"color: #333333; text-decoration: underline;\">Burger Heizung<\/a><\/span><br \/><span style=\"text-decoration: underline; color: #333333;\"><a href=\"https:\/\/www.bwr.it\/de\/home.php\" target=\"_blank\" rel=\"noopener\" style=\"color: #333333; text-decoration: underline;\">BWR, Gais<\/a><\/span><br \/><span style=\"text-decoration: underline; color: #333333;\"><a href=\"https:\/\/www.rafting-club-activ.com\" target=\"_blank\" rel=\"noopener\" style=\"color: #333333; text-decoration: underline;\">Club Activ<\/a><\/span><br \/><span style=\"text-decoration: underline; color: #333333;\"><a href=\"https:\/\/www.facebook.com\/RestaurantDaimer\/\" target=\"_blank\" rel=\"noopener\" style=\"color: #333333; text-decoration: underline;\">Daimerbar<\/a><\/span><br \/><span style=\"text-decoration: underline; color: #333333;\"><a href=\"https:\/\/www.doctorglass.com\/centri-specializzati\/brunico\/brunico-407\/\" target=\"_blank\" rel=\"noopener\" style=\"color: #333333; text-decoration: underline;\">Doctor Glass Bruneck<\/a><\/span><\/p>\n<p>[\/et_pb_text][\/et_pb_column][et_pb_column type=&#8220;1_3&#8243; _builder_version=&#8220;4.16&#8243; _module_preset=&#8220;default&#8220; global_colors_info=&#8220;{}&#8220;][et_pb_text _builder_version=&#8220;4.18.0&#8243; _module_preset=&#8220;default&#8220; text_font=&#8220;|300|||||||&#8220; text_line_height=&#8220;1.8em&#8220; global_colors_info=&#8220;{}&#8220;]<\/p>\n<p style=\"text-align: center;\"><span style=\"text-decoration: underline; color: #333333;\"><a href=\"https:\/\/www.euroform-w.com\/de\/home\" target=\"_blank\" rel=\"noopener\" style=\"color: #333333; text-decoration: underline;\">Euroform<\/a><\/span><br \/><span style=\"text-decoration: underline; color: #333333;\"><a href=\"https:\/\/www.hofer.it\/de\/bodenleger-fliesenleger-suedtirol\/\" target=\"_blank\" rel=\"noopener\" style=\"color: #333333; text-decoration: underline;\">Fliesen Hofer<\/a><\/span><br \/><span style=\"text-decoration: underline; color: #333333;\"><a href=\"https:\/\/www.fuchsbrugger.com\/de\/home.php\" target=\"_blank\" rel=\"noopener\" style=\"color: #333333; text-decoration: underline;\">Fuchsbrugger Steinmetz<\/a><\/span><br \/><span style=\"color: #333333;\">Gaisler Werner<\/span><br \/><span style=\"text-decoration: underline; color: #333333;\"><a href=\"https:\/\/www.facebook.com\/people\/Imbiss-Gittobar\/100021087861163\/\" target=\"_blank\" rel=\"noopener\" style=\"color: #333333; text-decoration: underline;\">Gittobar<\/a><\/span><br \/><span style=\"text-decoration: underline; color: #333333;\"><a href=\"https:\/\/www.skiverleih-taufers.com\" target=\"_blank\" rel=\"noopener\" style=\"color: #333333; text-decoration: underline;\">Hermann\u00b4s Skistadel<\/a><\/span><br \/><span style=\"text-decoration: underline; color: #333333;\"><a href=\"https:\/\/www.hotelstocker.com\/de\/hotel-sand-in-taufers\/1-0.html\" target=\"_blank\" rel=\"noopener\" style=\"color: #333333; text-decoration: underline;\">Hotel Stocker<\/a><\/span><br \/><span style=\"text-decoration: underline; color: #333333;\"><a href=\"http:\/\/www.kasseler-huette.com\" target=\"_blank\" rel=\"noopener\" style=\"color: #333333; text-decoration: underline;\">Kasseler H\u00fctte<\/a><\/span><br \/><span style=\"text-decoration: underline; color: #333333;\"><a href=\"https:\/\/eppacher.com\" target=\"_blank\" rel=\"noopener\" style=\"color: #333333; text-decoration: underline;\">Konditorei Eppacher<\/a><\/span><br \/><span style=\"text-decoration: underline; color: #333333;\"><a href=\"https:\/\/www.logon.it\" target=\"_blank\" rel=\"noopener\" style=\"color: #333333; text-decoration: underline;\">Logon Bruneck<\/a><\/span><br \/><span style=\"text-decoration: underline; color: #333333;\"><a href=\"https:\/\/www.mittermairbau.com\" target=\"_blank\" rel=\"noopener\" style=\"color: #333333; text-decoration: underline;\">Mittermairbau des Heinz Mittermair<\/a><\/span><br \/><span style=\"text-decoration: underline; color: #333333;\"><a href=\"https:\/\/www.netixx.it\" target=\"_blank\" rel=\"noopener\" style=\"color: #333333; text-decoration: underline;\">Nettixx<\/a><\/span><br \/><span style=\"text-decoration: underline; color: #333333;\"><a href=\"https:\/\/www.optic-rapid.com\" target=\"_blank\" rel=\"noopener\" style=\"color: #333333; text-decoration: underline;\">Optik Rapid<\/a><\/span><br \/><span style=\"text-decoration: underline; color: #333333;\"><a href=\"https:\/\/www.passuellofratelli.it\/de\/\" target=\"_blank\" rel=\"noopener\" style=\"color: #333333; text-decoration: underline;\">Passuello, Percha<\/a><\/span><\/p>\n<p>[\/et_pb_text][\/et_pb_column][et_pb_column type=&#8220;1_3&#8243; _builder_version=&#8220;4.16&#8243; _module_preset=&#8220;default&#8220; global_colors_info=&#8220;{}&#8220;][et_pb_text _builder_version=&#8220;4.18.0&#8243; _module_preset=&#8220;default&#8220; text_font=&#8220;|300|||||||&#8220; text_line_height=&#8220;1.8em&#8220; global_colors_info=&#8220;{}&#8220;]<\/p>\n<p style=\"text-align: center;\"><span style=\"text-decoration: underline; color: #333333;\"><a href=\"https:\/\/www.gais.eu\/de\/Bar_Pub_Puschtra_Schupp_m\" target=\"_blank\" rel=\"noopener\" style=\"color: #333333; text-decoration: underline;\">Puschtra Schupp\u00b4m<\/a><\/span><br \/><span style=\"text-decoration: underline; color: #333333;\"><a href=\"https:\/\/restaurant-mittelstation.com\" target=\"_blank\" rel=\"noopener\" style=\"color: #333333; text-decoration: underline;\">Restaurant Mittelstation<\/a><\/span><br \/><span style=\"text-decoration: underline; color: #333333;\"><a href=\"https:\/\/www.riadruck.com\" target=\"_blank\" rel=\"noopener\" style=\"color: #333333; text-decoration: underline;\">Ria Druck<\/a><\/span><br \/><span style=\"text-decoration: underline; color: #333333;\"><a href=\"https:\/\/www.rienzbeton.it\" target=\"_blank\" rel=\"noopener\" style=\"color: #333333; text-decoration: underline;\">Rienz Beton, Gais<\/a><\/span><br \/><span style=\"text-decoration: underline; color: #333333;\"><a href=\"http:\/\/www.rier.it\" target=\"_blank\" rel=\"noopener\" style=\"color: #333333; text-decoration: underline;\">Rier S\u00e4gewerk<\/a><\/span><br \/><span style=\"text-decoration: underline; color: #333333;\"><a href=\"https:\/\/foppa.com\" target=\"_blank\" rel=\"noopener\" style=\"color: #333333; text-decoration: underline;\">R\u00f6ck Foppa<\/a><\/span><br \/><span style=\"text-decoration: underline; color: #333333;\"><a href=\"https:\/\/www.schlossgarage.net\" target=\"_blank\" rel=\"noopener\" style=\"color: #333333; text-decoration: underline;\">Schlossgarage<\/a><\/span><br \/><span style=\"text-decoration: underline; color: #333333;\"><a href=\"https:\/\/www.seeber.bz\/de\/\" target=\"_blank\" rel=\"noopener\" style=\"color: #333333; text-decoration: underline;\">Seeber der Boden<\/a><\/span><br \/><span style=\"color: #333333;\">Taufra Snack<\/span><br \/><span style=\"text-decoration: underline; color: #333333;\"><a href=\"https:\/\/www.facebook.com\/wernersgaragereicheggercustoms\/\" target=\"_blank\" rel=\"noopener\" style=\"color: #333333; text-decoration: underline;\">Werners Garage<\/a><\/span><br \/><span style=\"text-decoration: underline; color: #333333;\"><a href=\"https:\/\/zirkonzahn.com\" target=\"_blank\" rel=\"noopener\" style=\"color: #333333; text-decoration: underline;\">Zirkonzahn<\/a><\/span><br \/><span style=\"text-decoration: underline; color: #333333;\"><a href=\"https:\/\/www.spangla.it\" target=\"_blank\" rel=\"noopener\" style=\"color: #333333; text-decoration: underline;\">Hotel Spanglwirt<\/a><\/span><br \/><span style=\"color: #333333;\">Engl Willi<\/span><br \/><span style=\"text-decoration: underline; color: #333333;\"><a href=\"https:\/\/www.jungmann.it\" target=\"_blank\" rel=\"noopener\" style=\"color: #333333; text-decoration: underline;\">M\u00f6belhaus Jungmann<\/a><\/span><\/p>\n<p>[\/et_pb_text][\/et_pb_column][\/et_pb_row][\/et_pb_section][et_pb_section fb_built=&#8220;1&#8243; fullwidth=&#8220;on&#8220; _builder_version=&#8220;4.18.0&#8243; _module_preset=&#8220;default&#8220; custom_margin=&#8220;-13vw||||false|false&#8220; bottom_divider_style=&#8220;slant2&#8243; bottom_divider_color=&#8220;#225069&#8243; bottom_divider_height=&#8220;90px&#8220; bottom_divider_style_tablet=&#8220;slant2&#8243; bottom_divider_style_phone=&#8220;slant2&#8243; bottom_divider_style_last_edited=&#8220;on|phone&#8220; bottom_divider_height_tablet=&#8220;40px&#8220; bottom_divider_height_phone=&#8220;&#8220; bottom_divider_height_last_edited=&#8220;on|phone&#8220; global_module=&#8220;704&#8243; saved_tabs=&#8220;all&#8220; global_colors_info=&#8220;{}&#8220;][et_pb_fullwidth_slider admin_label=&#8220;Vollbreiter Slider&#8220; _builder_version=&#8220;4.27.4&#8243; _module_preset=&#8220;default&#8220; background_color=&#8220;RGBA(255,255,255,0)&#8220; background_image=&#8220;https:\/\/taufers-fussball.com\/wp-content\/uploads\/2025\/10\/Sponsorenwand.jpg&#8220; height=&#8220;40vw&#8220; height_tablet=&#8220;&#8220; height_phone=&#8220;&#8220; height_last_edited=&#8220;on|phone&#8220; custom_margin_tablet=&#8220;55px||||false|false&#8220; custom_margin_phone=&#8220;&#8220; custom_margin_last_edited=&#8220;on|tablet&#8220; global_colors_info=&#8220;{}&#8220;][et_pb_slide heading=&#8220;Danke&#8220; _builder_version=&#8220;4.18.0&#8243; _module_preset=&#8220;default&#8220; header_font=&#8220;Marck Script||||||||&#8220; header_font_size=&#8220;90px&#8220; custom_padding=&#8220;27vw||0px||false|false&#8220; custom_padding_tablet=&#8220;0vw||18vw||false|false&#8220; custom_padding_phone=&#8220;&#8220; custom_padding_last_edited=&#8220;on|phone&#8220; header_text_color_tablet=&#8220;#225069&#8243; header_text_color_phone=&#8220;&#8220; header_text_color_last_edited=&#8220;on|phone&#8220; header_font_size_tablet=&#8220;50px&#8220; header_font_size_phone=&#8220;25px&#8220; header_font_size_last_edited=&#8220;on|phone&#8220; global_colors_info=&#8220;{}&#8220; sticky_transition=&#8220;on&#8220;][\/et_pb_slide][\/et_pb_fullwidth_slider][\/et_pb_section][et_pb_section fb_built=&#8220;1&#8243; admin_label=&#8220;Sektion&#8220; module_id=&#8220;kontakt&#8220; _builder_version=&#8220;4.18.0&#8243; _module_preset=&#8220;default&#8220; background_color=&#8220;#225069&#8243; global_module=&#8220;116&#8243; saved_tabs=&#8220;all&#8220; global_colors_info=&#8220;{}&#8220;][et_pb_row column_structure=&#8220;1_5,1_5,1_5,1_5,1_5&#8243; use_custom_gutter=&#8220;on&#8220; gutter_width=&#8220;2&#8243; make_equal=&#8220;on&#8220; disabled_on=&#8220;on|on|off&#8220; admin_label=&#8220;Zeile&#8220; _builder_version=&#8220;4.18.0&#8243; _module_preset=&#8220;default&#8220; width=&#8220;100%&#8220; global_colors_info=&#8220;{}&#8220;][et_pb_column type=&#8220;1_5&#8243; _builder_version=&#8220;4.16&#8243; _module_preset=&#8220;default&#8220; global_colors_info=&#8220;{}&#8220;][et_pb_image src=&#8220;https:\/\/taufers-fussball.com\/wp-content\/uploads\/2025\/10\/Logo-205.png&#8220; title_text=&#8220;Logo 205&#8243; _builder_version=&#8220;4.27.4&#8243; _module_preset=&#8220;default&#8220; width=&#8220;75%&#8220; width_tablet=&#8220;30%&#8220; width_phone=&#8220;29%&#8220; width_last_edited=&#8220;on|phone&#8220; global_colors_info=&#8220;{}&#8220;][\/et_pb_image][\/et_pb_column][et_pb_column type=&#8220;1_5&#8243; _builder_version=&#8220;4.16&#8243; _module_preset=&#8220;default&#8220; global_colors_info=&#8220;{}&#8220;][et_pb_text _builder_version=&#8220;4.18.0&#8243; _module_preset=&#8220;default&#8220; text_font=&#8220;|300|||||||&#8220; text_text_color=&#8220;#FFFFFF&#8220; text_font_size=&#8220;15px&#8220; text_line_height=&#8220;1.8em&#8220; global_colors_info=&#8220;{}&#8220;]<\/p>\n<p><strong>SSV Taufers Fu\u00dfball<\/strong><br \/>Industriestrasse 21<br \/>39032 Sand in Taufers<br \/>info@taufers-fussball.com<\/p>\n<p>[\/et_pb_text][\/et_pb_column][et_pb_column type=&#8220;1_5&#8243; _builder_version=&#8220;4.16&#8243; _module_preset=&#8220;default&#8220; global_colors_info=&#8220;{}&#8220;][et_pb_text _builder_version=&#8220;4.18.0&#8243; _module_preset=&#8220;default&#8220; text_font=&#8220;|300|||||||&#8220; text_text_color=&#8220;#FFFFFF&#8220; text_font_size=&#8220;15px&#8220; text_line_height=&#8220;1.8em&#8220; global_colors_info=&#8220;{}&#8220;]<\/p>\n<p><strong>Sektionsleiter:<\/strong><br \/>Stefan Feichter<br \/>+39 335 133 6466<\/p>\n<p>[\/et_pb_text][\/et_pb_column][et_pb_column type=&#8220;1_5&#8243; _builder_version=&#8220;4.16&#8243; _module_preset=&#8220;default&#8220; custom_css_main_element=&#8220;margin: auto auto 0;&#8220; global_colors_info=&#8220;{}&#8220;][\/et_pb_column][et_pb_column type=&#8220;1_5&#8243; _builder_version=&#8220;4.16&#8243; _module_preset=&#8220;default&#8220; custom_css_main_element=&#8220;margin: auto auto 0;&#8220; global_colors_info=&#8220;{}&#8220;][\/et_pb_column][\/et_pb_row][et_pb_row column_structure=&#8220;1_5,1_5,1_5,1_5,1_5&#8243; use_custom_gutter=&#8220;on&#8220; gutter_width=&#8220;2&#8243; make_equal=&#8220;on&#8220; disabled_on=&#8220;on|on|off&#8220; _builder_version=&#8220;4.18.0&#8243; _module_preset=&#8220;default&#8220; width=&#8220;100%&#8220; custom_margin=&#8220;-70px||||false|false&#8220; custom_padding=&#8220;0px||||false|false&#8220; global_colors_info=&#8220;{}&#8220;][et_pb_column type=&#8220;1_5&#8243; _builder_version=&#8220;4.16&#8243; _module_preset=&#8220;default&#8220; global_colors_info=&#8220;{}&#8220;][\/et_pb_column][et_pb_column type=&#8220;1_5&#8243; _builder_version=&#8220;4.16&#8243; _module_preset=&#8220;default&#8220; global_colors_info=&#8220;{}&#8220;][et_pb_text _builder_version=&#8220;4.16&#8243; _module_preset=&#8220;default&#8220; text_font=&#8220;|300|||||||&#8220; text_text_color=&#8220;#FFFFFF&#8220; text_font_size=&#8220;15px&#8220; text_line_height=&#8220;1.8em&#8220; custom_margin=&#8220;30px||||false|false&#8220; global_colors_info=&#8220;{}&#8220;]<\/p>\n<p><strong>Verantwortliche erste Mannschaft:<\/strong><br \/>Thean Oberhollenzer<br \/>+39 340 924 5079<br \/>Simon Oberbichler<br \/>+39 346 238 2875<\/p>\n<p>[\/et_pb_text][\/et_pb_column][et_pb_column type=&#8220;1_5&#8243; _builder_version=&#8220;4.16&#8243; _module_preset=&#8220;default&#8220; global_colors_info=&#8220;{}&#8220;][et_pb_text _builder_version=&#8220;4.16&#8243; _module_preset=&#8220;default&#8220; text_font=&#8220;|300|||||||&#8220; text_text_color=&#8220;#FFFFFF&#8220; text_font_size=&#8220;15px&#8220; text_line_height=&#8220;1.8em&#8220; custom_margin=&#8220;30px||||false|false&#8220; global_colors_info=&#8220;{}&#8220;]<\/p>\n<p><strong>Verantwortlicher Abteilung Jugend:<\/strong><br \/>Petra Voppichler<br \/>+39 348 565 5237<br \/>Fabian Zimmerhofer<br \/>+39 349 140 2474<\/p>\n<p>[\/et_pb_text][\/et_pb_column][et_pb_column type=&#8220;1_5&#8243; _builder_version=&#8220;4.16&#8243; _module_preset=&#8220;default&#8220; global_colors_info=&#8220;{}&#8220;][et_pb_text _builder_version=&#8220;4.16&#8243; _module_preset=&#8220;default&#8220; text_font=&#8220;|300|||||||&#8220; text_text_color=&#8220;#FFFFFF&#8220; text_font_size=&#8220;15px&#8220; text_line_height=&#8220;1.8em&#8220; custom_margin=&#8220;30px||||false|false&#8220; global_colors_info=&#8220;{}&#8220;]<\/p>\n<p><strong>Verantwortlicher Sponsoren:<\/strong><br \/>Roland Kirchler<br \/>+39 348 714 7795<\/p>\n<p>[\/et_pb_text][\/et_pb_column][et_pb_column type=&#8220;1_5&#8243; _builder_version=&#8220;4.16&#8243; _module_preset=&#8220;default&#8220; global_colors_info=&#8220;{}&#8220;][et_pb_text _builder_version=&#8220;4.16&#8243; _module_preset=&#8220;default&#8220; text_font=&#8220;|300|||||||&#8220; text_text_color=&#8220;#FFFFFF&#8220; text_font_size=&#8220;15px&#8220; text_line_height=&#8220;1.8em&#8220; custom_margin=&#8220;30px||||false|false&#8220; global_colors_info=&#8220;{}&#8220;]<\/p>\n<p><strong>Verantwortlicher Reservierung Fu\u00dfballpl\u00e4tze:<\/strong><br \/>Werner Oberleiter<br \/>+39 348 70 38 767<\/p>\n<p>[\/et_pb_text][\/et_pb_column][\/et_pb_row][et_pb_row use_custom_gutter=&#8220;on&#8220; gutter_width=&#8220;2&#8243; make_equal=&#8220;on&#8220; disabled_on=&#8220;off|off|on&#8220; _builder_version=&#8220;4.18.0&#8243; _module_preset=&#8220;default&#8220; width=&#8220;90%&#8220; global_colors_info=&#8220;{}&#8220;][et_pb_column type=&#8220;4_4&#8243; _builder_version=&#8220;4.16&#8243; _module_preset=&#8220;default&#8220; global_colors_info=&#8220;{}&#8220;][et_pb_image src=&#8220;https:\/\/taufers-fussball.com\/wp-content\/uploads\/2025\/10\/Logo-512.png&#8220; title_text=&#8220;Logo 512&#8243; align=&#8220;center&#8220; _builder_version=&#8220;4.27.4&#8243; _module_preset=&#8220;default&#8220; width=&#8220;75%&#8220; width_tablet=&#8220;27%&#8220; width_phone=&#8220;33%&#8220; width_last_edited=&#8220;on|phone&#8220; global_colors_info=&#8220;{}&#8220;][\/et_pb_image][et_pb_text _builder_version=&#8220;4.18.0&#8243; _module_preset=&#8220;default&#8220; text_font=&#8220;|300|||||||&#8220; text_text_color=&#8220;#FFFFFF&#8220; text_font_size=&#8220;15px&#8220; text_line_height=&#8220;1.8em&#8220; global_colors_info=&#8220;{}&#8220;]<\/p>\n<p style=\"text-align: center;\"><span style=\"color: #ffffff;\"><strong>SSV Taufers Fu\u00dfball<\/strong><\/span><br \/><span style=\"color: #ffffff;\">Industriestrasse 21<\/span><br \/><span style=\"color: #ffffff;\">39032 Sand in Taufers<\/span><br \/><a href=\"mailto:info@taufers-fussball.com\"><span style=\"color: #ffffff;\">info@taufers-fussball.com<\/span><\/a><\/p>\n<p>[\/et_pb_text][et_pb_text _builder_version=&#8220;4.18.0&#8243; _module_preset=&#8220;default&#8220; text_font=&#8220;|300|||||||&#8220; text_text_color=&#8220;#FFFFFF&#8220; text_font_size=&#8220;15px&#8220; text_line_height=&#8220;1.8em&#8220; global_colors_info=&#8220;{}&#8220;]<\/p>\n<p style=\"text-align: center;\"><span style=\"color: #ffffff;\"><strong>Sektionsleiter:<\/strong><\/span><br \/><span style=\"color: #ffffff;\">Stefan Feichter<\/span><br \/><a href=\"tel:+39%20335 133 6466\"><span style=\"color: #ffffff;\">+39 335 133 6466<\/span><\/a><\/p>\n<p>[\/et_pb_text][et_pb_text _builder_version=&#8220;4.18.0&#8243; _module_preset=&#8220;default&#8220; text_font=&#8220;|300|||||||&#8220; text_text_color=&#8220;#FFFFFF&#8220; text_font_size=&#8220;15px&#8220; text_line_height=&#8220;1.8em&#8220; custom_margin=&#8220;30px||||false|false&#8220; global_colors_info=&#8220;{}&#8220;]<\/p>\n<p style=\"text-align: center;\"><span style=\"color: #ffffff;\"><strong>Verantwortliche erste Mannschaft:<\/strong><\/span><br \/><span style=\"color: #ffffff;\">Thean Oberhollenzer<\/span><br \/><a href=\"tel:+39%20340 924 5079\"><span style=\"color: #ffffff;\">+39 340 924 5079<\/span><\/a><br \/><span style=\"color: #ffffff;\">Simon Oberbichler<\/span><br \/><a href=\"tel:+39%20346 238 2875\"><span style=\"color: #ffffff;\">+39 346 238 2875<\/span><\/a><\/p>\n<p>[\/et_pb_text][et_pb_text _builder_version=&#8220;4.18.0&#8243; _module_preset=&#8220;default&#8220; text_font=&#8220;|300|||||||&#8220; text_text_color=&#8220;#FFFFFF&#8220; text_font_size=&#8220;15px&#8220; text_line_height=&#8220;1.8em&#8220; custom_margin=&#8220;30px||||false|false&#8220; global_colors_info=&#8220;{}&#8220;]<\/p>\n<p style=\"text-align: center;\"><span style=\"color: #ffffff;\"><strong>Verantwortliche Abteilung Jugend:<\/strong><\/span><br \/><span style=\"color: #ffffff;\">Petra Voppichler<\/span><br \/><a href=\"tel:+39%20348 565 5237\"><span style=\"color: #ffffff;\">+39 348 565 5237<\/span><\/a><br \/><span style=\"color: #ffffff;\">Fabian Zimmerhofer<\/span><br \/><a href=\"tel:+39%20349 140 2474\"><span style=\"color: #ffffff;\">+39 349 140 2474<\/span><\/a><\/p>\n<p>[\/et_pb_text][et_pb_text _builder_version=&#8220;4.27.4&#8243; _module_preset=&#8220;default&#8220; text_font=&#8220;|300|||||||&#8220; text_text_color=&#8220;#FFFFFF&#8220; text_font_size=&#8220;15px&#8220; text_line_height=&#8220;1.8em&#8220; custom_margin=&#8220;30px||||false|false&#8220; global_colors_info=&#8220;{}&#8220;]<\/p>\n<p style=\"text-align: center;\"><span style=\"color: #ffffff;\"><strong>Verantwortlicher Sponsoren:<\/strong><\/span><br \/>\n<span style=\"color: #ffffff;\">Roland Kirchler<\/span><br \/>\n<a href=\"tel:+39%20348 556 1272\"><span style=\"color: #ffffff;\">+39 348 556 1272<\/span><\/a><\/p>\n<p>[\/et_pb_text][et_pb_text _builder_version=&#8220;4.18.0&#8243; _module_preset=&#8220;default&#8220; text_font=&#8220;|300|||||||&#8220; text_text_color=&#8220;#FFFFFF&#8220; text_font_size=&#8220;15px&#8220; text_line_height=&#8220;1.8em&#8220; custom_margin=&#8220;30px||||false|false&#8220; global_colors_info=&#8220;{}&#8220;]<\/p>\n<p style=\"text-align: center;\"><span style=\"color: #ffffff;\"><strong>Verantwortlicher Reservierung Fu\u00dfballpl\u00e4tze:<\/strong><\/span><br \/><span style=\"color: #ffffff;\">Werner Oberleiter<\/span><br \/><a href=\"tel:+39%20348 70 38 767\"><span style=\"color: #ffffff;\">+39 348 70 38 767<\/span><\/a><\/p>\n<p>[\/et_pb_text][\/et_pb_column][\/et_pb_row][\/et_pb_section]<\/p>\n","protected":false},"excerpt":{"rendered":"<p>Der Verein sieht sich in der Philosophie des SSV Taufers Fu\u00dfball durch die Erfolge und R\u00fcckmeldungen best\u00e4tigt, denn er hat sich zum Ziel gesetzt, in Zeiten der zunehmenden Digitalisierung, den Kindern \u00fcber den Fu\u00dfball nicht nur Spa\u00df am Spiel und der k\u00f6rperlichen Bet\u00e4tigung zu vermitteln, sondern auch die F\u00f6rderung der k\u00f6rperlichen, geistigen und sozialen Entwicklung [&hellip;]<\/p>\n","protected":false},"author":1,"featured_media":0,"parent":0,"menu_order":40,"comment_status":"closed","ping_status":"closed","template":"","meta":{"_et_pb_use_builder":"on","_et_pb_old_content":"","_et_gb_content_width":"","footnotes":""},"class_list":["post-580","page","type-page","status-publish","hentry"],"_links":{"self":[{"href":"https:\/\/taufers-fussball.com\/index.php\/wp-json\/wp\/v2\/pages\/580","targetHints":{"allow":["GET"]}}],"collection":[{"href":"https:\/\/taufers-fussball.com\/index.php\/wp-json\/wp\/v2\/pages"}],"about":[{"href":"https:\/\/taufers-fussball.com\/index.php\/wp-json\/wp\/v2\/types\/page"}],"author":[{"embeddable":true,"href":"https:\/\/taufers-fussball.com\/index.php\/wp-json\/wp\/v2\/users\/1"}],"replies":[{"embeddable":true,"href":"https:\/\/taufers-fussball.com\/index.php\/wp-json\/wp\/v2\/comments?post=580"}],"version-history":[{"count":17,"href":"https:\/\/taufers-fussball.com\/index.php\/wp-json\/wp\/v2\/pages\/580\/revisions"}],"predecessor-version":[{"id":2509,"href":"https:\/\/taufers-fussball.com\/index.php\/wp-json\/wp\/v2\/pages\/580\/revisions\/2509"}],"wp:attachment":[{"href":"https:\/\/taufers-fussball.com\/index.php\/wp-json\/wp\/v2\/media?parent=580"}],"curies":[{"name":"wp","href":"https:\/\/api.w.org\/{rel}","templated":true}]}}